{"id":1765,"date":"2026-03-23T13:22:40","date_gmt":"2026-03-23T12:22:40","guid":{"rendered":"https:\/\/tsiula.com\/pintura-a-la-calc-mallorca\/"},"modified":"2026-04-17T09:37:11","modified_gmt":"2026-04-17T07:37:11","slug":"pintura-a-la-calc-mallorca","status":"publish","type":"page","link":"https:\/\/tsiula.com\/ca\/pintura-a-la-calc-mallorca\/","title":{"rendered":"Pintura a la cal\u00e7 Mallorca"},"content":{"rendered":"\t\t<div data-elementor-type=\"wp-page\" data-elementor-id=\"1765\" class=\"elementor elementor-1765 elementor-1557\" data-elementor-post-type=\"page\">\n\t\t\t\t<div class=\"elementor-element elementor-element-4fe1f27 e-flex e-con-boxed e-con e-parent\" data-id=\"4fe1f27\" data-element_type=\"container\" data-e-type=\"container\" data-settings=\"{&quot;background_background&quot;:&quot;classic&quot;}\">\n\t\t\t\t\t<div class=\"e-con-inner\">\n\t\t<div class=\"elementor-element elementor-element-f1eec86 e-con-full e-flex e-con e-child\" data-id=\"f1eec86\" data-element_type=\"container\" data-e-type=\"container\">\n\t\t\t\t<div class=\"elementor-element elementor-element-69da921 elementor-widget elementor-widget-heading\" data-id=\"69da921\" data-element_type=\"widget\" data-e-type=\"widget\" data-widget_type=\"heading.default\">\n\t\t\t\t\t<h2 class=\"elementor-heading-title elementor-size-default\">Especialistes en pintura a la cal\u00e7 a Mallorca<\/h2>\t\t\t\t<\/div>\n\t\t\t\t<div class=\"elementor-element elementor-element-2ee5f84 elementor-widget elementor-widget-text-editor\" data-id=\"2ee5f84\" data-element_type=\"widget\" data-e-type=\"widget\" data-widget_type=\"text-editor.default\">\n\t\t\t\t\t\t\t\t\t<p>A <strong>Pintures Tsiula<\/strong> treballem la pintura a la cal\u00e7 a Mallorca com a t\u00e8cnica tradicional adaptada a habitatges d&#8217;alt nivell, finques reformades i projectes d&#8217;arquitectura cuidada. La cal\u00e7 no \u00e9s nom\u00e9s una opci\u00f3 ecol\u00f2gica: \u00e9s un material mineral amb car\u00e0cter, textura i profunditat, especialment valorat en propietats de Santany\u00ed, Cas Concos, Ses Salines o Cala d&#8217;Or. <\/p><p>La pintura a la cal\u00e7 ofereix transpirabilitat, regulaci\u00f3 natural de la humitat i una aut\u00e8ntica est\u00e8tica que encaixa perfectament en finques mediterr\u00e0nies i habitatges d&#8217;estil tradicional o contemporani d&#8217;alta gamma.<\/p><p>Tot i que tamb\u00e9 treballem amb sistemes de pintura ecol\u00f2gica a Mallorca, la cal\u00e7 representa una soluci\u00f3 m\u00e9s artesanal i exclusiva per als que busquen acabats naturals amb personalitat.<\/p>\t\t\t\t\t\t\t\t<\/div>\n\t\t\t\t<\/div>\n\t\t<div class=\"elementor-element elementor-element-02365e7 e-con-full e-flex e-con e-child\" data-id=\"02365e7\" data-element_type=\"container\" data-e-type=\"container\">\n\t\t\t\t<div class=\"elementor-element elementor-element-7e7fde9 elementor-invisible elementor-widget elementor-widget-image\" data-id=\"7e7fde9\" data-element_type=\"widget\" data-e-type=\"widget\" data-settings=\"{&quot;_animation&quot;:&quot;fadeIn&quot;}\" data-widget_type=\"image.default\">\n\t\t\t\t\t\t\t\t\t\t\t\t\t\t\t<img fetchpriority=\"high\" decoding=\"async\" width=\"1280\" height=\"1920\" src=\"https:\/\/tsiula.fra1.digitaloceanspaces.com\/wp-content\/uploads\/2026\/04\/Pintura-a-la-cal-2.webp\" class=\"attachment-full size-full wp-image-1760\" alt=\"Pintura a la cal Mallorca\" srcset=\"https:\/\/tsiula.fra1.digitaloceanspaces.com\/wp-content\/uploads\/2026\/04\/Pintura-a-la-cal-2.webp 1280w, https:\/\/tsiula.fra1.digitaloceanspaces.com\/wp-content\/uploads\/2026\/04\/Pintura-a-la-cal-2-200x300.webp 200w, https:\/\/tsiula.fra1.digitaloceanspaces.com\/wp-content\/uploads\/2026\/04\/Pintura-a-la-cal-2-683x1024.webp 683w, https:\/\/tsiula.fra1.digitaloceanspaces.com\/wp-content\/uploads\/2026\/04\/Pintura-a-la-cal-2-768x1152.webp 768w, https:\/\/tsiula.fra1.digitaloceanspaces.com\/wp-content\/uploads\/2026\/04\/Pintura-a-la-cal-2-1024x1536.webp 1024w\" sizes=\"(max-width: 1280px) 100vw, 1280px\" \/>\t\t\t\t\t\t\t\t\t\t\t\t\t\t\t<\/div>\n\t\t\t\t<\/div>\n\t\t\t\t\t<\/div>\n\t\t\t\t<\/div>\n\t\t<div class=\"elementor-element elementor-element-d0993f8 e-flex e-con-boxed e-con e-parent\" data-id=\"d0993f8\" data-element_type=\"container\" data-e-type=\"container\" data-settings=\"{&quot;background_background&quot;:&quot;classic&quot;}\">\n\t\t\t\t\t<div class=\"e-con-inner\">\n\t\t<div class=\"elementor-element elementor-element-f476f2f e-con-full e-flex e-con e-child\" data-id=\"f476f2f\" data-element_type=\"container\" data-e-type=\"container\">\n\t\t\t\t<div class=\"elementor-element elementor-element-23484c3 elementor-invisible elementor-widget elementor-widget-image\" data-id=\"23484c3\" data-element_type=\"widget\" data-e-type=\"widget\" data-settings=\"{&quot;_animation&quot;:&quot;fadeIn&quot;}\" data-widget_type=\"image.default\">\n\t\t\t\t\t\t\t\t\t\t\t\t\t\t\t<img decoding=\"async\" width=\"1920\" height=\"1280\" src=\"https:\/\/tsiula.fra1.digitaloceanspaces.com\/wp-content\/uploads\/2026\/04\/Pintura-a-la-cal-3.webp\" class=\"attachment-full size-full wp-image-1756\" alt=\"Pintura a la cal Mallorca\" srcset=\"https:\/\/tsiula.fra1.digitaloceanspaces.com\/wp-content\/uploads\/2026\/04\/Pintura-a-la-cal-3.webp 1920w, https:\/\/tsiula.fra1.digitaloceanspaces.com\/wp-content\/uploads\/2026\/04\/Pintura-a-la-cal-3-300x200.webp 300w, https:\/\/tsiula.fra1.digitaloceanspaces.com\/wp-content\/uploads\/2026\/04\/Pintura-a-la-cal-3-1024x683.webp 1024w, https:\/\/tsiula.fra1.digitaloceanspaces.com\/wp-content\/uploads\/2026\/04\/Pintura-a-la-cal-3-768x512.webp 768w, https:\/\/tsiula.fra1.digitaloceanspaces.com\/wp-content\/uploads\/2026\/04\/Pintura-a-la-cal-3-1536x1024.webp 1536w\" sizes=\"(max-width: 1920px) 100vw, 1920px\" \/>\t\t\t\t\t\t\t\t\t\t\t\t\t\t\t<\/div>\n\t\t\t\t<\/div>\n\t\t<div class=\"elementor-element elementor-element-760652e e-con-full e-flex e-con e-child\" data-id=\"760652e\" data-element_type=\"container\" data-e-type=\"container\">\n\t\t\t\t<div class=\"elementor-element elementor-element-b92b416 elementor-widget elementor-widget-heading\" data-id=\"b92b416\" data-element_type=\"widget\" data-e-type=\"widget\" data-widget_type=\"heading.default\">\n\t\t\t\t\t<h2 class=\"elementor-heading-title elementor-size-default\">Com treballem la pintura a la cal\u00e7 a Mallorca?<\/h2>\t\t\t\t<\/div>\n\t\t\t\t<div class=\"elementor-element elementor-element-3498342 elementor-widget elementor-widget-text-editor\" data-id=\"3498342\" data-element_type=\"widget\" data-e-type=\"widget\" data-widget_type=\"text-editor.default\">\n\t\t\t\t\t\t\t\t\t<p>L&#8217;aplicaci\u00f3 de pintura a la cal\u00e7 a Mallorca requereix un enfocament t\u00e8cnic rigor\u00f3s i un coneixement profund del comportament dels materials minerals. No nom\u00e9s es tracta d&#8217;aplicar un producte, sin\u00f3 d&#8217;entendre com interactua la cal\u00e7 amb el suport i com evoluciona amb el temps. <\/p><p>A <strong>Pintures Tsiula<\/strong>, abans d&#8217;intervenir-hi, avaluem el tipus de construcci\u00f3, l&#8217;antiguitat del revestiment i les condicions ambientals a qu\u00e8 estar\u00e0 exposat. La cal\u00e7 exigeix \u200b\u200btemps, equilibri i una execuci\u00f3 precisa perqu\u00e8 l&#8217;acabat conservi el car\u00e0cter natural i l&#8217;estabilitat. <\/p><p>La nostra feina es basa a intervenir amb criteri, evitant solucions est\u00e0ndard i prioritzant sempre la coher\u00e8ncia amb l&#8217;arquitectura de l&#8217;immoble.<\/p>\t\t\t\t\t\t\t\t<\/div>\n\t\t\t\t<\/div>\n\t\t\t\t\t<\/div>\n\t\t\t\t<\/div>\n\t\t<div class=\"elementor-element elementor-element-7199680 e-flex e-con-boxed e-con e-parent\" data-id=\"7199680\" data-element_type=\"container\" data-e-type=\"container\">\n\t\t\t\t\t<div class=\"e-con-inner\">\n\t\t\t\t<div class=\"elementor-element elementor-element-742dba3 elementor-widget elementor-widget-heading\" data-id=\"742dba3\" data-element_type=\"widget\" data-e-type=\"widget\" data-widget_type=\"heading.default\">\n\t\t\t\t\t<h2 class=\"elementor-heading-title elementor-size-default\">Qu\u00e8 inclou el nostre servei?<\/h2>\t\t\t\t<\/div>\n\t\t\t\t<div class=\"elementor-element elementor-element-2957439 elementor-widget__width-initial elementor-widget elementor-widget-text-editor\" data-id=\"2957439\" data-element_type=\"widget\" data-e-type=\"widget\" data-widget_type=\"text-editor.default\">\n\t\t\t\t\t\t\t\t\t<p>Abans de comen\u00e7ar, definim cada fase de la feina perqu\u00e8 tinguis clar qu\u00e8 farem i per qu\u00e8.<\/p>\t\t\t\t\t\t\t\t<\/div>\n\t\t<div class=\"elementor-element elementor-element-15a9573 e-con-full e-flex e-con e-child\" data-id=\"15a9573\" data-element_type=\"container\" data-e-type=\"container\">\n\t\t\t\t<div class=\"elementor-element elementor-element-9a5f775 elementor-widget elementor-widget-button\" data-id=\"9a5f775\" data-element_type=\"widget\" data-e-type=\"widget\" data-widget_type=\"button.default\">\n\t\t\t\t\t\t\t\t\t\t<a class=\"elementor-button elementor-button-link elementor-size-sm\" href=\"#\">\n\t\t\t\t\t\t<span class=\"elementor-button-content-wrapper\">\n\t\t\t\t\t\t\t\t\t<span class=\"elementor-button-text\">Assessorament t\u00e8cnic sobre pintura a la cal\u00e7<\/span>\n\t\t\t\t\t<\/span>\n\t\t\t\t\t<\/a>\n\t\t\t\t\t\t\t\t<\/div>\n\t\t\t\t<div class=\"elementor-element elementor-element-57c2f99 elementor-widget elementor-widget-button\" data-id=\"57c2f99\" data-element_type=\"widget\" data-e-type=\"widget\" data-widget_type=\"button.default\">\n\t\t\t\t\t\t\t\t\t\t<a class=\"elementor-button elementor-button-link elementor-size-sm\" href=\"#\">\n\t\t\t\t\t\t<span class=\"elementor-button-content-wrapper\">\n\t\t\t\t\t\t\t\t\t<span class=\"elementor-button-text\">Preparaci\u00f3 espec\u00edfica de suports minerals<\/span>\n\t\t\t\t\t<\/span>\n\t\t\t\t\t<\/a>\n\t\t\t\t\t\t\t\t<\/div>\n\t\t\t\t<div class=\"elementor-element elementor-element-4238e6f elementor-widget elementor-widget-button\" data-id=\"4238e6f\" data-element_type=\"widget\" data-e-type=\"widget\" data-widget_type=\"button.default\">\n\t\t\t\t\t\t\t\t\t\t<a class=\"elementor-button elementor-button-link elementor-size-sm\" href=\"#\">\n\t\t\t\t\t\t<span class=\"elementor-button-content-wrapper\">\n\t\t\t\t\t\t\t\t\t<span class=\"elementor-button-text\">Aplicaci\u00f3 artesanal per capes<\/span>\n\t\t\t\t\t<\/span>\n\t\t\t\t\t<\/a>\n\t\t\t\t\t\t\t\t<\/div>\n\t\t\t\t<div class=\"elementor-element elementor-element-116beea elementor-widget elementor-widget-button\" data-id=\"116beea\" data-element_type=\"widget\" data-e-type=\"widget\" data-widget_type=\"button.default\">\n\t\t\t\t\t\t\t\t\t\t<a class=\"elementor-button elementor-button-link elementor-size-sm\" href=\"#\">\n\t\t\t\t\t\t<span class=\"elementor-button-content-wrapper\">\n\t\t\t\t\t\t\t\t\t<span class=\"elementor-button-text\">Protecci\u00f3 i segellat quan cal<\/span>\n\t\t\t\t\t<\/span>\n\t\t\t\t\t<\/a>\n\t\t\t\t\t\t\t\t<\/div>\n\t\t\t\t<div class=\"elementor-element elementor-element-7ed08c5 elementor-widget elementor-widget-button\" data-id=\"7ed08c5\" data-element_type=\"widget\" data-e-type=\"widget\" data-widget_type=\"button.default\">\n\t\t\t\t\t\t\t\t\t\t<a class=\"elementor-button elementor-button-link elementor-size-sm\" href=\"#\">\n\t\t\t\t\t\t<span class=\"elementor-button-content-wrapper\">\n\t\t\t\t\t\t\t\t\t<span class=\"elementor-button-text\">Acabat final net i cura<\/span>\n\t\t\t\t\t<\/span>\n\t\t\t\t\t<\/a>\n\t\t\t\t\t\t\t\t<\/div>\n\t\t\t\t<\/div>\n\t\t\t\t<div class=\"elementor-element elementor-element-07571ec elementor-widget__width-initial elementor-widget elementor-widget-text-editor\" data-id=\"07571ec\" data-element_type=\"widget\" data-e-type=\"widget\" data-widget_type=\"text-editor.default\">\n\t\t\t\t\t\t\t\t\t<p>Aquest m\u00e8tode ens permet oferir un servei de pintura a la cal\u00e7 a Mallorca que mantingui la seva textura, resist\u00e8ncia i comportament natural a llarg termini.<\/p>\t\t\t\t\t\t\t\t<\/div>\n\t\t\t\t\t<\/div>\n\t\t\t\t<\/div>\n\t\t<div class=\"elementor-element elementor-element-c999749 e-flex e-con-boxed e-con e-parent\" data-id=\"c999749\" data-element_type=\"container\" data-e-type=\"container\" data-settings=\"{&quot;background_background&quot;:&quot;classic&quot;}\">\n\t\t\t\t\t<div class=\"e-con-inner\">\n\t\t<div class=\"elementor-element elementor-element-4056c4e e-con-full e-flex e-con e-child\" data-id=\"4056c4e\" data-element_type=\"container\" data-e-type=\"container\">\n\t\t\t\t<div class=\"elementor-element elementor-element-2d144f9 elementor-widget elementor-widget-heading\" data-id=\"2d144f9\" data-element_type=\"widget\" data-e-type=\"widget\" data-widget_type=\"heading.default\">\n\t\t\t\t\t<h2 class=\"elementor-heading-title elementor-size-default\">Avantatges de la pintura a la cal\u00e7 davant d'altres sistemes<\/h2>\t\t\t\t<\/div>\n\t\t\t\t<div class=\"elementor-element elementor-element-0ea352c elementor-widget elementor-widget-text-editor\" data-id=\"0ea352c\" data-element_type=\"widget\" data-e-type=\"widget\" data-widget_type=\"text-editor.default\">\n\t\t\t\t\t\t\t\t\t<p>La pintura a la cal\u00e7 no \u00e9s nom\u00e9s ecol\u00f2gica. \u00c9s un material noble amb avantatges t\u00e8cnics clars: <\/p>\t\t\t\t\t\t\t\t<\/div>\n\t\t<div class=\"elementor-element elementor-element-2fe7eaa e-con-full e-flex e-con e-child\" data-id=\"2fe7eaa\" data-element_type=\"container\" data-e-type=\"container\">\n\t\t\t\t<div class=\"elementor-element elementor-element-24ad28b elementor-widget elementor-widget-button\" data-id=\"24ad28b\" data-element_type=\"widget\" data-e-type=\"widget\" data-widget_type=\"button.default\">\n\t\t\t\t\t\t\t\t\t\t<a class=\"elementor-button elementor-button-link elementor-size-sm\" href=\"#\">\n\t\t\t\t\t\t<span class=\"elementor-button-content-wrapper\">\n\t\t\t\t\t\t\t\t\t<span class=\"elementor-button-text\">Alta transpirabilitat<\/span>\n\t\t\t\t\t<\/span>\n\t\t\t\t\t<\/a>\n\t\t\t\t\t\t\t\t<\/div>\n\t\t\t\t<div class=\"elementor-element elementor-element-19a08ed elementor-widget elementor-widget-button\" data-id=\"19a08ed\" data-element_type=\"widget\" data-e-type=\"widget\" data-widget_type=\"button.default\">\n\t\t\t\t\t\t\t\t\t\t<a class=\"elementor-button elementor-button-link elementor-size-sm\" href=\"#\">\n\t\t\t\t\t\t<span class=\"elementor-button-content-wrapper\">\n\t\t\t\t\t\t\t\t\t<span class=\"elementor-button-text\">Regulaci\u00f3 natural d\u00b4humitat<\/span>\n\t\t\t\t\t<\/span>\n\t\t\t\t\t<\/a>\n\t\t\t\t\t\t\t\t<\/div>\n\t\t\t\t<div class=\"elementor-element elementor-element-1541e63 elementor-widget elementor-widget-button\" data-id=\"1541e63\" data-element_type=\"widget\" data-e-type=\"widget\" data-widget_type=\"button.default\">\n\t\t\t\t\t\t\t\t\t\t<a class=\"elementor-button elementor-button-link elementor-size-sm\" href=\"#\">\n\t\t\t\t\t\t<span class=\"elementor-button-content-wrapper\">\n\t\t\t\t\t\t\t\t\t<span class=\"elementor-button-text\">Acabat mineral profund<\/span>\n\t\t\t\t\t<\/span>\n\t\t\t\t\t<\/a>\n\t\t\t\t\t\t\t\t<\/div>\n\t\t\t\t<div class=\"elementor-element elementor-element-ffcd719 elementor-widget elementor-widget-button\" data-id=\"ffcd719\" data-element_type=\"widget\" data-e-type=\"widget\" data-widget_type=\"button.default\">\n\t\t\t\t\t\t\t\t\t\t<a class=\"elementor-button elementor-button-link elementor-size-sm\" href=\"#\">\n\t\t\t\t\t\t<span class=\"elementor-button-content-wrapper\">\n\t\t\t\t\t\t\t\t\t<span class=\"elementor-button-text\">Antibacteriana natural<\/span>\n\t\t\t\t\t<\/span>\n\t\t\t\t\t<\/a>\n\t\t\t\t\t\t\t\t<\/div>\n\t\t\t\t<div class=\"elementor-element elementor-element-e5b30c0 elementor-widget elementor-widget-button\" data-id=\"e5b30c0\" data-element_type=\"widget\" data-e-type=\"widget\" data-widget_type=\"button.default\">\n\t\t\t\t\t\t\t\t\t\t<a class=\"elementor-button elementor-button-link elementor-size-sm\" href=\"#\">\n\t\t\t\t\t\t<span class=\"elementor-button-content-wrapper\">\n\t\t\t\t\t\t\t\t\t<span class=\"elementor-button-text\">Integraci\u00f3 perfecta en arquitectura mediterr\u00e0nia<\/span>\n\t\t\t\t\t<\/span>\n\t\t\t\t\t<\/a>\n\t\t\t\t\t\t\t\t<\/div>\n\t\t\t\t<div class=\"elementor-element elementor-element-b85a18c elementor-widget elementor-widget-button\" data-id=\"b85a18c\" data-element_type=\"widget\" data-e-type=\"widget\" data-widget_type=\"button.default\">\n\t\t\t\t\t\t\t\t\t\t<a class=\"elementor-button elementor-button-link elementor-size-sm\" href=\"#\">\n\t\t\t\t\t\t<span class=\"elementor-button-content-wrapper\">\n\t\t\t\t\t\t\t\t\t<span class=\"elementor-button-text\">Durabilitat sense efecte pl\u00e0stic<\/span>\n\t\t\t\t\t<\/span>\n\t\t\t\t\t<\/a>\n\t\t\t\t\t\t\t\t<\/div>\n\t\t\t\t<\/div>\n\t\t\t\t<div class=\"elementor-element elementor-element-90e85cd elementor-widget elementor-widget-text-editor\" data-id=\"90e85cd\" data-element_type=\"widget\" data-e-type=\"widget\" data-widget_type=\"text-editor.default\">\n\t\t\t\t\t\t\t\t\t<p>Davant d&#8217;altres opcions de pintura ecol\u00f2gica a Mallorca, la cal\u00e7 ofereix una soluci\u00f3 m\u00e9s aut\u00e8ntica i coherent a habitatges d&#8217;alt nivell.<\/p>\t\t\t\t\t\t\t\t<\/div>\n\t\t\t\t<\/div>\n\t\t\t\t\t<\/div>\n\t\t\t\t<\/div>\n\t\t<div class=\"elementor-element elementor-element-3598a6f e-flex e-con-boxed e-con e-parent\" data-id=\"3598a6f\" data-element_type=\"container\" data-e-type=\"container\" data-settings=\"{&quot;background_background&quot;:&quot;classic&quot;}\">\n\t\t\t\t\t<div class=\"e-con-inner\">\n\t\t<div class=\"elementor-element elementor-element-a71a113 e-con-full e-flex e-con e-child\" data-id=\"a71a113\" data-element_type=\"container\" data-e-type=\"container\">\n\t\t\t\t<div class=\"elementor-element elementor-element-94d9c83 elementor-widget elementor-widget-heading\" data-id=\"94d9c83\" data-element_type=\"widget\" data-e-type=\"widget\" data-widget_type=\"heading.default\">\n\t\t\t\t\t<h2 class=\"elementor-heading-title elementor-size-default\">Quan \u00e9s recomanable la pintura a la cal\u00e7 a Mallorca?<\/h2>\t\t\t\t<\/div>\n\t\t\t\t<div class=\"elementor-element elementor-element-00b76b8 elementor-widget elementor-widget-text-editor\" data-id=\"00b76b8\" data-element_type=\"widget\" data-e-type=\"widget\" data-widget_type=\"text-editor.default\">\n\t\t\t\t\t\t\t\t\t<p>La pintura a la cal\u00e7 a Mallorca \u00e9s especialment adequada en projectes on es busca coher\u00e8ncia arquitect\u00f2nica, transpirabilitat i un acabat mineral aut\u00e8ntic. \u00c9s una soluci\u00f3 molt valorada en la restauraci\u00f3 de finques tradicionals, habitatges amb murs antics o propietats constru\u00efdes amb materials naturals com a pedra o morter de cal\u00e7. <\/p><p>Al sud-est de Mallorca (en entorns com Santany\u00ed, Cas Concos, Ses Salines o la zona costanera de Cala d\u2019Or i Col\u00f2nia de Sant Jordi) aquest tipus d\u00b4acabat encaixa especialment b\u00e9 tant per les condicions clim\u00e0tiques com per l\u00b4estil constructiu predominant. La cal\u00e7 permet que els murs respirin, regula la humitat i mant\u00e9 l&#8217;est\u00e8tica mediterr\u00e0nia sense rec\u00f3rrer a solucions sint\u00e8tiques. <\/p><p>M\u00e9s que una tend\u00e8ncia, \u00e9s una elecci\u00f3 t\u00e8cnica i est\u00e8tica alineada amb projectes on el detall i l&#8217;autenticitat s\u00f3n prioritaris.<\/p>\t\t\t\t\t\t\t\t<\/div>\n\t\t\t\t<\/div>\n\t\t\t\t\t<\/div>\n\t\t\t\t<\/div>\n\t\t<div class=\"elementor-element elementor-element-a610a13 e-flex e-con-boxed e-con e-parent\" data-id=\"a610a13\" data-element_type=\"container\" data-e-type=\"container\" data-settings=\"{&quot;background_background&quot;:&quot;classic&quot;}\">\n\t\t\t\t\t<div class=\"e-con-inner\">\n\t\t<div class=\"elementor-element elementor-element-075190f e-con-full e-flex e-con e-child\" data-id=\"075190f\" data-element_type=\"container\" data-e-type=\"container\">\n\t\t\t\t<div class=\"elementor-element elementor-element-742bed3 elementor-widget elementor-widget-heading\" data-id=\"742bed3\" data-element_type=\"widget\" data-e-type=\"widget\" data-widget_type=\"heading.default\">\n\t\t\t\t\t<h2 class=\"elementor-heading-title elementor-size-default\">Una aplicaci\u00f3 artesanal per a habitatges exclusius<\/h2>\t\t\t\t<\/div>\n\t\t\t\t<div class=\"elementor-element elementor-element-b1c8cf5 elementor-widget elementor-widget-text-editor\" data-id=\"b1c8cf5\" data-element_type=\"widget\" data-e-type=\"widget\" data-widget_type=\"text-editor.default\">\n\t\t\t\t\t\t\t\t\t<p>Els nostres clients no busquen pintar r\u00e0pid. Busquen coher\u00e8ncia est\u00e8tica, t\u00e8cnica i respecte per la vivenda. <\/p><p>Cada aplicaci\u00f3 de pintura a la cal\u00e7 a Mallorca es realitza amb planificaci\u00f3, control del proc\u00e9s i atenci\u00f3 al detall, entenent que lacabat forma part del valor arquitect\u00f2nic de limmoble. La difer\u00e8ncia no \u00e9s nom\u00e9s en el material, sin\u00f3 en com es treballa. <\/p>\t\t\t\t\t\t\t\t<\/div>\n\t\t\t\t<\/div>\n\t\t\t\t\t<\/div>\n\t\t\t\t<\/div>\n\t\t<div class=\"elementor-element elementor-element-d3c1799 e-flex e-con-boxed e-con e-parent\" data-id=\"d3c1799\" data-element_type=\"container\" data-e-type=\"container\">\n\t\t\t\t\t<div class=\"e-con-inner\">\n\t\t\t\t<div class=\"elementor-element elementor-element-0e383b9 elementor-widget elementor-widget-heading\" data-id=\"0e383b9\" data-element_type=\"widget\" data-e-type=\"widget\" data-widget_type=\"heading.default\">\n\t\t\t\t\t<h2 class=\"elementor-heading-title elementor-size-default\">Preguntes freq\u00fcents sobre la pintura a la cal\u00e7 Mallorca<\/h2>\t\t\t\t<\/div>\n\t\t\t\t<div class=\"elementor-element elementor-element-5a2f583 elementor-widget elementor-widget-n-accordion\" data-id=\"5a2f583\" data-element_type=\"widget\" data-e-type=\"widget\" data-settings=\"{&quot;default_state&quot;:&quot;all_collapsed&quot;,&quot;max_items_expended&quot;:&quot;one&quot;,&quot;n_accordion_animation_duration&quot;:{&quot;unit&quot;:&quot;ms&quot;,&quot;size&quot;:400,&quot;sizes&quot;:[]}}\" data-widget_type=\"nested-accordion.default\">\n\t\t\t\t\t\t\t<div class=\"e-n-accordion\" aria-label=\"Accordion. Open links with Enter or Space, close with Escape, and navigate with Arrow Keys\">\n\t\t\t\t\t\t<details id=\"e-n-accordion-item-9450\" class=\"e-n-accordion-item\" >\n\t\t\t\t<summary class=\"e-n-accordion-item-title\" data-accordion-index=\"1\" tabindex=\"0\" aria-expanded=\"false\" aria-controls=\"e-n-accordion-item-9450\" >\n\t\t\t\t\t<span class='e-n-accordion-item-title-header'><h3 class=\"e-n-accordion-item-title-text\"> La pintura a la cal\u00e7 \u00e9s adequada per al clima de Mallorca? <\/h3><\/span>\n\t\t\t\t\t\t\t<span class='e-n-accordion-item-title-icon'>\n\t\t\t<span class='e-opened' ><svg aria-hidden=\"true\" class=\"e-font-icon-svg e-fas-angle-down\" viewBox=\"0 0 320 512\" xmlns=\"http:\/\/www.w3.org\/2000\/svg\"><path d=\"M143 352.3L7 216.3c-9.4-9.4-9.4-24.6 0-33.9l22.6-22.6c9.4-9.4 24.6-9.4 33.9 0l96.4 96.4 96.4-96.4c9.4-9.4 24.6-9.4 33.9 0l22.6 22.6c9.4 9.4 9.4 24.6 0 33.9l-136 136c-9.2 9.4-24.4 9.4-33.8 0z\"><\/path><\/svg><\/span>\n\t\t\t<span class='e-closed'><svg aria-hidden=\"true\" class=\"e-font-icon-svg e-fas-angle-right\" viewBox=\"0 0 256 512\" xmlns=\"http:\/\/www.w3.org\/2000\/svg\"><path d=\"M224.3 273l-136 136c-9.4 9.4-24.6 9.4-33.9 0l-22.6-22.6c-9.4-9.4-9.4-24.6 0-33.9l96.4-96.4-96.4-96.4c-9.4-9.4-9.4-24.6 0-33.9L54.3 103c9.4-9.4 24.6-9.4 33.9 0l136 136c9.5 9.4 9.5 24.6.1 34z\"><\/path><\/svg><\/span>\n\t\t<\/span>\n\n\t\t\t\t\t\t<\/summary>\n\t\t\t\t<div role=\"region\" aria-labelledby=\"e-n-accordion-item-9450\" class=\"elementor-element elementor-element-8fa5af8 e-con-full e-flex e-con e-child\" data-id=\"8fa5af8\" data-element_type=\"container\" data-e-type=\"container\">\n\t\t\t\t<div class=\"elementor-element elementor-element-1660a44 elementor-widget elementor-widget-text-editor\" data-id=\"1660a44\" data-element_type=\"widget\" data-e-type=\"widget\" data-widget_type=\"text-editor.default\">\n\t\t\t\t\t\t\t\t\t<p>S\u00ed, sempre que s&#8217;apliqui correctament i sobre suports compatibles. La pintura a la cal\u00e7 a Mallorca funciona especialment b\u00e9 en climes amb humitat variable i alta exposici\u00f3 solar, ja que permet que el mur transpiri i evita acumulacions internes dhumitat. A zones del sud-est de Mallorca, on l&#8217;arquitectura tradicional i els materials minerals s\u00f3n habituals, la cal\u00e7 mant\u00e9 el comportament t\u00e8cnic i l&#8217;estabilitat est\u00e8tica amb el pas del temps.  <\/p>\t\t\t\t\t\t\t\t<\/div>\n\t\t\t\t<\/div>\n\t\t\t\t\t<\/details>\n\t\t\t\t\t\t<details id=\"e-n-accordion-item-9451\" class=\"e-n-accordion-item\" >\n\t\t\t\t<summary class=\"e-n-accordion-item-title\" data-accordion-index=\"2\" tabindex=\"-1\" aria-expanded=\"false\" aria-controls=\"e-n-accordion-item-9451\" >\n\t\t\t\t\t<span class='e-n-accordion-item-title-header'><h3 class=\"e-n-accordion-item-title-text\"> Quina difer\u00e8ncia hi ha entre pintura a la cal\u00e7 i pintura ecol\u00f2gica? <\/h3><\/span>\n\t\t\t\t\t\t\t<span class='e-n-accordion-item-title-icon'>\n\t\t\t<span class='e-opened' ><svg aria-hidden=\"true\" class=\"e-font-icon-svg e-fas-angle-down\" viewBox=\"0 0 320 512\" xmlns=\"http:\/\/www.w3.org\/2000\/svg\"><path d=\"M143 352.3L7 216.3c-9.4-9.4-9.4-24.6 0-33.9l22.6-22.6c9.4-9.4 24.6-9.4 33.9 0l96.4 96.4 96.4-96.4c9.4-9.4 24.6-9.4 33.9 0l22.6 22.6c9.4 9.4 9.4 24.6 0 33.9l-136 136c-9.2 9.4-24.4 9.4-33.8 0z\"><\/path><\/svg><\/span>\n\t\t\t<span class='e-closed'><svg aria-hidden=\"true\" class=\"e-font-icon-svg e-fas-angle-right\" viewBox=\"0 0 256 512\" xmlns=\"http:\/\/www.w3.org\/2000\/svg\"><path d=\"M224.3 273l-136 136c-9.4 9.4-24.6 9.4-33.9 0l-22.6-22.6c-9.4-9.4-9.4-24.6 0-33.9l96.4-96.4-96.4-96.4c-9.4-9.4-9.4-24.6 0-33.9L54.3 103c9.4-9.4 24.6-9.4 33.9 0l136 136c9.5 9.4 9.5 24.6.1 34z\"><\/path><\/svg><\/span>\n\t\t<\/span>\n\n\t\t\t\t\t\t<\/summary>\n\t\t\t\t<div role=\"region\" aria-labelledby=\"e-n-accordion-item-9451\" class=\"elementor-element elementor-element-d7d1b9a e-con-full e-flex e-con e-child\" data-id=\"d7d1b9a\" data-element_type=\"container\" data-e-type=\"container\">\n\t\t\t\t<div class=\"elementor-element elementor-element-2cfcb86 elementor-widget elementor-widget-text-editor\" data-id=\"2cfcb86\" data-element_type=\"widget\" data-e-type=\"widget\" data-widget_type=\"text-editor.default\">\n\t\t\t\t\t\t\t\t\t<p>La pintura ecol\u00f2gica pot incloure diverses formulacions de baix impacte ambiental, per\u00f2 no totes s\u00f3n minerals ni tradicionals. La pintura a la cal\u00e7 \u00e9s un producte mineral amb propietats naturals espec\u00edfiques: alta transpirabilitat, efecte antibacteri\u00e0 i acabat mat profund. Mentre que una pintura ecol\u00f2gica pot ser una opci\u00f3 responsable, la cal\u00e7 aporta a m\u00e9s a m\u00e9s coher\u00e8ncia arquitect\u00f2nica i autenticitat en projectes de restauraci\u00f3 o habitatge d&#8217;alt nivell.  <\/p>\t\t\t\t\t\t\t\t<\/div>\n\t\t\t\t<\/div>\n\t\t\t\t\t<\/details>\n\t\t\t\t\t\t<details id=\"e-n-accordion-item-9452\" class=\"e-n-accordion-item\" >\n\t\t\t\t<summary class=\"e-n-accordion-item-title\" data-accordion-index=\"3\" tabindex=\"-1\" aria-expanded=\"false\" aria-controls=\"e-n-accordion-item-9452\" >\n\t\t\t\t\t<span class='e-n-accordion-item-title-header'><h3 class=\"e-n-accordion-item-title-text\"> La pintura a la cal\u00e7 \u00e9s adequada per a habitatges habitats? <\/h3><\/span>\n\t\t\t\t\t\t\t<span class='e-n-accordion-item-title-icon'>\n\t\t\t<span class='e-opened' ><svg aria-hidden=\"true\" class=\"e-font-icon-svg e-fas-angle-down\" viewBox=\"0 0 320 512\" xmlns=\"http:\/\/www.w3.org\/2000\/svg\"><path d=\"M143 352.3L7 216.3c-9.4-9.4-9.4-24.6 0-33.9l22.6-22.6c9.4-9.4 24.6-9.4 33.9 0l96.4 96.4 96.4-96.4c9.4-9.4 24.6-9.4 33.9 0l22.6 22.6c9.4 9.4 9.4 24.6 0 33.9l-136 136c-9.2 9.4-24.4 9.4-33.8 0z\"><\/path><\/svg><\/span>\n\t\t\t<span class='e-closed'><svg aria-hidden=\"true\" class=\"e-font-icon-svg e-fas-angle-right\" viewBox=\"0 0 256 512\" xmlns=\"http:\/\/www.w3.org\/2000\/svg\"><path d=\"M224.3 273l-136 136c-9.4 9.4-24.6 9.4-33.9 0l-22.6-22.6c-9.4-9.4-9.4-24.6 0-33.9l96.4-96.4-96.4-96.4c-9.4-9.4-9.4-24.6 0-33.9L54.3 103c9.4-9.4 24.6-9.4 33.9 0l136 136c9.5 9.4 9.5 24.6.1 34z\"><\/path><\/svg><\/span>\n\t\t<\/span>\n\n\t\t\t\t\t\t<\/summary>\n\t\t\t\t<div role=\"region\" aria-labelledby=\"e-n-accordion-item-9452\" class=\"elementor-element elementor-element-d09200d e-con-full e-flex e-con e-child\" data-id=\"d09200d\" data-element_type=\"container\" data-e-type=\"container\">\n\t\t\t\t<div class=\"elementor-element elementor-element-89b4a93 elementor-widget elementor-widget-text-editor\" data-id=\"89b4a93\" data-element_type=\"widget\" data-e-type=\"widget\" data-widget_type=\"text-editor.default\">\n\t\t\t\t\t\t\t\t\t<p>S\u00ed, especialment quan es vol minimitzar l&#8217;impacte qu\u00edmic durant la intervenci\u00f3. La pintura a la cal\u00e7 no genera el mateix tipus d&#8217;emissions que els sistemes sint\u00e8tics i permet fer feines amb menys alteraci\u00f3 de l&#8217;ambient interior. En qualsevol cas, la planificaci\u00f3 i la correcta ventilaci\u00f3 continuen sent aspectes clau per garantir una execuci\u00f3 confortable.  <\/p>\t\t\t\t\t\t\t\t<\/div>\n\t\t\t\t<\/div>\n\t\t\t\t\t<\/details>\n\t\t\t\t\t\t<details id=\"e-n-accordion-item-9453\" class=\"e-n-accordion-item\" >\n\t\t\t\t<summary class=\"e-n-accordion-item-title\" data-accordion-index=\"4\" tabindex=\"-1\" aria-expanded=\"false\" aria-controls=\"e-n-accordion-item-9453\" >\n\t\t\t\t\t<span class='e-n-accordion-item-title-header'><h3 class=\"e-n-accordion-item-title-text\"> Es pot aplicar pintura a la cal\u00e7 sobre qualsevol superf\u00edcie? <\/h3><\/span>\n\t\t\t\t\t\t\t<span class='e-n-accordion-item-title-icon'>\n\t\t\t<span class='e-opened' ><svg aria-hidden=\"true\" class=\"e-font-icon-svg e-fas-angle-down\" viewBox=\"0 0 320 512\" xmlns=\"http:\/\/www.w3.org\/2000\/svg\"><path d=\"M143 352.3L7 216.3c-9.4-9.4-9.4-24.6 0-33.9l22.6-22.6c9.4-9.4 24.6-9.4 33.9 0l96.4 96.4 96.4-96.4c9.4-9.4 24.6-9.4 33.9 0l22.6 22.6c9.4 9.4 9.4 24.6 0 33.9l-136 136c-9.2 9.4-24.4 9.4-33.8 0z\"><\/path><\/svg><\/span>\n\t\t\t<span class='e-closed'><svg aria-hidden=\"true\" class=\"e-font-icon-svg e-fas-angle-right\" viewBox=\"0 0 256 512\" xmlns=\"http:\/\/www.w3.org\/2000\/svg\"><path d=\"M224.3 273l-136 136c-9.4 9.4-24.6 9.4-33.9 0l-22.6-22.6c-9.4-9.4-9.4-24.6 0-33.9l96.4-96.4-96.4-96.4c-9.4-9.4-9.4-24.6 0-33.9L54.3 103c9.4-9.4 24.6-9.4 33.9 0l136 136c9.5 9.4 9.5 24.6.1 34z\"><\/path><\/svg><\/span>\n\t\t<\/span>\n\n\t\t\t\t\t\t<\/summary>\n\t\t\t\t<div role=\"region\" aria-labelledby=\"e-n-accordion-item-9453\" class=\"elementor-element elementor-element-0c0b973 e-flex e-con-boxed e-con e-child\" data-id=\"0c0b973\" data-element_type=\"container\" data-e-type=\"container\">\n\t\t\t\t\t<div class=\"e-con-inner\">\n\t\t\t\t<div class=\"elementor-element elementor-element-faf74ed elementor-widget elementor-widget-text-editor\" data-id=\"faf74ed\" data-element_type=\"widget\" data-e-type=\"widget\" data-widget_type=\"text-editor.default\">\n\t\t\t\t\t\t\t\t\t<p>No totes les superf\u00edcies s\u00f3n adequades. La cal\u00e7 necessita suports minerals compatibles que permetin la seva correcta adher\u00e8ncia i carbonataci\u00f3. En superf\u00edcies amb pintures pl\u00e0stiques pr\u00e8vies o materials no transpirables, pot ser necessari un tractament previ espec\u00edfic. L&#8217;avaluaci\u00f3 t\u00e8cnica inicial \u00e9s determinant per assegurar durabilitat i acabat uniforme.   <\/p>\t\t\t\t\t\t\t\t<\/div>\n\t\t\t\t\t<\/div>\n\t\t\t\t<\/div>\n\t\t\t\t\t<\/details>\n\t\t\t\t\t\t<details id=\"e-n-accordion-item-9454\" class=\"e-n-accordion-item\" >\n\t\t\t\t<summary class=\"e-n-accordion-item-title\" data-accordion-index=\"5\" tabindex=\"-1\" aria-expanded=\"false\" aria-controls=\"e-n-accordion-item-9454\" >\n\t\t\t\t\t<span class='e-n-accordion-item-title-header'><h3 class=\"e-n-accordion-item-title-text\"> Com envelleix la pintura a la cal\u00e7 a Mallorca amb el temps? <\/h3><\/span>\n\t\t\t\t\t\t\t<span class='e-n-accordion-item-title-icon'>\n\t\t\t<span class='e-opened' ><svg aria-hidden=\"true\" class=\"e-font-icon-svg e-fas-angle-down\" viewBox=\"0 0 320 512\" xmlns=\"http:\/\/www.w3.org\/2000\/svg\"><path d=\"M143 352.3L7 216.3c-9.4-9.4-9.4-24.6 0-33.9l22.6-22.6c9.4-9.4 24.6-9.4 33.9 0l96.4 96.4 96.4-96.4c9.4-9.4 24.6-9.4 33.9 0l22.6 22.6c9.4 9.4 9.4 24.6 0 33.9l-136 136c-9.2 9.4-24.4 9.4-33.8 0z\"><\/path><\/svg><\/span>\n\t\t\t<span class='e-closed'><svg aria-hidden=\"true\" class=\"e-font-icon-svg e-fas-angle-right\" viewBox=\"0 0 256 512\" xmlns=\"http:\/\/www.w3.org\/2000\/svg\"><path d=\"M224.3 273l-136 136c-9.4 9.4-24.6 9.4-33.9 0l-22.6-22.6c-9.4-9.4-9.4-24.6 0-33.9l96.4-96.4-96.4-96.4c-9.4-9.4-9.4-24.6 0-33.9L54.3 103c9.4-9.4 24.6-9.4 33.9 0l136 136c9.5 9.4 9.5 24.6.1 34z\"><\/path><\/svg><\/span>\n\t\t<\/span>\n\n\t\t\t\t\t\t<\/summary>\n\t\t\t\t<div role=\"region\" aria-labelledby=\"e-n-accordion-item-9454\" class=\"elementor-element elementor-element-0e510dc e-flex e-con-boxed e-con e-child\" data-id=\"0e510dc\" data-element_type=\"container\" data-e-type=\"container\">\n\t\t\t\t\t<div class=\"e-con-inner\">\n\t\t\t\t<div class=\"elementor-element elementor-element-efe9724 elementor-widget elementor-widget-text-editor\" data-id=\"efe9724\" data-element_type=\"widget\" data-e-type=\"widget\" data-widget_type=\"text-editor.default\">\n\t\t\t\t\t\t\t\t\t<p>A difer\u00e8ncia de pintures sint\u00e8tiques que tendeixen a degradar-se formant pel\u00b7l\u00edcula, la pintura a la cal\u00e7 envelleix de forma natural, integrant-se amb el suport. Pot matisar lleugerament el to amb els anys, cosa que forma part del seu car\u00e0cter mineral. Aquest envelliment controlat \u00e9s un dels aspectes m\u00e9s valorats en habitatges mediterranis i restauracions de qualitat.  <\/p>\t\t\t\t\t\t\t\t<\/div>\n\t\t\t\t\t<\/div>\n\t\t\t\t<\/div>\n\t\t\t\t\t<\/details>\n\t\t\t\t\t\t<details id=\"e-n-accordion-item-9455\" class=\"e-n-accordion-item\" >\n\t\t\t\t<summary class=\"e-n-accordion-item-title\" data-accordion-index=\"6\" tabindex=\"-1\" aria-expanded=\"false\" aria-controls=\"e-n-accordion-item-9455\" >\n\t\t\t\t\t<span class='e-n-accordion-item-title-header'><h3 class=\"e-n-accordion-item-title-text\"> Requereix un manteniment diferent de la pintura convencional? <\/h3><\/span>\n\t\t\t\t\t\t\t<span class='e-n-accordion-item-title-icon'>\n\t\t\t<span class='e-opened' ><svg aria-hidden=\"true\" class=\"e-font-icon-svg e-fas-angle-down\" viewBox=\"0 0 320 512\" xmlns=\"http:\/\/www.w3.org\/2000\/svg\"><path d=\"M143 352.3L7 216.3c-9.4-9.4-9.4-24.6 0-33.9l22.6-22.6c9.4-9.4 24.6-9.4 33.9 0l96.4 96.4 96.4-96.4c9.4-9.4 24.6-9.4 33.9 0l22.6 22.6c9.4 9.4 9.4 24.6 0 33.9l-136 136c-9.2 9.4-24.4 9.4-33.8 0z\"><\/path><\/svg><\/span>\n\t\t\t<span class='e-closed'><svg aria-hidden=\"true\" class=\"e-font-icon-svg e-fas-angle-right\" viewBox=\"0 0 256 512\" xmlns=\"http:\/\/www.w3.org\/2000\/svg\"><path d=\"M224.3 273l-136 136c-9.4 9.4-24.6 9.4-33.9 0l-22.6-22.6c-9.4-9.4-9.4-24.6 0-33.9l96.4-96.4-96.4-96.4c-9.4-9.4-9.4-24.6 0-33.9L54.3 103c9.4-9.4 24.6-9.4 33.9 0l136 136c9.5 9.4 9.5 24.6.1 34z\"><\/path><\/svg><\/span>\n\t\t<\/span>\n\n\t\t\t\t\t\t<\/summary>\n\t\t\t\t<div role=\"region\" aria-labelledby=\"e-n-accordion-item-9455\" class=\"elementor-element elementor-element-ebc0d42 e-flex e-con-boxed e-con e-child\" data-id=\"ebc0d42\" data-element_type=\"container\" data-e-type=\"container\">\n\t\t\t\t\t<div class=\"e-con-inner\">\n\t\t\t\t<div class=\"elementor-element elementor-element-5dece2c elementor-widget elementor-widget-text-editor\" data-id=\"5dece2c\" data-element_type=\"widget\" data-e-type=\"widget\" data-widget_type=\"text-editor.default\">\n\t\t\t\t\t\t\t\t\t<p>No necess\u00e0riament m\u00e9s complex, per\u00f2 s\u00ed diferent en enfocament. La pintura a la cal\u00e7 permet retocs localitzats sense generar acumulacions de capes pl\u00e0stiques. En cas de manteniment, es treballa respectant la naturalesa mineral de l\u02bbacabat per mantenir coher\u00e8ncia est\u00e8tica i t\u00e8cnica.  <\/p>\t\t\t\t\t\t\t\t<\/div>\n\t\t\t\t\t<\/div>\n\t\t\t\t<\/div>\n\t\t\t\t\t<\/details>\n\t\t\t\t\t\t<details id=\"e-n-accordion-item-9456\" class=\"e-n-accordion-item\" >\n\t\t\t\t<summary class=\"e-n-accordion-item-title\" data-accordion-index=\"7\" tabindex=\"-1\" aria-expanded=\"false\" aria-controls=\"e-n-accordion-item-9456\" >\n\t\t\t\t\t<span class='e-n-accordion-item-title-header'><h3 class=\"e-n-accordion-item-title-text\"> Per qu\u00e8 \u00e9s important comptar amb especialistes en pintura a la cal\u00e7 a Mallorca? <\/h3><\/span>\n\t\t\t\t\t\t\t<span class='e-n-accordion-item-title-icon'>\n\t\t\t<span class='e-opened' ><svg aria-hidden=\"true\" class=\"e-font-icon-svg e-fas-angle-down\" viewBox=\"0 0 320 512\" xmlns=\"http:\/\/www.w3.org\/2000\/svg\"><path d=\"M143 352.3L7 216.3c-9.4-9.4-9.4-24.6 0-33.9l22.6-22.6c9.4-9.4 24.6-9.4 33.9 0l96.4 96.4 96.4-96.4c9.4-9.4 24.6-9.4 33.9 0l22.6 22.6c9.4 9.4 9.4 24.6 0 33.9l-136 136c-9.2 9.4-24.4 9.4-33.8 0z\"><\/path><\/svg><\/span>\n\t\t\t<span class='e-closed'><svg aria-hidden=\"true\" class=\"e-font-icon-svg e-fas-angle-right\" viewBox=\"0 0 256 512\" xmlns=\"http:\/\/www.w3.org\/2000\/svg\"><path d=\"M224.3 273l-136 136c-9.4 9.4-24.6 9.4-33.9 0l-22.6-22.6c-9.4-9.4-9.4-24.6 0-33.9l96.4-96.4-96.4-96.4c-9.4-9.4-9.4-24.6 0-33.9L54.3 103c9.4-9.4 24.6-9.4 33.9 0l136 136c9.5 9.4 9.5 24.6.1 34z\"><\/path><\/svg><\/span>\n\t\t<\/span>\n\n\t\t\t\t\t\t<\/summary>\n\t\t\t\t<div role=\"region\" aria-labelledby=\"e-n-accordion-item-9456\" class=\"elementor-element elementor-element-0b7e5d2 e-flex e-con-boxed e-con e-child\" data-id=\"0b7e5d2\" data-element_type=\"container\" data-e-type=\"container\">\n\t\t\t\t\t<div class=\"e-con-inner\">\n\t\t\t\t<div class=\"elementor-element elementor-element-c1b2a04 elementor-widget elementor-widget-text-editor\" data-id=\"c1b2a04\" data-element_type=\"widget\" data-e-type=\"widget\" data-widget_type=\"text-editor.default\">\n\t\t\t\t\t\t\t\t\t<p>Perqu\u00e8 no \u00e9s una pintura est\u00e0ndard. L\u201faplicaci\u00f3 incorrecta pot generar marques, difer\u00e8ncies d\u201fabsorci\u00f3 o problemes de fixaci\u00f3. La pintura a la cal\u00e7 Mallorca requereix coneixement real del material, control de temps d&#8217;assecat i adaptaci\u00f3 al suport. En projectes exigents, la t\u00e8cnica \u00e9s tan important com el producte.   <\/p>\t\t\t\t\t\t\t\t<\/div>\n\t\t\t\t\t<\/div>\n\t\t\t\t<\/div>\n\t\t\t\t\t<\/details>\n\t\t\t\t\t\t<details id=\"e-n-accordion-item-9457\" class=\"e-n-accordion-item\" >\n\t\t\t\t<summary class=\"e-n-accordion-item-title\" data-accordion-index=\"8\" tabindex=\"-1\" aria-expanded=\"false\" aria-controls=\"e-n-accordion-item-9457\" >\n\t\t\t\t\t<span class='e-n-accordion-item-title-header'><h3 class=\"e-n-accordion-item-title-text\"> En quins casos \u00e9s preferible optar per pintura ecol\u00f2gica a Mallorca en lloc de pintura a la cal\u00e7? <\/h3><\/span>\n\t\t\t\t\t\t\t<span class='e-n-accordion-item-title-icon'>\n\t\t\t<span class='e-opened' ><svg aria-hidden=\"true\" class=\"e-font-icon-svg e-fas-angle-down\" viewBox=\"0 0 320 512\" xmlns=\"http:\/\/www.w3.org\/2000\/svg\"><path d=\"M143 352.3L7 216.3c-9.4-9.4-9.4-24.6 0-33.9l22.6-22.6c9.4-9.4 24.6-9.4 33.9 0l96.4 96.4 96.4-96.4c9.4-9.4 24.6-9.4 33.9 0l22.6 22.6c9.4 9.4 9.4 24.6 0 33.9l-136 136c-9.2 9.4-24.4 9.4-33.8 0z\"><\/path><\/svg><\/span>\n\t\t\t<span class='e-closed'><svg aria-hidden=\"true\" class=\"e-font-icon-svg e-fas-angle-right\" viewBox=\"0 0 256 512\" xmlns=\"http:\/\/www.w3.org\/2000\/svg\"><path d=\"M224.3 273l-136 136c-9.4 9.4-24.6 9.4-33.9 0l-22.6-22.6c-9.4-9.4-9.4-24.6 0-33.9l96.4-96.4-96.4-96.4c-9.4-9.4-9.4-24.6 0-33.9L54.3 103c9.4-9.4 24.6-9.4 33.9 0l136 136c9.5 9.4 9.5 24.6.1 34z\"><\/path><\/svg><\/span>\n\t\t<\/span>\n\n\t\t\t\t\t\t<\/summary>\n\t\t\t\t<div role=\"region\" aria-labelledby=\"e-n-accordion-item-9457\" class=\"elementor-element elementor-element-771b85b e-flex e-con-boxed e-con e-child\" data-id=\"771b85b\" data-element_type=\"container\" data-e-type=\"container\">\n\t\t\t\t\t<div class=\"e-con-inner\">\n\t\t\t\t<div class=\"elementor-element elementor-element-a58b3ce elementor-widget elementor-widget-text-editor\" data-id=\"a58b3ce\" data-element_type=\"widget\" data-e-type=\"widget\" data-widget_type=\"text-editor.default\">\n\t\t\t\t\t\t\t\t\t<p>Lelecci\u00f3 entre cal\u00e7 i altres sistemes dep\u00e8n del tipus de projecte. La pintura ecol\u00f2gica a Mallorca pot ser m\u00e9s adequada a interiors contemporanis on es busca un acabat m\u00e9s uniforme o en suports on l&#8217;aplicaci\u00f3 de cal\u00e7 no sigui t\u00e8cnicament viable. Hi ha formulacions ecol\u00f2giques amb baix contingut en compostos vol\u00e0tils que mantenen un bon equilibri entre sostenibilitat i versatilitat. En projectes d&#8217;alt nivell, la decisi\u00f3 no es basa nom\u00e9s en el concepte \u201cecol\u00f2gic\u201d sin\u00f3 en la coher\u00e8ncia entre material, arquitectura i \u00fas de l&#8217;espai.   <\/p>\t\t\t\t\t\t\t\t<\/div>\n\t\t\t\t\t<\/div>\n\t\t\t\t<\/div>\n\t\t\t\t\t<\/details>\n\t\t\t\t\t<\/div>\n\t\t\t\t\t\t<\/div>\n\t\t\t\t\t<\/div>\n\t\t\t\t<\/div>\n\t\t\t\t<\/div>\n\t\t","protected":false},"excerpt":{"rendered":"<p>Especialistes en pintura a la cal\u00e7 a Mallorca A Pintures Tsiula treballem la pintura a la cal\u00e7 a Mallorca com a t\u00e8cnica tradicional adaptada a habitatges d&#8217;alt nivell, finques reformades i projectes d&#8217;arquitectura cuidada. La cal\u00e7 no \u00e9s nom\u00e9s una opci\u00f3 ecol\u00f2gica: \u00e9s un material mineral amb car\u00e0cter, textura i profunditat, especialment valorat en propietats [&hellip;]<\/p>\n","protected":false},"author":1,"featured_media":1753,"parent":0,"menu_order":0,"comment_status":"closed","ping_status":"closed","template":"","meta":{"_acf_changed":false,"footnotes":""},"class_list":["post-1765","page","type-page","status-publish","has-post-thumbnail","hentry"],"acf":[],"yoast_head":"<!-- This site is optimized with the Yoast SEO plugin v26.7 - https:\/\/yoast.com\/wordpress\/plugins\/seo\/ -->\n<title>Pintura a la cal\u00e7 a Mallorca | Acabat mineral - Tsiula<\/title>\n<meta name=\"description\" content=\"Aplicaci\u00f3 artesanal de pintura a la cal\u00e7 a Mallorca per a finques, habitatges i projectes d&#039;arquitectura acurada. Acabat mineral, transpirable i durador.\" \/>\n<meta name=\"robots\" content=\"index, follow, max-snippet:-1, max-image-preview:large, max-video-preview:-1\" \/>\n<link rel=\"canonical\" href=\"https:\/\/tsiula.com\/ca\/pintura-a-la-calc-mallorca\/\" \/>\n<meta property=\"og:locale\" content=\"ca_ES\" \/>\n<meta property=\"og:type\" content=\"article\" \/>\n<meta property=\"og:title\" content=\"Pintura a la cal\u00e7 a Mallorca | Acabat mineral - Tsiula\" \/>\n<meta property=\"og:description\" content=\"Aplicaci\u00f3 artesanal de pintura a la cal\u00e7 a Mallorca per a finques, habitatges i projectes d&#039;arquitectura acurada. Acabat mineral, transpirable i durador.\" \/>\n<meta property=\"og:url\" content=\"https:\/\/tsiula.com\/ca\/pintura-a-la-calc-mallorca\/\" \/>\n<meta property=\"og:site_name\" content=\"Tsiula\" \/>\n<meta property=\"article:modified_time\" content=\"2026-04-17T07:37:11+00:00\" \/>\n<meta property=\"og:image\" content=\"https:\/\/tsiula.fra1.digitaloceanspaces.com\/wp-content\/uploads\/2026\/04\/Pintura-a-la-cal-1.webp\" \/>\n\t<meta property=\"og:image:width\" content=\"1280\" \/>\n\t<meta property=\"og:image:height\" content=\"1920\" \/>\n\t<meta property=\"og:image:type\" content=\"image\/webp\" \/>\n<meta name=\"twitter:card\" content=\"summary_large_image\" \/>\n<meta name=\"twitter:label1\" content=\"Temps estimat de lectura\" \/>\n\t<meta name=\"twitter:data1\" content=\"9 minuts\" \/>\n<script type=\"application\/ld+json\" class=\"yoast-schema-graph\">{\"@context\":\"https:\/\/schema.org\",\"@graph\":[{\"@type\":\"WebPage\",\"@id\":\"https:\/\/tsiula.com\/ca\/pintura-a-la-calc-mallorca\/\",\"url\":\"https:\/\/tsiula.com\/ca\/pintura-a-la-calc-mallorca\/\",\"name\":\"Pintura a la cal\u00e7 a Mallorca | Acabat mineral - Tsiula\",\"isPartOf\":{\"@id\":\"https:\/\/tsiula.com\/ca\/#website\"},\"primaryImageOfPage\":{\"@id\":\"https:\/\/tsiula.com\/ca\/pintura-a-la-calc-mallorca\/#primaryimage\"},\"image\":{\"@id\":\"https:\/\/tsiula.com\/ca\/pintura-a-la-calc-mallorca\/#primaryimage\"},\"thumbnailUrl\":\"https:\/\/tsiula.fra1.digitaloceanspaces.com\/wp-content\/uploads\/2026\/04\/Pintura-a-la-cal-1.webp\",\"datePublished\":\"2026-03-23T12:22:40+00:00\",\"dateModified\":\"2026-04-17T07:37:11+00:00\",\"description\":\"Aplicaci\u00f3 artesanal de pintura a la cal\u00e7 a Mallorca per a finques, habitatges i projectes d'arquitectura acurada. Acabat mineral, transpirable i durador.\",\"breadcrumb\":{\"@id\":\"https:\/\/tsiula.com\/ca\/pintura-a-la-calc-mallorca\/#breadcrumb\"},\"inLanguage\":\"ca\",\"potentialAction\":[{\"@type\":\"ReadAction\",\"target\":[\"https:\/\/tsiula.com\/ca\/pintura-a-la-calc-mallorca\/\"]}]},{\"@type\":\"ImageObject\",\"inLanguage\":\"ca\",\"@id\":\"https:\/\/tsiula.com\/ca\/pintura-a-la-calc-mallorca\/#primaryimage\",\"url\":\"https:\/\/tsiula.fra1.digitaloceanspaces.com\/wp-content\/uploads\/2026\/04\/Pintura-a-la-cal-1.webp\",\"contentUrl\":\"https:\/\/tsiula.fra1.digitaloceanspaces.com\/wp-content\/uploads\/2026\/04\/Pintura-a-la-cal-1.webp\",\"width\":1280,\"height\":1920,\"caption\":\"Pintura a la cal Mallorca\"},{\"@type\":\"BreadcrumbList\",\"@id\":\"https:\/\/tsiula.com\/ca\/pintura-a-la-calc-mallorca\/#breadcrumb\",\"itemListElement\":[{\"@type\":\"ListItem\",\"position\":1,\"name\":\"Portada\",\"item\":\"https:\/\/tsiula.com\/ca\/inici\/\"},{\"@type\":\"ListItem\",\"position\":2,\"name\":\"Pintura a la cal\u00e7 Mallorca\"}]},{\"@type\":\"WebSite\",\"@id\":\"https:\/\/tsiula.com\/ca\/#website\",\"url\":\"https:\/\/tsiula.com\/ca\/\",\"name\":\"Tsiula\",\"description\":\"\",\"publisher\":{\"@id\":\"https:\/\/tsiula.com\/ca\/#organization\"},\"potentialAction\":[{\"@type\":\"SearchAction\",\"target\":{\"@type\":\"EntryPoint\",\"urlTemplate\":\"https:\/\/tsiula.com\/ca\/?s={search_term_string}\"},\"query-input\":{\"@type\":\"PropertyValueSpecification\",\"valueRequired\":true,\"valueName\":\"search_term_string\"}}],\"inLanguage\":\"ca\"},{\"@type\":\"Organization\",\"@id\":\"https:\/\/tsiula.com\/ca\/#organization\",\"name\":\"Tsiula\",\"url\":\"https:\/\/tsiula.com\/ca\/\",\"logo\":{\"@type\":\"ImageObject\",\"inLanguage\":\"ca\",\"@id\":\"https:\/\/tsiula.com\/ca\/#\/schema\/logo\/image\/\",\"url\":\"https:\/\/tsiula.com\/wp-content\/uploads\/2025\/07\/logo-pintures-tsiula-1.svg\",\"contentUrl\":\"https:\/\/tsiula.com\/wp-content\/uploads\/2025\/07\/logo-pintures-tsiula-1.svg\",\"width\":158,\"height\":80,\"caption\":\"Tsiula\"},\"image\":{\"@id\":\"https:\/\/tsiula.com\/ca\/#\/schema\/logo\/image\/\"}}]}<\/script>\n<!-- \/ Yoast SEO plugin. -->","yoast_head_json":{"title":"Pintura a la cal\u00e7 a Mallorca | Acabat mineral - Tsiula","description":"Aplicaci\u00f3 artesanal de pintura a la cal\u00e7 a Mallorca per a finques, habitatges i projectes d'arquitectura acurada. Acabat mineral, transpirable i durador.","robots":{"index":"index","follow":"follow","max-snippet":"max-snippet:-1","max-image-preview":"max-image-preview:large","max-video-preview":"max-video-preview:-1"},"canonical":"https:\/\/tsiula.com\/ca\/pintura-a-la-calc-mallorca\/","og_locale":"ca_ES","og_type":"article","og_title":"Pintura a la cal\u00e7 a Mallorca | Acabat mineral - Tsiula","og_description":"Aplicaci\u00f3 artesanal de pintura a la cal\u00e7 a Mallorca per a finques, habitatges i projectes d'arquitectura acurada. Acabat mineral, transpirable i durador.","og_url":"https:\/\/tsiula.com\/ca\/pintura-a-la-calc-mallorca\/","og_site_name":"Tsiula","article_modified_time":"2026-04-17T07:37:11+00:00","og_image":[{"width":1280,"height":1920,"url":"https:\/\/tsiula.fra1.digitaloceanspaces.com\/wp-content\/uploads\/2026\/04\/Pintura-a-la-cal-1.webp","type":"image\/webp"}],"twitter_card":"summary_large_image","twitter_misc":{"Temps estimat de lectura":"9 minuts"},"schema":{"@context":"https:\/\/schema.org","@graph":[{"@type":"WebPage","@id":"https:\/\/tsiula.com\/ca\/pintura-a-la-calc-mallorca\/","url":"https:\/\/tsiula.com\/ca\/pintura-a-la-calc-mallorca\/","name":"Pintura a la cal\u00e7 a Mallorca | Acabat mineral - Tsiula","isPartOf":{"@id":"https:\/\/tsiula.com\/ca\/#website"},"primaryImageOfPage":{"@id":"https:\/\/tsiula.com\/ca\/pintura-a-la-calc-mallorca\/#primaryimage"},"image":{"@id":"https:\/\/tsiula.com\/ca\/pintura-a-la-calc-mallorca\/#primaryimage"},"thumbnailUrl":"https:\/\/tsiula.fra1.digitaloceanspaces.com\/wp-content\/uploads\/2026\/04\/Pintura-a-la-cal-1.webp","datePublished":"2026-03-23T12:22:40+00:00","dateModified":"2026-04-17T07:37:11+00:00","description":"Aplicaci\u00f3 artesanal de pintura a la cal\u00e7 a Mallorca per a finques, habitatges i projectes d'arquitectura acurada. Acabat mineral, transpirable i durador.","breadcrumb":{"@id":"https:\/\/tsiula.com\/ca\/pintura-a-la-calc-mallorca\/#breadcrumb"},"inLanguage":"ca","potentialAction":[{"@type":"ReadAction","target":["https:\/\/tsiula.com\/ca\/pintura-a-la-calc-mallorca\/"]}]},{"@type":"ImageObject","inLanguage":"ca","@id":"https:\/\/tsiula.com\/ca\/pintura-a-la-calc-mallorca\/#primaryimage","url":"https:\/\/tsiula.fra1.digitaloceanspaces.com\/wp-content\/uploads\/2026\/04\/Pintura-a-la-cal-1.webp","contentUrl":"https:\/\/tsiula.fra1.digitaloceanspaces.com\/wp-content\/uploads\/2026\/04\/Pintura-a-la-cal-1.webp","width":1280,"height":1920,"caption":"Pintura a la cal Mallorca"},{"@type":"BreadcrumbList","@id":"https:\/\/tsiula.com\/ca\/pintura-a-la-calc-mallorca\/#breadcrumb","itemListElement":[{"@type":"ListItem","position":1,"name":"Portada","item":"https:\/\/tsiula.com\/ca\/inici\/"},{"@type":"ListItem","position":2,"name":"Pintura a la cal\u00e7 Mallorca"}]},{"@type":"WebSite","@id":"https:\/\/tsiula.com\/ca\/#website","url":"https:\/\/tsiula.com\/ca\/","name":"Tsiula","description":"","publisher":{"@id":"https:\/\/tsiula.com\/ca\/#organization"},"potentialAction":[{"@type":"SearchAction","target":{"@type":"EntryPoint","urlTemplate":"https:\/\/tsiula.com\/ca\/?s={search_term_string}"},"query-input":{"@type":"PropertyValueSpecification","valueRequired":true,"valueName":"search_term_string"}}],"inLanguage":"ca"},{"@type":"Organization","@id":"https:\/\/tsiula.com\/ca\/#organization","name":"Tsiula","url":"https:\/\/tsiula.com\/ca\/","logo":{"@type":"ImageObject","inLanguage":"ca","@id":"https:\/\/tsiula.com\/ca\/#\/schema\/logo\/image\/","url":"https:\/\/tsiula.com\/wp-content\/uploads\/2025\/07\/logo-pintures-tsiula-1.svg","contentUrl":"https:\/\/tsiula.com\/wp-content\/uploads\/2025\/07\/logo-pintures-tsiula-1.svg","width":158,"height":80,"caption":"Tsiula"},"image":{"@id":"https:\/\/tsiula.com\/ca\/#\/schema\/logo\/image\/"}}]}},"_links":{"self":[{"href":"https:\/\/tsiula.com\/ca\/wp-json\/wp\/v2\/pages\/1765","targetHints":{"allow":["GET"]}}],"collection":[{"href":"https:\/\/tsiula.com\/ca\/wp-json\/wp\/v2\/pages"}],"about":[{"href":"https:\/\/tsiula.com\/ca\/wp-json\/wp\/v2\/types\/page"}],"author":[{"embeddable":true,"href":"https:\/\/tsiula.com\/ca\/wp-json\/wp\/v2\/users\/1"}],"replies":[{"embeddable":true,"href":"https:\/\/tsiula.com\/ca\/wp-json\/wp\/v2\/comments?post=1765"}],"version-history":[{"count":1,"href":"https:\/\/tsiula.com\/ca\/wp-json\/wp\/v2\/pages\/1765\/revisions"}],"predecessor-version":[{"id":1766,"href":"https:\/\/tsiula.com\/ca\/wp-json\/wp\/v2\/pages\/1765\/revisions\/1766"}],"wp:featuredmedia":[{"embeddable":true,"href":"https:\/\/tsiula.com\/ca\/wp-json\/wp\/v2\/media\/1753"}],"wp:attachment":[{"href":"https:\/\/tsiula.com\/ca\/wp-json\/wp\/v2\/media?parent=1765"}],"curies":[{"name":"wp","href":"https:\/\/api.w.org\/{rel}","templated":true}]}}