{"id":1767,"date":"2026-03-23T13:35:54","date_gmt":"2026-03-23T12:35:54","guid":{"rendered":"https:\/\/tsiula.com\/restauracio-de-facanes-mallorca\/"},"modified":"2026-04-17T09:58:09","modified_gmt":"2026-04-17T07:58:09","slug":"restauracio-de-facanes-mallorca","status":"publish","type":"page","link":"https:\/\/tsiula.com\/ca\/restauracio-de-facanes-mallorca\/","title":{"rendered":"Restauraci\u00f3 de fa\u00e7anes Mallorca"},"content":{"rendered":"\t\t<div data-elementor-type=\"wp-page\" data-elementor-id=\"1767\" class=\"elementor elementor-1767 elementor-1566\" data-elementor-post-type=\"page\">\n\t\t\t\t<div class=\"elementor-element elementor-element-fcef2c0 e-flex e-con-boxed e-con e-parent\" data-id=\"fcef2c0\" data-element_type=\"container\" data-e-type=\"container\" data-settings=\"{&quot;background_background&quot;:&quot;classic&quot;}\">\n\t\t\t\t\t<div class=\"e-con-inner\">\n\t\t<div class=\"elementor-element elementor-element-f73091a e-con-full e-flex e-con e-child\" data-id=\"f73091a\" data-element_type=\"container\" data-e-type=\"container\">\n\t\t\t\t<div class=\"elementor-element elementor-element-223cb68 elementor-widget elementor-widget-heading\" data-id=\"223cb68\" data-element_type=\"widget\" data-e-type=\"widget\" data-widget_type=\"heading.default\">\n\t\t\t\t\t<h2 class=\"elementor-heading-title elementor-size-default\">Experts en rehabilitaci\u00f3 de fa\u00e7anes a Mallorca<\/h2>\t\t\t\t<\/div>\n\t\t\t\t<div class=\"elementor-element elementor-element-39c41de elementor-widget elementor-widget-text-editor\" data-id=\"39c41de\" data-element_type=\"widget\" data-e-type=\"widget\" data-widget_type=\"text-editor.default\">\n\t\t\t\t\t\t\t\t\t<p>A Pintures Tsiula fa anys que ens dediquem a treballs de restauraci\u00f3 i rehabilitaci\u00f3 a l&#8217;illa, intervenint en fa\u00e7anes on l&#8217;acabat exterior forma part essencial de la imatge i el valor de l&#8217;edifici. El nostre equip coneix com influeixen el sol, la salinitat i la humitat en cada tipus de material, i com tractar-los sense alterar-ne el car\u00e0cter original. <\/p><p>Treballem tant en habitatges particulars com en finques i propietats situades a zones com Santany\u00ed o el sud-est de Mallorca, on el manteniment exterior no \u00e9s nom\u00e9s una q\u00fcesti\u00f3 est\u00e8tica, sin\u00f3 una part important de la conservaci\u00f3 de l&#8217;immoble.<\/p>\t\t\t\t\t\t\t\t<\/div>\n\t\t\t\t<\/div>\n\t\t<div class=\"elementor-element elementor-element-8225f25 e-con-full e-flex e-con e-child\" data-id=\"8225f25\" data-element_type=\"container\" data-e-type=\"container\">\n\t\t\t\t<div class=\"elementor-element elementor-element-78d4259 elementor-invisible elementor-widget elementor-widget-image\" data-id=\"78d4259\" data-element_type=\"widget\" data-e-type=\"widget\" data-settings=\"{&quot;_animation&quot;:&quot;fadeIn&quot;}\" data-widget_type=\"image.default\">\n\t\t\t\t\t\t\t\t\t\t\t\t\t\t\t<img fetchpriority=\"high\" decoding=\"async\" width=\"1280\" height=\"1920\" src=\"https:\/\/tsiula.fra1.digitaloceanspaces.com\/wp-content\/uploads\/2026\/04\/Fachadas-2.webp\" class=\"attachment-full size-full wp-image-1744\" alt=\"Restauraci\u00f3n de fachadas Mallorca\" srcset=\"https:\/\/tsiula.fra1.digitaloceanspaces.com\/wp-content\/uploads\/2026\/04\/Fachadas-2.webp 1280w, https:\/\/tsiula.fra1.digitaloceanspaces.com\/wp-content\/uploads\/2026\/04\/Fachadas-2-200x300.webp 200w, https:\/\/tsiula.fra1.digitaloceanspaces.com\/wp-content\/uploads\/2026\/04\/Fachadas-2-683x1024.webp 683w, https:\/\/tsiula.fra1.digitaloceanspaces.com\/wp-content\/uploads\/2026\/04\/Fachadas-2-768x1152.webp 768w, https:\/\/tsiula.fra1.digitaloceanspaces.com\/wp-content\/uploads\/2026\/04\/Fachadas-2-1024x1536.webp 1024w\" sizes=\"(max-width: 1280px) 100vw, 1280px\" \/>\t\t\t\t\t\t\t\t\t\t\t\t\t\t\t<\/div>\n\t\t\t\t<\/div>\n\t\t\t\t\t<\/div>\n\t\t\t\t<\/div>\n\t\t<div class=\"elementor-element elementor-element-e4d33c7 e-flex e-con-boxed e-con e-parent\" data-id=\"e4d33c7\" data-element_type=\"container\" data-e-type=\"container\" data-settings=\"{&quot;background_background&quot;:&quot;classic&quot;}\">\n\t\t\t\t\t<div class=\"e-con-inner\">\n\t\t<div class=\"elementor-element elementor-element-357122a e-con-full e-flex e-con e-child\" data-id=\"357122a\" data-element_type=\"container\" data-e-type=\"container\">\n\t\t\t\t<div class=\"elementor-element elementor-element-8087e89 elementor-invisible elementor-widget elementor-widget-image\" data-id=\"8087e89\" data-element_type=\"widget\" data-e-type=\"widget\" data-settings=\"{&quot;_animation&quot;:&quot;fadeIn&quot;}\" data-widget_type=\"image.default\">\n\t\t\t\t\t\t\t\t\t\t\t\t\t\t\t<img decoding=\"async\" width=\"1920\" height=\"1280\" src=\"https:\/\/tsiula.fra1.digitaloceanspaces.com\/wp-content\/uploads\/2026\/04\/Fachadas-3.webp\" class=\"attachment-full size-full wp-image-1747\" alt=\"Restauraci\u00f3n de fachadas Mallorca\" srcset=\"https:\/\/tsiula.fra1.digitaloceanspaces.com\/wp-content\/uploads\/2026\/04\/Fachadas-3.webp 1920w, https:\/\/tsiula.fra1.digitaloceanspaces.com\/wp-content\/uploads\/2026\/04\/Fachadas-3-300x200.webp 300w, https:\/\/tsiula.fra1.digitaloceanspaces.com\/wp-content\/uploads\/2026\/04\/Fachadas-3-1024x683.webp 1024w, https:\/\/tsiula.fra1.digitaloceanspaces.com\/wp-content\/uploads\/2026\/04\/Fachadas-3-768x512.webp 768w, https:\/\/tsiula.fra1.digitaloceanspaces.com\/wp-content\/uploads\/2026\/04\/Fachadas-3-1536x1024.webp 1536w\" sizes=\"(max-width: 1920px) 100vw, 1920px\" \/>\t\t\t\t\t\t\t\t\t\t\t\t\t\t\t<\/div>\n\t\t\t\t<\/div>\n\t\t<div class=\"elementor-element elementor-element-42cfa1f e-con-full e-flex e-con e-child\" data-id=\"42cfa1f\" data-element_type=\"container\" data-e-type=\"container\">\n\t\t\t\t<div class=\"elementor-element elementor-element-07e6989 elementor-widget elementor-widget-heading\" data-id=\"07e6989\" data-element_type=\"widget\" data-e-type=\"widget\" data-widget_type=\"heading.default\">\n\t\t\t\t\t<h2 class=\"elementor-heading-title elementor-size-default\">Aix\u00ed abordem un projecte de restauraci\u00f3 de fa\u00e7anes a Mallorca<\/h2>\t\t\t\t<\/div>\n\t\t\t\t<div class=\"elementor-element elementor-element-fe267c8 elementor-widget elementor-widget-text-editor\" data-id=\"fe267c8\" data-element_type=\"widget\" data-e-type=\"widget\" data-widget_type=\"text-editor.default\">\n\t\t\t\t\t\t\t\t\t<p>La restauraci\u00f3 de fa\u00e7anes requereix m\u00e9s que renovar l&#8217;aspecte exterior. Implica analitzar l&#8217;estat real del suport, identificar patologies i actuar amb criteri t\u00e8cnic per protegir l&#8217;estructura a mitj\u00e0 i llarg termini. <\/p><p>Cada projecte de restauraci\u00f3 de fa\u00e7anes a Mallorca comen\u00e7a amb una avaluaci\u00f3 detallada. No totes les fa\u00e7anes presenten els mateixos problemes ni necessiten la mateixa intervenci\u00f3. Ajustem el m\u00e8tode segons el tipus de revestiment, l&#8217;antiguitat de l&#8217;edifici i l&#8217;exposici\u00f3 clim\u00e0tica.  <\/p><p>Definim la intervenci\u00f3 combinant neteja, reparaci\u00f3 i protecci\u00f3, prioritzant solucions duradores davant d&#8217;actuacions superficials. L?objectiu \u00e9s refor\u00e7ar la resist\u00e8ncia de l?edifici i mantenir la coher\u00e8ncia arquitect\u00f2nica del conjunt. <\/p><p><strong> Intervenim amb m\u00e8tode, planificaci\u00f3 i sentit constructiu.<\/strong><\/p>\t\t\t\t\t\t\t\t<\/div>\n\t\t\t\t<\/div>\n\t\t\t\t\t<\/div>\n\t\t\t\t<\/div>\n\t\t<div class=\"elementor-element elementor-element-4059114 e-flex e-con-boxed e-con e-parent\" data-id=\"4059114\" data-element_type=\"container\" data-e-type=\"container\">\n\t\t\t\t\t<div class=\"e-con-inner\">\n\t\t\t\t<div class=\"elementor-element elementor-element-90a99d5 elementor-widget elementor-widget-heading\" data-id=\"90a99d5\" data-element_type=\"widget\" data-e-type=\"widget\" data-widget_type=\"heading.default\">\n\t\t\t\t\t<h2 class=\"elementor-heading-title elementor-size-default\">Qu\u00e8 inclou el nostre servei?<\/h2>\t\t\t\t<\/div>\n\t\t\t\t<div class=\"elementor-element elementor-element-71af25b elementor-widget__width-initial elementor-widget elementor-widget-text-editor\" data-id=\"71af25b\" data-element_type=\"widget\" data-e-type=\"widget\" data-widget_type=\"text-editor.default\">\n\t\t\t\t\t\t\t\t\t<p>Abans de comen\u00e7ar, expliquem cada fase amb claredat perqu\u00e8 el propietari tingui una visi\u00f3 precisa del proc\u00e9s.<\/p><p><strong>Treballs habituals inclosos:<\/strong><\/p>\t\t\t\t\t\t\t\t<\/div>\n\t\t<div class=\"elementor-element elementor-element-87d8b52 e-con-full e-flex e-con e-child\" data-id=\"87d8b52\" data-element_type=\"container\" data-e-type=\"container\">\n\t\t\t\t<div class=\"elementor-element elementor-element-d07c486 elementor-widget elementor-widget-button\" data-id=\"d07c486\" data-element_type=\"widget\" data-e-type=\"widget\" data-widget_type=\"button.default\">\n\t\t\t\t\t\t\t\t\t\t<a class=\"elementor-button elementor-button-link elementor-size-sm\" href=\"#\">\n\t\t\t\t\t\t<span class=\"elementor-button-content-wrapper\">\n\t\t\t\t\t\t\t\t\t<span class=\"elementor-button-text\">Inspecci\u00f3 i avaluaci\u00f3 de l'estat de la fa\u00e7ana<\/span>\n\t\t\t\t\t<\/span>\n\t\t\t\t\t<\/a>\n\t\t\t\t\t\t\t\t<\/div>\n\t\t\t\t<div class=\"elementor-element elementor-element-e5f1c34 elementor-widget elementor-widget-button\" data-id=\"e5f1c34\" data-element_type=\"widget\" data-e-type=\"widget\" data-widget_type=\"button.default\">\n\t\t\t\t\t\t\t\t\t\t<a class=\"elementor-button elementor-button-link elementor-size-sm\" href=\"#\">\n\t\t\t\t\t\t<span class=\"elementor-button-content-wrapper\">\n\t\t\t\t\t\t\t\t\t<span class=\"elementor-button-text\">Neteja de superf\u00edcies exteriors<\/span>\n\t\t\t\t\t<\/span>\n\t\t\t\t\t<\/a>\n\t\t\t\t\t\t\t\t<\/div>\n\t\t\t\t<div class=\"elementor-element elementor-element-329399c elementor-widget elementor-widget-button\" data-id=\"329399c\" data-element_type=\"widget\" data-e-type=\"widget\" data-widget_type=\"button.default\">\n\t\t\t\t\t\t\t\t\t\t<a class=\"elementor-button elementor-button-link elementor-size-sm\" href=\"#\">\n\t\t\t\t\t\t<span class=\"elementor-button-content-wrapper\">\n\t\t\t\t\t\t\t\t\t<span class=\"elementor-button-text\">Reparaci\u00f3 de fissures i zones deteriorades<\/span>\n\t\t\t\t\t<\/span>\n\t\t\t\t\t<\/a>\n\t\t\t\t\t\t\t\t<\/div>\n\t\t\t\t<div class=\"elementor-element elementor-element-06638b7 elementor-widget elementor-widget-button\" data-id=\"06638b7\" data-element_type=\"widget\" data-e-type=\"widget\" data-widget_type=\"button.default\">\n\t\t\t\t\t\t\t\t\t\t<a class=\"elementor-button elementor-button-link elementor-size-sm\" href=\"#\">\n\t\t\t\t\t\t<span class=\"elementor-button-content-wrapper\">\n\t\t\t\t\t\t\t\t\t<span class=\"elementor-button-text\">Tratamientos protectores frente a humedad y sol<\/span>\n\t\t\t\t\t<\/span>\n\t\t\t\t\t<\/a>\n\t\t\t\t\t\t\t\t<\/div>\n\t\t\t\t<div class=\"elementor-element elementor-element-80e07c6 elementor-widget elementor-widget-button\" data-id=\"80e07c6\" data-element_type=\"widget\" data-e-type=\"widget\" data-widget_type=\"button.default\">\n\t\t\t\t\t\t\t\t\t\t<a class=\"elementor-button elementor-button-link elementor-size-sm\" href=\"#\">\n\t\t\t\t\t\t<span class=\"elementor-button-content-wrapper\">\n\t\t\t\t\t\t\t\t\t<span class=\"elementor-button-text\">Acabats finals adaptats a l'edifici<\/span>\n\t\t\t\t\t<\/span>\n\t\t\t\t\t<\/a>\n\t\t\t\t\t\t\t\t<\/div>\n\t\t\t\t<\/div>\n\t\t\t\t<div class=\"elementor-element elementor-element-eaa84b1 elementor-widget__width-initial elementor-widget elementor-widget-text-editor\" data-id=\"eaa84b1\" data-element_type=\"widget\" data-e-type=\"widget\" data-widget_type=\"text-editor.default\">\n\t\t\t\t\t\t\t\t\t<p>Aquest enfocament permet oferir una restauraci\u00f3 de fa\u00e7anes a Mallorca coherent, planificada i alineada amb l&#8217;estat real de l&#8217;immoble.<\/p>\t\t\t\t\t\t\t\t<\/div>\n\t\t\t\t\t<\/div>\n\t\t\t\t<\/div>\n\t\t<div class=\"elementor-element elementor-element-ffff713 e-flex e-con-boxed e-con e-parent\" data-id=\"ffff713\" data-element_type=\"container\" data-e-type=\"container\" data-settings=\"{&quot;background_background&quot;:&quot;classic&quot;}\">\n\t\t\t\t\t<div class=\"e-con-inner\">\n\t\t<div class=\"elementor-element elementor-element-5aeb615 e-con-full e-flex e-con e-child\" data-id=\"5aeb615\" data-element_type=\"container\" data-e-type=\"container\">\n\t\t\t\t<div class=\"elementor-element elementor-element-401527c elementor-widget elementor-widget-heading\" data-id=\"401527c\" data-element_type=\"widget\" data-e-type=\"widget\" data-widget_type=\"heading.default\">\n\t\t\t\t\t<h2 class=\"elementor-heading-title elementor-size-default\">Beneficis de restaurar la fa\u00e7ana davant d'altres solucions<\/h2>\t\t\t\t<\/div>\n\t\t\t\t<div class=\"elementor-element elementor-element-259c2e7 elementor-widget elementor-widget-text-editor\" data-id=\"259c2e7\" data-element_type=\"widget\" data-e-type=\"widget\" data-widget_type=\"text-editor.default\">\n\t\t\t\t\t\t\t\t\t<p>La restauraci\u00f3 no \u00e9s nom\u00e9s una millora visual. \u00c9s una actuaci\u00f3 que preserva l&#8217;edifici i evita intervencions m\u00e9s grans en el futur. <\/p><p><strong>Principals beneficis:<\/strong><\/p>\t\t\t\t\t\t\t\t<\/div>\n\t\t<div class=\"elementor-element elementor-element-5642746 e-con-full e-flex e-con e-child\" data-id=\"5642746\" data-element_type=\"container\" data-e-type=\"container\">\n\t\t\t\t<div class=\"elementor-element elementor-element-bf930d6 elementor-widget elementor-widget-button\" data-id=\"bf930d6\" data-element_type=\"widget\" data-e-type=\"widget\" data-widget_type=\"button.default\">\n\t\t\t\t\t\t\t\t\t\t<a class=\"elementor-button elementor-button-link elementor-size-sm\" href=\"#\">\n\t\t\t\t\t\t<span class=\"elementor-button-content-wrapper\">\n\t\t\t\t\t\t\t\t\t<span class=\"elementor-button-text\">Millora de l'aspecte exterior<\/span>\n\t\t\t\t\t<\/span>\n\t\t\t\t\t<\/a>\n\t\t\t\t\t\t\t\t<\/div>\n\t\t\t\t<div class=\"elementor-element elementor-element-20748f9 elementor-widget elementor-widget-button\" data-id=\"20748f9\" data-element_type=\"widget\" data-e-type=\"widget\" data-widget_type=\"button.default\">\n\t\t\t\t\t\t\t\t\t\t<a class=\"elementor-button elementor-button-link elementor-size-sm\" href=\"#\">\n\t\t\t\t\t\t<span class=\"elementor-button-content-wrapper\">\n\t\t\t\t\t\t\t\t\t<span class=\"elementor-button-text\">Protecci\u00f3 davant del deteriorament ambiental<\/span>\n\t\t\t\t\t<\/span>\n\t\t\t\t\t<\/a>\n\t\t\t\t\t\t\t\t<\/div>\n\t\t\t\t<div class=\"elementor-element elementor-element-792f105 elementor-widget elementor-widget-button\" data-id=\"792f105\" data-element_type=\"widget\" data-e-type=\"widget\" data-widget_type=\"button.default\">\n\t\t\t\t\t\t\t\t\t\t<a class=\"elementor-button elementor-button-link elementor-size-sm\" href=\"#\">\n\t\t\t\t\t\t<span class=\"elementor-button-content-wrapper\">\n\t\t\t\t\t\t\t\t\t<span class=\"elementor-button-text\">Prevenci\u00f3 de danys estructurals m\u00e9s grans<\/span>\n\t\t\t\t\t<\/span>\n\t\t\t\t\t<\/a>\n\t\t\t\t\t\t\t\t<\/div>\n\t\t\t\t<div class=\"elementor-element elementor-element-c2d04d4 elementor-widget elementor-widget-button\" data-id=\"c2d04d4\" data-element_type=\"widget\" data-e-type=\"widget\" data-widget_type=\"button.default\">\n\t\t\t\t\t\t\t\t\t\t<a class=\"elementor-button elementor-button-link elementor-size-sm\" href=\"#\">\n\t\t\t\t\t\t<span class=\"elementor-button-content-wrapper\">\n\t\t\t\t\t\t\t\t\t<span class=\"elementor-button-text\">Augment de la durabilitat dels materials<\/span>\n\t\t\t\t\t<\/span>\n\t\t\t\t\t<\/a>\n\t\t\t\t\t\t\t\t<\/div>\n\t\t\t\t<div class=\"elementor-element elementor-element-7756249 elementor-widget elementor-widget-button\" data-id=\"7756249\" data-element_type=\"widget\" data-e-type=\"widget\" data-widget_type=\"button.default\">\n\t\t\t\t\t\t\t\t\t\t<a class=\"elementor-button elementor-button-link elementor-size-sm\" href=\"#\">\n\t\t\t\t\t\t<span class=\"elementor-button-content-wrapper\">\n\t\t\t\t\t\t\t\t\t<span class=\"elementor-button-text\">Revaloraci\u00f3 de l'immoble<\/span>\n\t\t\t\t\t<\/span>\n\t\t\t\t\t<\/a>\n\t\t\t\t\t\t\t\t<\/div>\n\t\t\t\t<\/div>\n\t\t\t\t<div class=\"elementor-element elementor-element-d5ca0a3 elementor-widget elementor-widget-text-editor\" data-id=\"d5ca0a3\" data-element_type=\"widget\" data-e-type=\"widget\" data-widget_type=\"text-editor.default\">\n\t\t\t\t\t\t\t\t\t<p>Una intervenci\u00f3 a temps evita problemes futurs i contribueix a mantenir la fa\u00e7ana en bon estat durant m\u00e9s anys.<\/p>\t\t\t\t\t\t\t\t<\/div>\n\t\t\t\t<\/div>\n\t\t\t\t\t<\/div>\n\t\t\t\t<\/div>\n\t\t<div class=\"elementor-element elementor-element-48666f2 e-flex e-con-boxed e-con e-parent\" data-id=\"48666f2\" data-element_type=\"container\" data-e-type=\"container\" data-settings=\"{&quot;background_background&quot;:&quot;classic&quot;}\">\n\t\t\t\t\t<div class=\"e-con-inner\">\n\t\t<div class=\"elementor-element elementor-element-95483e2 e-con-full e-flex e-con e-child\" data-id=\"95483e2\" data-element_type=\"container\" data-e-type=\"container\">\n\t\t\t\t<div class=\"elementor-element elementor-element-1dd2cc2 elementor-widget elementor-widget-heading\" data-id=\"1dd2cc2\" data-element_type=\"widget\" data-e-type=\"widget\" data-widget_type=\"heading.default\">\n\t\t\t\t\t<h2 class=\"elementor-heading-title elementor-size-default\">Quan recomanem fer una restauraci\u00f3 de fa\u00e7anes a Mallorca? <\/h2>\t\t\t\t<\/div>\n\t\t\t\t<div class=\"elementor-element elementor-element-070c08b elementor-widget elementor-widget-text-editor\" data-id=\"070c08b\" data-element_type=\"widget\" data-e-type=\"widget\" data-widget_type=\"text-editor.default\">\n\t\t\t\t\t\t\t\t\t<p>La restauraci\u00f3 de fa\u00e7anes a Mallorca \u00e9s aconsellable quan apareixen fissures, despreniments, p\u00e8rdua de protecci\u00f3 o signes dhumitat. Tamb\u00e9 quan el revestiment comen\u00e7a a perdre cohesi\u00f3 o uniformitat a causa de lexposici\u00f3 prolongada al clima. <\/p><p>En habitatges que formen part d&#8217;entorns cuidats o propietats amb un cert valor arquitect\u00f2nic, mantenir la fa\u00e7ana en bon estat no \u00e9s nom\u00e9s manteniment: \u00e9s conservaci\u00f3 preventiva.<\/p>\t\t\t\t\t\t\t\t<\/div>\n\t\t\t\t<\/div>\n\t\t\t\t\t<\/div>\n\t\t\t\t<\/div>\n\t\t<div class=\"elementor-element elementor-element-9290729 e-flex e-con-boxed e-con e-parent\" data-id=\"9290729\" data-element_type=\"container\" data-e-type=\"container\" data-settings=\"{&quot;background_background&quot;:&quot;classic&quot;}\">\n\t\t\t\t\t<div class=\"e-con-inner\">\n\t\t<div class=\"elementor-element elementor-element-99779c3 e-con-full e-flex e-con e-child\" data-id=\"99779c3\" data-element_type=\"container\" data-e-type=\"container\">\n\t\t\t\t<div class=\"elementor-element elementor-element-c147913 elementor-widget elementor-widget-heading\" data-id=\"c147913\" data-element_type=\"widget\" data-e-type=\"widget\" data-widget_type=\"heading.default\">\n\t\t\t\t\t<h2 class=\"elementor-heading-title elementor-size-default\">La tranquil\u00b7litat de deixar el teu habitatge en bones mans<\/h2>\t\t\t\t<\/div>\n\t\t\t\t<div class=\"elementor-element elementor-element-94462d1 elementor-widget elementor-widget-text-editor\" data-id=\"94462d1\" data-element_type=\"widget\" data-e-type=\"widget\" data-widget_type=\"text-editor.default\">\n\t\t\t\t\t\t\t\t\t<p>Els qui ens confien la restauraci\u00f3 de la fa\u00e7ana busquen professionalitat, experi\u00e8ncia i una execuci\u00f3 ben planificada. Treballem amb ordre, respecte per l&#8217;entorn i atenci\u00f3 al detall, cuidant tant el desenvolupament del projecte com el resultat final. <\/p><p>Si busques un servei professional de restauraci\u00f3 de fa\u00e7anes Mallorca, la tranquil\u00b7litat arriba quan saps que la feina est\u00e0 ben feta des del principi. A <strong>Pintures Tsiula<\/strong>, estarem encantats d&#8217;ajudar-te. <\/p>\t\t\t\t\t\t\t\t<\/div>\n\t\t\t\t<\/div>\n\t\t\t\t\t<\/div>\n\t\t\t\t<\/div>\n\t\t<div class=\"elementor-element elementor-element-ca14671 e-flex e-con-boxed e-con e-parent\" data-id=\"ca14671\" data-element_type=\"container\" data-e-type=\"container\">\n\t\t\t\t\t<div class=\"e-con-inner\">\n\t\t\t\t<div class=\"elementor-element elementor-element-e649022 elementor-widget elementor-widget-heading\" data-id=\"e649022\" data-element_type=\"widget\" data-e-type=\"widget\" data-widget_type=\"heading.default\">\n\t\t\t\t\t<h2 class=\"elementor-heading-title elementor-size-default\">Preguntes freq\u00fcents sobre la restauraci\u00f3 de fa\u00e7anes Mallorca <\/h2>\t\t\t\t<\/div>\n\t\t\t\t<div class=\"elementor-element elementor-element-8b32afa elementor-widget elementor-widget-n-accordion\" data-id=\"8b32afa\" data-element_type=\"widget\" data-e-type=\"widget\" data-settings=\"{&quot;default_state&quot;:&quot;all_collapsed&quot;,&quot;max_items_expended&quot;:&quot;one&quot;,&quot;n_accordion_animation_duration&quot;:{&quot;unit&quot;:&quot;ms&quot;,&quot;size&quot;:400,&quot;sizes&quot;:[]}}\" data-widget_type=\"nested-accordion.default\">\n\t\t\t\t\t\t\t<div class=\"e-n-accordion\" aria-label=\"Accordion. Open links with Enter or Space, close with Escape, and navigate with Arrow Keys\">\n\t\t\t\t\t\t<details id=\"e-n-accordion-item-1450\" class=\"e-n-accordion-item\" >\n\t\t\t\t<summary class=\"e-n-accordion-item-title\" data-accordion-index=\"1\" tabindex=\"0\" aria-expanded=\"false\" aria-controls=\"e-n-accordion-item-1450\" >\n\t\t\t\t\t<span class='e-n-accordion-item-title-header'><h3 class=\"e-n-accordion-item-title-text\"> \u00c9s necessari demanar permisos per fer una restauraci\u00f3 de fa\u00e7anes? <\/h3><\/span>\n\t\t\t\t\t\t\t<span class='e-n-accordion-item-title-icon'>\n\t\t\t<span class='e-opened' ><svg aria-hidden=\"true\" class=\"e-font-icon-svg e-fas-angle-down\" viewBox=\"0 0 320 512\" xmlns=\"http:\/\/www.w3.org\/2000\/svg\"><path d=\"M143 352.3L7 216.3c-9.4-9.4-9.4-24.6 0-33.9l22.6-22.6c9.4-9.4 24.6-9.4 33.9 0l96.4 96.4 96.4-96.4c9.4-9.4 24.6-9.4 33.9 0l22.6 22.6c9.4 9.4 9.4 24.6 0 33.9l-136 136c-9.2 9.4-24.4 9.4-33.8 0z\"><\/path><\/svg><\/span>\n\t\t\t<span class='e-closed'><svg aria-hidden=\"true\" class=\"e-font-icon-svg e-fas-angle-right\" viewBox=\"0 0 256 512\" xmlns=\"http:\/\/www.w3.org\/2000\/svg\"><path d=\"M224.3 273l-136 136c-9.4 9.4-24.6 9.4-33.9 0l-22.6-22.6c-9.4-9.4-9.4-24.6 0-33.9l96.4-96.4-96.4-96.4c-9.4-9.4-9.4-24.6 0-33.9L54.3 103c9.4-9.4 24.6-9.4 33.9 0l136 136c9.5 9.4 9.5 24.6.1 34z\"><\/path><\/svg><\/span>\n\t\t<\/span>\n\n\t\t\t\t\t\t<\/summary>\n\t\t\t\t<div role=\"region\" aria-labelledby=\"e-n-accordion-item-1450\" class=\"elementor-element elementor-element-0283971 e-con-full e-flex e-con e-child\" data-id=\"0283971\" data-element_type=\"container\" data-e-type=\"container\">\n\t\t\t\t<div class=\"elementor-element elementor-element-936b05b elementor-widget elementor-widget-text-editor\" data-id=\"936b05b\" data-element_type=\"widget\" data-e-type=\"widget\" data-widget_type=\"text-editor.default\">\n\t\t\t\t\t\t\t\t\t<p>Dep\u00e8n del tipus d&#8217;edifici i de l&#8217;abast de la intervenci\u00f3. A comunitats de ve\u00efns o edificis catalogats pot ser necessari sol\u00b7licitar autoritzaci\u00f3 municipal o l&#8217;acord de la comunitat. Abans de comen\u00e7ar, cal revisar aquest punt per evitar retards o problemes administratius durant la restauraci\u00f3.  <\/p>\t\t\t\t\t\t\t\t<\/div>\n\t\t\t\t<\/div>\n\t\t\t\t\t<\/details>\n\t\t\t\t\t\t<details id=\"e-n-accordion-item-1451\" class=\"e-n-accordion-item\" >\n\t\t\t\t<summary class=\"e-n-accordion-item-title\" data-accordion-index=\"2\" tabindex=\"-1\" aria-expanded=\"false\" aria-controls=\"e-n-accordion-item-1451\" >\n\t\t\t\t\t<span class='e-n-accordion-item-title-header'><h3 class=\"e-n-accordion-item-title-text\"> La restauraci\u00f3 de fa\u00e7anes pot ajudar a millorar l?a\u00efllament de l?edifici? <\/h3><\/span>\n\t\t\t\t\t\t\t<span class='e-n-accordion-item-title-icon'>\n\t\t\t<span class='e-opened' ><svg aria-hidden=\"true\" class=\"e-font-icon-svg e-fas-angle-down\" viewBox=\"0 0 320 512\" xmlns=\"http:\/\/www.w3.org\/2000\/svg\"><path d=\"M143 352.3L7 216.3c-9.4-9.4-9.4-24.6 0-33.9l22.6-22.6c9.4-9.4 24.6-9.4 33.9 0l96.4 96.4 96.4-96.4c9.4-9.4 24.6-9.4 33.9 0l22.6 22.6c9.4 9.4 9.4 24.6 0 33.9l-136 136c-9.2 9.4-24.4 9.4-33.8 0z\"><\/path><\/svg><\/span>\n\t\t\t<span class='e-closed'><svg aria-hidden=\"true\" class=\"e-font-icon-svg e-fas-angle-right\" viewBox=\"0 0 256 512\" xmlns=\"http:\/\/www.w3.org\/2000\/svg\"><path d=\"M224.3 273l-136 136c-9.4 9.4-24.6 9.4-33.9 0l-22.6-22.6c-9.4-9.4-9.4-24.6 0-33.9l96.4-96.4-96.4-96.4c-9.4-9.4-9.4-24.6 0-33.9L54.3 103c9.4-9.4 24.6-9.4 33.9 0l136 136c9.5 9.4 9.5 24.6.1 34z\"><\/path><\/svg><\/span>\n\t\t<\/span>\n\n\t\t\t\t\t\t<\/summary>\n\t\t\t\t<div role=\"region\" aria-labelledby=\"e-n-accordion-item-1451\" class=\"elementor-element elementor-element-32ef553 e-con-full e-flex e-con e-child\" data-id=\"32ef553\" data-element_type=\"container\" data-e-type=\"container\">\n\t\t\t\t<div class=\"elementor-element elementor-element-3bb8479 elementor-widget elementor-widget-text-editor\" data-id=\"3bb8479\" data-element_type=\"widget\" data-e-type=\"widget\" data-widget_type=\"text-editor.default\">\n\t\t\t\t\t\t\t\t\t<p>En alguns casos, s\u00ed. Tot i no substituir un sistema d&#8217;a\u00efllament espec\u00edfic, una restauraci\u00f3 de fa\u00e7anes ben plantejada pot reduir filtracions d&#8217;aire i humitat, millorant el confort interior. Tot dep\u00e8n de l&#8217;estat previ del suport i dels tractaments aplicats.  <\/p>\t\t\t\t\t\t\t\t<\/div>\n\t\t\t\t<\/div>\n\t\t\t\t\t<\/details>\n\t\t\t\t\t\t<details id=\"e-n-accordion-item-1452\" class=\"e-n-accordion-item\" >\n\t\t\t\t<summary class=\"e-n-accordion-item-title\" data-accordion-index=\"3\" tabindex=\"-1\" aria-expanded=\"false\" aria-controls=\"e-n-accordion-item-1452\" >\n\t\t\t\t\t<span class='e-n-accordion-item-title-header'><h3 class=\"e-n-accordion-item-title-text\"> Quina \u00e8poca de l'any \u00e9s m\u00e9s adient per restaurar una fa\u00e7ana a Mallorca? <\/h3><\/span>\n\t\t\t\t\t\t\t<span class='e-n-accordion-item-title-icon'>\n\t\t\t<span class='e-opened' ><svg aria-hidden=\"true\" class=\"e-font-icon-svg e-fas-angle-down\" viewBox=\"0 0 320 512\" xmlns=\"http:\/\/www.w3.org\/2000\/svg\"><path d=\"M143 352.3L7 216.3c-9.4-9.4-9.4-24.6 0-33.9l22.6-22.6c9.4-9.4 24.6-9.4 33.9 0l96.4 96.4 96.4-96.4c9.4-9.4 24.6-9.4 33.9 0l22.6 22.6c9.4 9.4 9.4 24.6 0 33.9l-136 136c-9.2 9.4-24.4 9.4-33.8 0z\"><\/path><\/svg><\/span>\n\t\t\t<span class='e-closed'><svg aria-hidden=\"true\" class=\"e-font-icon-svg e-fas-angle-right\" viewBox=\"0 0 256 512\" xmlns=\"http:\/\/www.w3.org\/2000\/svg\"><path d=\"M224.3 273l-136 136c-9.4 9.4-24.6 9.4-33.9 0l-22.6-22.6c-9.4-9.4-9.4-24.6 0-33.9l96.4-96.4-96.4-96.4c-9.4-9.4-9.4-24.6 0-33.9L54.3 103c9.4-9.4 24.6-9.4 33.9 0l136 136c9.5 9.4 9.5 24.6.1 34z\"><\/path><\/svg><\/span>\n\t\t<\/span>\n\n\t\t\t\t\t\t<\/summary>\n\t\t\t\t<div role=\"region\" aria-labelledby=\"e-n-accordion-item-1452\" class=\"elementor-element elementor-element-071185f e-con-full e-flex e-con e-child\" data-id=\"071185f\" data-element_type=\"container\" data-e-type=\"container\">\n\t\t\t\t<div class=\"elementor-element elementor-element-22f01f6 elementor-widget elementor-widget-text-editor\" data-id=\"22f01f6\" data-element_type=\"widget\" data-e-type=\"widget\" data-widget_type=\"text-editor.default\">\n\t\t\t\t\t\t\t\t\t<p>Les condicions clim\u00e0tiques influeixen molt en aquest tipus de feines. A Mallorca, els per\u00edodes amb menor humitat ambiental i temperatures moderades solen ser els m\u00e9s adequats, ja que afavoreixen un correcte assecat i una millor adher\u00e8ncia dels materials. <\/p>\t\t\t\t\t\t\t\t<\/div>\n\t\t\t\t<\/div>\n\t\t\t\t\t<\/details>\n\t\t\t\t\t\t<details id=\"e-n-accordion-item-1453\" class=\"e-n-accordion-item\" >\n\t\t\t\t<summary class=\"e-n-accordion-item-title\" data-accordion-index=\"4\" tabindex=\"-1\" aria-expanded=\"false\" aria-controls=\"e-n-accordion-item-1453\" >\n\t\t\t\t\t<span class='e-n-accordion-item-title-header'><h3 class=\"e-n-accordion-item-title-text\"> Com afecta lorientaci\u00f3 de ledifici a lestat de la fa\u00e7ana? <\/h3><\/span>\n\t\t\t\t\t\t\t<span class='e-n-accordion-item-title-icon'>\n\t\t\t<span class='e-opened' ><svg aria-hidden=\"true\" class=\"e-font-icon-svg e-fas-angle-down\" viewBox=\"0 0 320 512\" xmlns=\"http:\/\/www.w3.org\/2000\/svg\"><path d=\"M143 352.3L7 216.3c-9.4-9.4-9.4-24.6 0-33.9l22.6-22.6c9.4-9.4 24.6-9.4 33.9 0l96.4 96.4 96.4-96.4c9.4-9.4 24.6-9.4 33.9 0l22.6 22.6c9.4 9.4 9.4 24.6 0 33.9l-136 136c-9.2 9.4-24.4 9.4-33.8 0z\"><\/path><\/svg><\/span>\n\t\t\t<span class='e-closed'><svg aria-hidden=\"true\" class=\"e-font-icon-svg e-fas-angle-right\" viewBox=\"0 0 256 512\" xmlns=\"http:\/\/www.w3.org\/2000\/svg\"><path d=\"M224.3 273l-136 136c-9.4 9.4-24.6 9.4-33.9 0l-22.6-22.6c-9.4-9.4-9.4-24.6 0-33.9l96.4-96.4-96.4-96.4c-9.4-9.4-9.4-24.6 0-33.9L54.3 103c9.4-9.4 24.6-9.4 33.9 0l136 136c9.5 9.4 9.5 24.6.1 34z\"><\/path><\/svg><\/span>\n\t\t<\/span>\n\n\t\t\t\t\t\t<\/summary>\n\t\t\t\t<div role=\"region\" aria-labelledby=\"e-n-accordion-item-1453\" class=\"elementor-element elementor-element-5a8a4f8 e-flex e-con-boxed e-con e-child\" data-id=\"5a8a4f8\" data-element_type=\"container\" data-e-type=\"container\">\n\t\t\t\t\t<div class=\"e-con-inner\">\n\t\t\t\t<div class=\"elementor-element elementor-element-a5703e9 elementor-widget elementor-widget-text-editor\" data-id=\"a5703e9\" data-element_type=\"widget\" data-e-type=\"widget\" data-widget_type=\"text-editor.default\">\n\t\t\t\t\t\t\t\t\t<p>Lorientaci\u00f3 \u00e9s un factor clau. Les fa\u00e7anes m\u00e9s exposades al sol o al vent solen patir un desgast diferent de les que estan m\u00e9s protegides. Per aix\u00f2, a l&#8217;hora de fer una restauraci\u00f3 de fa\u00e7anes a Mallorca es t\u00e9 en compte aquest aspecte per triar els tractaments m\u00e9s adequats a cada zona de l&#8217;edifici.  <\/p>\t\t\t\t\t\t\t\t<\/div>\n\t\t\t\t\t<\/div>\n\t\t\t\t<\/div>\n\t\t\t\t\t<\/details>\n\t\t\t\t\t\t<details id=\"e-n-accordion-item-1454\" class=\"e-n-accordion-item\" >\n\t\t\t\t<summary class=\"e-n-accordion-item-title\" data-accordion-index=\"5\" tabindex=\"-1\" aria-expanded=\"false\" aria-controls=\"e-n-accordion-item-1454\" >\n\t\t\t\t\t<span class='e-n-accordion-item-title-header'><h3 class=\"e-n-accordion-item-title-text\"> Quin manteniment necessita una fa\u00e7ana despr\u00e9s de restaurar-la? <\/h3><\/span>\n\t\t\t\t\t\t\t<span class='e-n-accordion-item-title-icon'>\n\t\t\t<span class='e-opened' ><svg aria-hidden=\"true\" class=\"e-font-icon-svg e-fas-angle-down\" viewBox=\"0 0 320 512\" xmlns=\"http:\/\/www.w3.org\/2000\/svg\"><path d=\"M143 352.3L7 216.3c-9.4-9.4-9.4-24.6 0-33.9l22.6-22.6c9.4-9.4 24.6-9.4 33.9 0l96.4 96.4 96.4-96.4c9.4-9.4 24.6-9.4 33.9 0l22.6 22.6c9.4 9.4 9.4 24.6 0 33.9l-136 136c-9.2 9.4-24.4 9.4-33.8 0z\"><\/path><\/svg><\/span>\n\t\t\t<span class='e-closed'><svg aria-hidden=\"true\" class=\"e-font-icon-svg e-fas-angle-right\" viewBox=\"0 0 256 512\" xmlns=\"http:\/\/www.w3.org\/2000\/svg\"><path d=\"M224.3 273l-136 136c-9.4 9.4-24.6 9.4-33.9 0l-22.6-22.6c-9.4-9.4-9.4-24.6 0-33.9l96.4-96.4-96.4-96.4c-9.4-9.4-9.4-24.6 0-33.9L54.3 103c9.4-9.4 24.6-9.4 33.9 0l136 136c9.5 9.4 9.5 24.6.1 34z\"><\/path><\/svg><\/span>\n\t\t<\/span>\n\n\t\t\t\t\t\t<\/summary>\n\t\t\t\t<div role=\"region\" aria-labelledby=\"e-n-accordion-item-1454\" class=\"elementor-element elementor-element-0fa27e9 e-flex e-con-boxed e-con e-child\" data-id=\"0fa27e9\" data-element_type=\"container\" data-e-type=\"container\">\n\t\t\t\t\t<div class=\"e-con-inner\">\n\t\t\t\t<div class=\"elementor-element elementor-element-87def9c elementor-widget elementor-widget-text-editor\" data-id=\"87def9c\" data-element_type=\"widget\" data-e-type=\"widget\" data-widget_type=\"text-editor.default\">\n\t\t\t\t\t\t\t\t\t<p>Un cop restaurada, la fa\u00e7ana no requereix un manteniment complex, per\u00f2 s\u00ed revisions peri\u00f2diques. Comprovar l&#8217;estat del revestiment, netejar brut\u00edcia acumulada i actuar davant de petits signes de desgast ajuda a prolongar els resultats de la restauraci\u00f3 durant m\u00e9s temps. <\/p>\t\t\t\t\t\t\t\t<\/div>\n\t\t\t\t\t<\/div>\n\t\t\t\t<\/div>\n\t\t\t\t\t<\/details>\n\t\t\t\t\t\t<details id=\"e-n-accordion-item-1455\" class=\"e-n-accordion-item\" >\n\t\t\t\t<summary class=\"e-n-accordion-item-title\" data-accordion-index=\"6\" tabindex=\"-1\" aria-expanded=\"false\" aria-controls=\"e-n-accordion-item-1455\" >\n\t\t\t\t\t<span class='e-n-accordion-item-title-header'><h3 class=\"e-n-accordion-item-title-text\"> Un treball de restauraci\u00f3 de fa\u00e7anes a Mallorca pot augmentar el valor de l'immoble? <\/h3><\/span>\n\t\t\t\t\t\t\t<span class='e-n-accordion-item-title-icon'>\n\t\t\t<span class='e-opened' ><svg aria-hidden=\"true\" class=\"e-font-icon-svg e-fas-angle-down\" viewBox=\"0 0 320 512\" xmlns=\"http:\/\/www.w3.org\/2000\/svg\"><path d=\"M143 352.3L7 216.3c-9.4-9.4-9.4-24.6 0-33.9l22.6-22.6c9.4-9.4 24.6-9.4 33.9 0l96.4 96.4 96.4-96.4c9.4-9.4 24.6-9.4 33.9 0l22.6 22.6c9.4 9.4 9.4 24.6 0 33.9l-136 136c-9.2 9.4-24.4 9.4-33.8 0z\"><\/path><\/svg><\/span>\n\t\t\t<span class='e-closed'><svg aria-hidden=\"true\" class=\"e-font-icon-svg e-fas-angle-right\" viewBox=\"0 0 256 512\" xmlns=\"http:\/\/www.w3.org\/2000\/svg\"><path d=\"M224.3 273l-136 136c-9.4 9.4-24.6 9.4-33.9 0l-22.6-22.6c-9.4-9.4-9.4-24.6 0-33.9l96.4-96.4-96.4-96.4c-9.4-9.4-9.4-24.6 0-33.9L54.3 103c9.4-9.4 24.6-9.4 33.9 0l136 136c9.5 9.4 9.5 24.6.1 34z\"><\/path><\/svg><\/span>\n\t\t<\/span>\n\n\t\t\t\t\t\t<\/summary>\n\t\t\t\t<div role=\"region\" aria-labelledby=\"e-n-accordion-item-1455\" class=\"elementor-element elementor-element-243192a e-flex e-con-boxed e-con e-child\" data-id=\"243192a\" data-element_type=\"container\" data-e-type=\"container\">\n\t\t\t\t\t<div class=\"e-con-inner\">\n\t\t\t\t<div class=\"elementor-element elementor-element-079c4ed elementor-widget elementor-widget-text-editor\" data-id=\"079c4ed\" data-element_type=\"widget\" data-e-type=\"widget\" data-widget_type=\"text-editor.default\">\n\t\t\t\t\t\t\t\t\t<p>S\u00ed. Una fa\u00e7ana correctament restaurada millora la percepci\u00f3 de l&#8217;edifici i transmet manteniment i solidesa. En habitatges particulars, finques o propietats situades a zones consolidades de l&#8217;illa, una intervenci\u00f3 t\u00e8cnica ben executada pot influir directament en la revaloraci\u00f3 de l&#8217;immoble i el seu atractiu a llarg termini.  <\/p>\t\t\t\t\t\t\t\t<\/div>\n\t\t\t\t\t<\/div>\n\t\t\t\t<\/div>\n\t\t\t\t\t<\/details>\n\t\t\t\t\t<\/div>\n\t\t\t\t\t\t<\/div>\n\t\t\t\t\t<\/div>\n\t\t\t\t<\/div>\n\t\t\t\t<\/div>\n\t\t","protected":false},"excerpt":{"rendered":"<p>Experts en rehabilitaci\u00f3 de fa\u00e7anes a Mallorca A Pintures Tsiula fa anys que ens dediquem a treballs de restauraci\u00f3 i rehabilitaci\u00f3 a l&#8217;illa, intervenint en fa\u00e7anes on l&#8217;acabat exterior forma part essencial de la imatge i el valor de l&#8217;edifici. El nostre equip coneix com influeixen el sol, la salinitat i la humitat en cada [&hellip;]<\/p>\n","protected":false},"author":1,"featured_media":1741,"parent":0,"menu_order":0,"comment_status":"closed","ping_status":"closed","template":"","meta":{"_acf_changed":false,"footnotes":""},"class_list":["post-1767","page","type-page","status-publish","has-post-thumbnail","hentry"],"acf":[],"yoast_head":"<!-- This site is optimized with the Yoast SEO plugin v26.7 - https:\/\/yoast.com\/wordpress\/plugins\/seo\/ -->\n<title>Restauraci\u00f3 de fa\u00e7anes a Mallorca - Tsiula<\/title>\n<meta name=\"description\" content=\"Especialistes en restauraci\u00f3 de fa\u00e7anes a Mallorca. Avaluem, reparem i protegim l&#039;exterior de l&#039;immoble amb acabats duradors i coherents.\" \/>\n<meta name=\"robots\" content=\"index, follow, max-snippet:-1, max-image-preview:large, max-video-preview:-1\" \/>\n<link rel=\"canonical\" href=\"https:\/\/tsiula.com\/ca\/restauracio-de-facanes-mallorca\/\" \/>\n<meta property=\"og:locale\" content=\"ca_ES\" \/>\n<meta property=\"og:type\" content=\"article\" \/>\n<meta property=\"og:title\" content=\"Restauraci\u00f3 de fa\u00e7anes a Mallorca - Tsiula\" \/>\n<meta property=\"og:description\" content=\"Especialistes en restauraci\u00f3 de fa\u00e7anes a Mallorca. Avaluem, reparem i protegim l&#039;exterior de l&#039;immoble amb acabats duradors i coherents.\" \/>\n<meta property=\"og:url\" content=\"https:\/\/tsiula.com\/ca\/restauracio-de-facanes-mallorca\/\" \/>\n<meta property=\"og:site_name\" content=\"Tsiula\" \/>\n<meta property=\"article:modified_time\" content=\"2026-04-17T07:58:09+00:00\" \/>\n<meta property=\"og:image\" content=\"https:\/\/tsiula.fra1.digitaloceanspaces.com\/wp-content\/uploads\/2026\/04\/Fachadas.webp\" \/>\n\t<meta property=\"og:image:width\" content=\"1920\" \/>\n\t<meta property=\"og:image:height\" content=\"1280\" \/>\n\t<meta property=\"og:image:type\" content=\"image\/webp\" \/>\n<meta name=\"twitter:card\" content=\"summary_large_image\" \/>\n<meta name=\"twitter:label1\" content=\"Temps estimat de lectura\" \/>\n\t<meta name=\"twitter:data1\" content=\"6 minuts\" \/>\n<script type=\"application\/ld+json\" class=\"yoast-schema-graph\">{\"@context\":\"https:\/\/schema.org\",\"@graph\":[{\"@type\":\"WebPage\",\"@id\":\"https:\/\/tsiula.com\/ca\/restauracio-de-facanes-mallorca\/\",\"url\":\"https:\/\/tsiula.com\/ca\/restauracio-de-facanes-mallorca\/\",\"name\":\"Restauraci\u00f3 de fa\u00e7anes a Mallorca - Tsiula\",\"isPartOf\":{\"@id\":\"https:\/\/tsiula.com\/ca\/#website\"},\"primaryImageOfPage\":{\"@id\":\"https:\/\/tsiula.com\/ca\/restauracio-de-facanes-mallorca\/#primaryimage\"},\"image\":{\"@id\":\"https:\/\/tsiula.com\/ca\/restauracio-de-facanes-mallorca\/#primaryimage\"},\"thumbnailUrl\":\"https:\/\/tsiula.fra1.digitaloceanspaces.com\/wp-content\/uploads\/2026\/04\/Fachadas.webp\",\"datePublished\":\"2026-03-23T12:35:54+00:00\",\"dateModified\":\"2026-04-17T07:58:09+00:00\",\"description\":\"Especialistes en restauraci\u00f3 de fa\u00e7anes a Mallorca. Avaluem, reparem i protegim l'exterior de l'immoble amb acabats duradors i coherents.\",\"breadcrumb\":{\"@id\":\"https:\/\/tsiula.com\/ca\/restauracio-de-facanes-mallorca\/#breadcrumb\"},\"inLanguage\":\"ca\",\"potentialAction\":[{\"@type\":\"ReadAction\",\"target\":[\"https:\/\/tsiula.com\/ca\/restauracio-de-facanes-mallorca\/\"]}]},{\"@type\":\"ImageObject\",\"inLanguage\":\"ca\",\"@id\":\"https:\/\/tsiula.com\/ca\/restauracio-de-facanes-mallorca\/#primaryimage\",\"url\":\"https:\/\/tsiula.fra1.digitaloceanspaces.com\/wp-content\/uploads\/2026\/04\/Fachadas.webp\",\"contentUrl\":\"https:\/\/tsiula.fra1.digitaloceanspaces.com\/wp-content\/uploads\/2026\/04\/Fachadas.webp\",\"width\":1920,\"height\":1280,\"caption\":\"Restauraci\u00f3n de fachadas Mallorca\"},{\"@type\":\"BreadcrumbList\",\"@id\":\"https:\/\/tsiula.com\/ca\/restauracio-de-facanes-mallorca\/#breadcrumb\",\"itemListElement\":[{\"@type\":\"ListItem\",\"position\":1,\"name\":\"Portada\",\"item\":\"https:\/\/tsiula.com\/ca\/inici\/\"},{\"@type\":\"ListItem\",\"position\":2,\"name\":\"Restauraci\u00f3 de fa\u00e7anes Mallorca\"}]},{\"@type\":\"WebSite\",\"@id\":\"https:\/\/tsiula.com\/ca\/#website\",\"url\":\"https:\/\/tsiula.com\/ca\/\",\"name\":\"Tsiula\",\"description\":\"\",\"publisher\":{\"@id\":\"https:\/\/tsiula.com\/ca\/#organization\"},\"potentialAction\":[{\"@type\":\"SearchAction\",\"target\":{\"@type\":\"EntryPoint\",\"urlTemplate\":\"https:\/\/tsiula.com\/ca\/?s={search_term_string}\"},\"query-input\":{\"@type\":\"PropertyValueSpecification\",\"valueRequired\":true,\"valueName\":\"search_term_string\"}}],\"inLanguage\":\"ca\"},{\"@type\":\"Organization\",\"@id\":\"https:\/\/tsiula.com\/ca\/#organization\",\"name\":\"Tsiula\",\"url\":\"https:\/\/tsiula.com\/ca\/\",\"logo\":{\"@type\":\"ImageObject\",\"inLanguage\":\"ca\",\"@id\":\"https:\/\/tsiula.com\/ca\/#\/schema\/logo\/image\/\",\"url\":\"https:\/\/tsiula.com\/wp-content\/uploads\/2025\/07\/logo-pintures-tsiula-1.svg\",\"contentUrl\":\"https:\/\/tsiula.com\/wp-content\/uploads\/2025\/07\/logo-pintures-tsiula-1.svg\",\"width\":158,\"height\":80,\"caption\":\"Tsiula\"},\"image\":{\"@id\":\"https:\/\/tsiula.com\/ca\/#\/schema\/logo\/image\/\"}}]}<\/script>\n<!-- \/ Yoast SEO plugin. -->","yoast_head_json":{"title":"Restauraci\u00f3 de fa\u00e7anes a Mallorca - Tsiula","description":"Especialistes en restauraci\u00f3 de fa\u00e7anes a Mallorca. Avaluem, reparem i protegim l'exterior de l'immoble amb acabats duradors i coherents.","robots":{"index":"index","follow":"follow","max-snippet":"max-snippet:-1","max-image-preview":"max-image-preview:large","max-video-preview":"max-video-preview:-1"},"canonical":"https:\/\/tsiula.com\/ca\/restauracio-de-facanes-mallorca\/","og_locale":"ca_ES","og_type":"article","og_title":"Restauraci\u00f3 de fa\u00e7anes a Mallorca - Tsiula","og_description":"Especialistes en restauraci\u00f3 de fa\u00e7anes a Mallorca. Avaluem, reparem i protegim l'exterior de l'immoble amb acabats duradors i coherents.","og_url":"https:\/\/tsiula.com\/ca\/restauracio-de-facanes-mallorca\/","og_site_name":"Tsiula","article_modified_time":"2026-04-17T07:58:09+00:00","og_image":[{"width":1920,"height":1280,"url":"https:\/\/tsiula.fra1.digitaloceanspaces.com\/wp-content\/uploads\/2026\/04\/Fachadas.webp","type":"image\/webp"}],"twitter_card":"summary_large_image","twitter_misc":{"Temps estimat de lectura":"6 minuts"},"schema":{"@context":"https:\/\/schema.org","@graph":[{"@type":"WebPage","@id":"https:\/\/tsiula.com\/ca\/restauracio-de-facanes-mallorca\/","url":"https:\/\/tsiula.com\/ca\/restauracio-de-facanes-mallorca\/","name":"Restauraci\u00f3 de fa\u00e7anes a Mallorca - Tsiula","isPartOf":{"@id":"https:\/\/tsiula.com\/ca\/#website"},"primaryImageOfPage":{"@id":"https:\/\/tsiula.com\/ca\/restauracio-de-facanes-mallorca\/#primaryimage"},"image":{"@id":"https:\/\/tsiula.com\/ca\/restauracio-de-facanes-mallorca\/#primaryimage"},"thumbnailUrl":"https:\/\/tsiula.fra1.digitaloceanspaces.com\/wp-content\/uploads\/2026\/04\/Fachadas.webp","datePublished":"2026-03-23T12:35:54+00:00","dateModified":"2026-04-17T07:58:09+00:00","description":"Especialistes en restauraci\u00f3 de fa\u00e7anes a Mallorca. Avaluem, reparem i protegim l'exterior de l'immoble amb acabats duradors i coherents.","breadcrumb":{"@id":"https:\/\/tsiula.com\/ca\/restauracio-de-facanes-mallorca\/#breadcrumb"},"inLanguage":"ca","potentialAction":[{"@type":"ReadAction","target":["https:\/\/tsiula.com\/ca\/restauracio-de-facanes-mallorca\/"]}]},{"@type":"ImageObject","inLanguage":"ca","@id":"https:\/\/tsiula.com\/ca\/restauracio-de-facanes-mallorca\/#primaryimage","url":"https:\/\/tsiula.fra1.digitaloceanspaces.com\/wp-content\/uploads\/2026\/04\/Fachadas.webp","contentUrl":"https:\/\/tsiula.fra1.digitaloceanspaces.com\/wp-content\/uploads\/2026\/04\/Fachadas.webp","width":1920,"height":1280,"caption":"Restauraci\u00f3n de fachadas Mallorca"},{"@type":"BreadcrumbList","@id":"https:\/\/tsiula.com\/ca\/restauracio-de-facanes-mallorca\/#breadcrumb","itemListElement":[{"@type":"ListItem","position":1,"name":"Portada","item":"https:\/\/tsiula.com\/ca\/inici\/"},{"@type":"ListItem","position":2,"name":"Restauraci\u00f3 de fa\u00e7anes Mallorca"}]},{"@type":"WebSite","@id":"https:\/\/tsiula.com\/ca\/#website","url":"https:\/\/tsiula.com\/ca\/","name":"Tsiula","description":"","publisher":{"@id":"https:\/\/tsiula.com\/ca\/#organization"},"potentialAction":[{"@type":"SearchAction","target":{"@type":"EntryPoint","urlTemplate":"https:\/\/tsiula.com\/ca\/?s={search_term_string}"},"query-input":{"@type":"PropertyValueSpecification","valueRequired":true,"valueName":"search_term_string"}}],"inLanguage":"ca"},{"@type":"Organization","@id":"https:\/\/tsiula.com\/ca\/#organization","name":"Tsiula","url":"https:\/\/tsiula.com\/ca\/","logo":{"@type":"ImageObject","inLanguage":"ca","@id":"https:\/\/tsiula.com\/ca\/#\/schema\/logo\/image\/","url":"https:\/\/tsiula.com\/wp-content\/uploads\/2025\/07\/logo-pintures-tsiula-1.svg","contentUrl":"https:\/\/tsiula.com\/wp-content\/uploads\/2025\/07\/logo-pintures-tsiula-1.svg","width":158,"height":80,"caption":"Tsiula"},"image":{"@id":"https:\/\/tsiula.com\/ca\/#\/schema\/logo\/image\/"}}]}},"_links":{"self":[{"href":"https:\/\/tsiula.com\/ca\/wp-json\/wp\/v2\/pages\/1767","targetHints":{"allow":["GET"]}}],"collection":[{"href":"https:\/\/tsiula.com\/ca\/wp-json\/wp\/v2\/pages"}],"about":[{"href":"https:\/\/tsiula.com\/ca\/wp-json\/wp\/v2\/types\/page"}],"author":[{"embeddable":true,"href":"https:\/\/tsiula.com\/ca\/wp-json\/wp\/v2\/users\/1"}],"replies":[{"embeddable":true,"href":"https:\/\/tsiula.com\/ca\/wp-json\/wp\/v2\/comments?post=1767"}],"version-history":[{"count":1,"href":"https:\/\/tsiula.com\/ca\/wp-json\/wp\/v2\/pages\/1767\/revisions"}],"predecessor-version":[{"id":1768,"href":"https:\/\/tsiula.com\/ca\/wp-json\/wp\/v2\/pages\/1767\/revisions\/1768"}],"wp:featuredmedia":[{"embeddable":true,"href":"https:\/\/tsiula.com\/ca\/wp-json\/wp\/v2\/media\/1741"}],"wp:attachment":[{"href":"https:\/\/tsiula.com\/ca\/wp-json\/wp\/v2\/media?parent=1767"}],"curies":[{"name":"wp","href":"https:\/\/api.w.org\/{rel}","templated":true}]}}