{"id":1524,"date":"2026-03-23T12:52:47","date_gmt":"2026-03-23T11:52:47","guid":{"rendered":"https:\/\/tsiula.com\/?page_id=1524"},"modified":"2026-04-16T12:47:19","modified_gmt":"2026-04-16T10:47:19","slug":"restauracion-artesanal-de-persianas-mallorquinas-en-mallorca","status":"publish","type":"page","link":"https:\/\/tsiula.com\/es\/restauracion-artesanal-de-persianas-mallorquinas-en-mallorca\/","title":{"rendered":"Restauraci\u00f3n artesanal de persianas mallorquinas en Mallorca"},"content":{"rendered":"\t\t<div data-elementor-type=\"wp-page\" data-elementor-id=\"1524\" class=\"elementor elementor-1524\" data-elementor-post-type=\"page\">\n\t\t\t\t<div class=\"elementor-element elementor-element-0d68176 e-flex e-con-boxed e-con e-parent\" data-id=\"0d68176\" data-element_type=\"container\" data-e-type=\"container\" data-settings=\"{&quot;background_background&quot;:&quot;classic&quot;}\">\n\t\t\t\t\t<div class=\"e-con-inner\">\n\t\t<div class=\"elementor-element elementor-element-140c0fb e-con-full e-flex e-con e-child\" data-id=\"140c0fb\" data-element_type=\"container\" data-e-type=\"container\">\n\t\t\t\t<div class=\"elementor-element elementor-element-01e78e3 elementor-widget elementor-widget-heading\" data-id=\"01e78e3\" data-element_type=\"widget\" data-e-type=\"widget\" data-widget_type=\"heading.default\">\n\t\t\t\t\t<h2 class=\"elementor-heading-title elementor-size-default\">Especialistas en restauraci\u00f3n artesanal de persianas mallorquinas<\/h2>\t\t\t\t<\/div>\n\t\t\t\t<div class=\"elementor-element elementor-element-124635b elementor-widget elementor-widget-text-editor\" data-id=\"124635b\" data-element_type=\"widget\" data-e-type=\"widget\" data-widget_type=\"text-editor.default\">\n\t\t\t\t\t\t\t\t\t<p>En Pintures Tsiula llevamos muchos a\u00f1os trabajando en el sector de la pintura y la restauraci\u00f3n, afrontando proyectos donde la experiencia y el conocimiento del oficio marcan la diferencia. Nuestro equipo est\u00e1 formado por profesionales que entienden c\u00f3mo envejecen los materiales en la isla y c\u00f3mo tratarlos para que mantengan su funcionalidad y est\u00e9tica con el paso del tiempo.<\/p><p>Trabajamos habitualmente en viviendas tradicionales, fincas y propiedades situadas en zonas como Santany\u00ed, Cas Concos o el sureste de Mallorca, donde conservar los elementos originales forma parte del valor de la vivienda.<\/p>\t\t\t\t\t\t\t\t<\/div>\n\t\t\t\t<\/div>\n\t\t<div class=\"elementor-element elementor-element-f20875c e-con-full e-flex e-con e-child\" data-id=\"f20875c\" data-element_type=\"container\" data-e-type=\"container\">\n\t\t\t\t<div class=\"elementor-element elementor-element-2cfc436 elementor-invisible elementor-widget elementor-widget-image\" data-id=\"2cfc436\" data-element_type=\"widget\" data-e-type=\"widget\" data-settings=\"{&quot;_animation&quot;:&quot;fadeIn&quot;}\" data-widget_type=\"image.default\">\n\t\t\t\t\t\t\t\t\t\t\t\t\t\t\t<img fetchpriority=\"high\" decoding=\"async\" width=\"1920\" height=\"1280\" src=\"https:\/\/tsiula.fra1.digitaloceanspaces.com\/wp-content\/uploads\/2026\/04\/Persianas-2.webp\" class=\"attachment-full size-full wp-image-1727\" alt=\"persiana mallorquina\" srcset=\"https:\/\/tsiula.fra1.digitaloceanspaces.com\/wp-content\/uploads\/2026\/04\/Persianas-2.webp 1920w, https:\/\/tsiula.fra1.digitaloceanspaces.com\/wp-content\/uploads\/2026\/04\/Persianas-2-300x200.webp 300w, https:\/\/tsiula.fra1.digitaloceanspaces.com\/wp-content\/uploads\/2026\/04\/Persianas-2-1024x683.webp 1024w, https:\/\/tsiula.fra1.digitaloceanspaces.com\/wp-content\/uploads\/2026\/04\/Persianas-2-768x512.webp 768w, https:\/\/tsiula.fra1.digitaloceanspaces.com\/wp-content\/uploads\/2026\/04\/Persianas-2-1536x1024.webp 1536w\" sizes=\"(max-width: 1920px) 100vw, 1920px\" \/>\t\t\t\t\t\t\t\t\t\t\t\t\t\t\t<\/div>\n\t\t\t\t<\/div>\n\t\t\t\t\t<\/div>\n\t\t\t\t<\/div>\n\t\t<div class=\"elementor-element elementor-element-e7b7b0c e-flex e-con-boxed e-con e-parent\" data-id=\"e7b7b0c\" data-element_type=\"container\" data-e-type=\"container\" data-settings=\"{&quot;background_background&quot;:&quot;classic&quot;}\">\n\t\t\t\t\t<div class=\"e-con-inner\">\n\t\t<div class=\"elementor-element elementor-element-4d1a6fc e-con-full e-flex e-con e-child\" data-id=\"4d1a6fc\" data-element_type=\"container\" data-e-type=\"container\">\n\t\t\t\t<div class=\"elementor-element elementor-element-2efb577 elementor-invisible elementor-widget elementor-widget-image\" data-id=\"2efb577\" data-element_type=\"widget\" data-e-type=\"widget\" data-settings=\"{&quot;_animation&quot;:&quot;fadeIn&quot;}\" data-widget_type=\"image.default\">\n\t\t\t\t\t\t\t\t\t\t\t\t\t\t\t<img decoding=\"async\" width=\"1920\" height=\"1280\" src=\"https:\/\/tsiula.fra1.digitaloceanspaces.com\/wp-content\/uploads\/2026\/04\/Persianas-3.webp\" class=\"attachment-full size-full wp-image-1730\" alt=\"Persianas mallorquinas\" srcset=\"https:\/\/tsiula.fra1.digitaloceanspaces.com\/wp-content\/uploads\/2026\/04\/Persianas-3.webp 1920w, https:\/\/tsiula.fra1.digitaloceanspaces.com\/wp-content\/uploads\/2026\/04\/Persianas-3-300x200.webp 300w, https:\/\/tsiula.fra1.digitaloceanspaces.com\/wp-content\/uploads\/2026\/04\/Persianas-3-1024x683.webp 1024w, https:\/\/tsiula.fra1.digitaloceanspaces.com\/wp-content\/uploads\/2026\/04\/Persianas-3-768x512.webp 768w, https:\/\/tsiula.fra1.digitaloceanspaces.com\/wp-content\/uploads\/2026\/04\/Persianas-3-1536x1024.webp 1536w\" sizes=\"(max-width: 1920px) 100vw, 1920px\" \/>\t\t\t\t\t\t\t\t\t\t\t\t\t\t\t<\/div>\n\t\t\t\t<\/div>\n\t\t<div class=\"elementor-element elementor-element-62a108f e-con-full e-flex e-con e-child\" data-id=\"62a108f\" data-element_type=\"container\" data-e-type=\"container\">\n\t\t\t\t<div class=\"elementor-element elementor-element-3a0237e elementor-widget elementor-widget-heading\" data-id=\"3a0237e\" data-element_type=\"widget\" data-e-type=\"widget\" data-widget_type=\"heading.default\">\n\t\t\t\t\t<h2 class=\"elementor-heading-title elementor-size-default\">\u00bfC\u00f3mo restauramos persianas mallorquinas de forma artesanal?<\/h2>\t\t\t\t<\/div>\n\t\t\t\t<div class=\"elementor-element elementor-element-993c137 elementor-widget elementor-widget-text-editor\" data-id=\"993c137\" data-element_type=\"widget\" data-e-type=\"widget\" data-widget_type=\"text-editor.default\">\n\t\t\t\t\t\t\t\t\t<p>La restauraci\u00f3n artesanal de persianas mallorquinas en Mallorca es un trabajo que requiere algo m\u00e1s que aplicar una nueva capa de pintura. Hablamos de madera expuesta al sol, la humedad y el paso de los a\u00f1os, que necesita tratamientos espec\u00edficos y una ejecuci\u00f3n cuidadosa.<\/p><p>Por eso abordamos cada proyecto de forma personalizada, analizando el estado real de las persianas y aplicando soluciones que respetan su esencia original. El objetivo no es solo que se vean bien, sino que duren y sigan cumpliendo su funci\u00f3n durante mucho m\u00e1s tiempo.<\/p><p><strong>Aqu\u00ed no hay soluciones r\u00e1pidas, hay trabajo bien hecho y pensado para durar.<\/strong><\/p>\t\t\t\t\t\t\t\t<\/div>\n\t\t\t\t<\/div>\n\t\t\t\t\t<\/div>\n\t\t\t\t<\/div>\n\t\t<div class=\"elementor-element elementor-element-e9f9f90 e-flex e-con-boxed e-con e-parent\" data-id=\"e9f9f90\" data-element_type=\"container\" data-e-type=\"container\">\n\t\t\t\t\t<div class=\"e-con-inner\">\n\t\t\t\t<div class=\"elementor-element elementor-element-eabb816 elementor-widget elementor-widget-heading\" data-id=\"eabb816\" data-element_type=\"widget\" data-e-type=\"widget\" data-widget_type=\"heading.default\">\n\t\t\t\t\t<h2 class=\"elementor-heading-title elementor-size-default\">\u00bfQu\u00e9 incluye nuestro servicio?<\/h2>\t\t\t\t<\/div>\n\t\t\t\t<div class=\"elementor-element elementor-element-c8c8af9 elementor-widget__width-initial elementor-widget elementor-widget-text-editor\" data-id=\"c8c8af9\" data-element_type=\"widget\" data-e-type=\"widget\" data-widget_type=\"text-editor.default\">\n\t\t\t\t\t\t\t\t\t<p>Antes de empezar, definimos claramente cada paso del proceso para que sepas qu\u00e9 vamos a hacer y por qu\u00e9.<\/p>\t\t\t\t\t\t\t\t<\/div>\n\t\t<div class=\"elementor-element elementor-element-edb5d7e e-con-full e-flex e-con e-child\" data-id=\"edb5d7e\" data-element_type=\"container\" data-e-type=\"container\">\n\t\t\t\t<div class=\"elementor-element elementor-element-f35f94a elementor-widget elementor-widget-button\" data-id=\"f35f94a\" data-element_type=\"widget\" data-e-type=\"widget\" data-widget_type=\"button.default\">\n\t\t\t\t\t\t\t\t\t\t<a class=\"elementor-button elementor-button-link elementor-size-sm\" href=\"#\">\n\t\t\t\t\t\t<span class=\"elementor-button-content-wrapper\">\n\t\t\t\t\t\t\t\t\t<span class=\"elementor-button-text\">Diagn\u00f3stico del estado de la madera<\/span>\n\t\t\t\t\t<\/span>\n\t\t\t\t\t<\/a>\n\t\t\t\t\t\t\t\t<\/div>\n\t\t\t\t<div class=\"elementor-element elementor-element-294db3c elementor-widget elementor-widget-button\" data-id=\"294db3c\" data-element_type=\"widget\" data-e-type=\"widget\" data-widget_type=\"button.default\">\n\t\t\t\t\t\t\t\t\t\t<a class=\"elementor-button elementor-button-link elementor-size-sm\" href=\"#\">\n\t\t\t\t\t\t<span class=\"elementor-button-content-wrapper\">\n\t\t\t\t\t\t\t\t\t<span class=\"elementor-button-text\">Limpieza y retirada de restos antiguos<\/span>\n\t\t\t\t\t<\/span>\n\t\t\t\t\t<\/a>\n\t\t\t\t\t\t\t\t<\/div>\n\t\t\t\t<div class=\"elementor-element elementor-element-6697f6d elementor-widget elementor-widget-button\" data-id=\"6697f6d\" data-element_type=\"widget\" data-e-type=\"widget\" data-widget_type=\"button.default\">\n\t\t\t\t\t\t\t\t\t\t<a class=\"elementor-button elementor-button-link elementor-size-sm\" href=\"#\">\n\t\t\t\t\t\t<span class=\"elementor-button-content-wrapper\">\n\t\t\t\t\t\t\t\t\t<span class=\"elementor-button-text\">Reparaci\u00f3n de peque\u00f1as imperfecciones<\/span>\n\t\t\t\t\t<\/span>\n\t\t\t\t\t<\/a>\n\t\t\t\t\t\t\t\t<\/div>\n\t\t\t\t<div class=\"elementor-element elementor-element-ff1c78e elementor-widget elementor-widget-button\" data-id=\"ff1c78e\" data-element_type=\"widget\" data-e-type=\"widget\" data-widget_type=\"button.default\">\n\t\t\t\t\t\t\t\t\t\t<a class=\"elementor-button elementor-button-link elementor-size-sm\" href=\"#\">\n\t\t\t\t\t\t<span class=\"elementor-button-content-wrapper\">\n\t\t\t\t\t\t\t\t\t<span class=\"elementor-button-text\">Tratamientos protectores espec\u00edficos<\/span>\n\t\t\t\t\t<\/span>\n\t\t\t\t\t<\/a>\n\t\t\t\t\t\t\t\t<\/div>\n\t\t\t\t<div class=\"elementor-element elementor-element-e59de80 elementor-widget elementor-widget-button\" data-id=\"e59de80\" data-element_type=\"widget\" data-e-type=\"widget\" data-widget_type=\"button.default\">\n\t\t\t\t\t\t\t\t\t\t<a class=\"elementor-button elementor-button-link elementor-size-sm\" href=\"#\">\n\t\t\t\t\t\t<span class=\"elementor-button-content-wrapper\">\n\t\t\t\t\t\t\t\t\t<span class=\"elementor-button-text\">Acabado final adaptado a la vivienda<\/span>\n\t\t\t\t\t<\/span>\n\t\t\t\t\t<\/a>\n\t\t\t\t\t\t\t\t<\/div>\n\t\t\t\t<\/div>\n\t\t\t\t<div class=\"elementor-element elementor-element-4d26dc8 elementor-widget__width-initial elementor-widget elementor-widget-text-editor\" data-id=\"4d26dc8\" data-element_type=\"widget\" data-e-type=\"widget\" data-widget_type=\"text-editor.default\">\n\t\t\t\t\t\t\t\t\t<p>Si buscas una empresa especializada en restaurar persianas mallorquinas en Mallorca, especialmente en viviendas del sureste de la isla, en Pintures Tsiula encontrar\u00e1s un trabajo cuidadoso, respetuoso con la arquitectura original y pensado para durar.<\/p>\t\t\t\t\t\t\t\t<\/div>\n\t\t\t\t\t<\/div>\n\t\t\t\t<\/div>\n\t\t<div class=\"elementor-element elementor-element-e7941d3 e-flex e-con-boxed e-con e-parent\" data-id=\"e7941d3\" data-element_type=\"container\" data-e-type=\"container\" data-settings=\"{&quot;background_background&quot;:&quot;classic&quot;}\">\n\t\t\t\t\t<div class=\"e-con-inner\">\n\t\t<div class=\"elementor-element elementor-element-9bea719 e-con-full e-flex e-con e-child\" data-id=\"9bea719\" data-element_type=\"container\" data-e-type=\"container\">\n\t\t\t\t<div class=\"elementor-element elementor-element-55eb3f3 elementor-widget elementor-widget-heading\" data-id=\"55eb3f3\" data-element_type=\"widget\" data-e-type=\"widget\" data-widget_type=\"heading.default\">\n\t\t\t\t\t<h2 class=\"elementor-heading-title elementor-size-default\">Ventajas de restaurar tus persianas en lugar de sustituirlas<\/h2>\t\t\t\t<\/div>\n\t\t\t\t<div class=\"elementor-element elementor-element-b16479f elementor-widget elementor-widget-text-editor\" data-id=\"b16479f\" data-element_type=\"widget\" data-e-type=\"widget\" data-widget_type=\"text-editor.default\">\n\t\t\t\t\t\t\t\t\t<p>Restaurar no es solo una cuesti\u00f3n est\u00e9tica, tambi\u00e9n es una decisi\u00f3n pr\u00e1ctica.<\/p><p><strong>Ventajas principales:<\/strong><\/p>\t\t\t\t\t\t\t\t<\/div>\n\t\t<div class=\"elementor-element elementor-element-049c38c e-con-full e-flex e-con e-child\" data-id=\"049c38c\" data-element_type=\"container\" data-e-type=\"container\">\n\t\t\t\t<div class=\"elementor-element elementor-element-24461db elementor-widget elementor-widget-button\" data-id=\"24461db\" data-element_type=\"widget\" data-e-type=\"widget\" data-widget_type=\"button.default\">\n\t\t\t\t\t\t\t\t\t\t<a class=\"elementor-button elementor-button-link elementor-size-sm\" href=\"#\">\n\t\t\t\t\t\t<span class=\"elementor-button-content-wrapper\">\n\t\t\t\t\t\t\t\t\t<span class=\"elementor-button-text\">Conservas el car\u00e1cter original de la vivienda<\/span>\n\t\t\t\t\t<\/span>\n\t\t\t\t\t<\/a>\n\t\t\t\t\t\t\t\t<\/div>\n\t\t\t\t<div class=\"elementor-element elementor-element-bce2895 elementor-widget elementor-widget-button\" data-id=\"bce2895\" data-element_type=\"widget\" data-e-type=\"widget\" data-widget_type=\"button.default\">\n\t\t\t\t\t\t\t\t\t\t<a class=\"elementor-button elementor-button-link elementor-size-sm\" href=\"#\">\n\t\t\t\t\t\t<span class=\"elementor-button-content-wrapper\">\n\t\t\t\t\t\t\t\t\t<span class=\"elementor-button-text\">Prolongas la vida \u00fatil de la madera<\/span>\n\t\t\t\t\t<\/span>\n\t\t\t\t\t<\/a>\n\t\t\t\t\t\t\t\t<\/div>\n\t\t\t\t<div class=\"elementor-element elementor-element-ab33e0e elementor-widget elementor-widget-button\" data-id=\"ab33e0e\" data-element_type=\"widget\" data-e-type=\"widget\" data-widget_type=\"button.default\">\n\t\t\t\t\t\t\t\t\t\t<a class=\"elementor-button elementor-button-link elementor-size-sm\" href=\"#\">\n\t\t\t\t\t\t<span class=\"elementor-button-content-wrapper\">\n\t\t\t\t\t\t\t\t\t<span class=\"elementor-button-text\">Evitas sustituciones innecesarias<\/span>\n\t\t\t\t\t<\/span>\n\t\t\t\t\t<\/a>\n\t\t\t\t\t\t\t\t<\/div>\n\t\t\t\t<div class=\"elementor-element elementor-element-af67757 elementor-widget elementor-widget-button\" data-id=\"af67757\" data-element_type=\"widget\" data-e-type=\"widget\" data-widget_type=\"button.default\">\n\t\t\t\t\t\t\t\t\t\t<a class=\"elementor-button elementor-button-link elementor-size-sm\" href=\"#\">\n\t\t\t\t\t\t<span class=\"elementor-button-content-wrapper\">\n\t\t\t\t\t\t\t\t\t<span class=\"elementor-button-text\">Mejoras la protecci\u00f3n frente al sol y la humedad<\/span>\n\t\t\t\t\t<\/span>\n\t\t\t\t\t<\/a>\n\t\t\t\t\t\t\t\t<\/div>\n\t\t\t\t<div class=\"elementor-element elementor-element-7ca57b1 elementor-widget elementor-widget-button\" data-id=\"7ca57b1\" data-element_type=\"widget\" data-e-type=\"widget\" data-widget_type=\"button.default\">\n\t\t\t\t\t\t\t\t\t\t<a class=\"elementor-button elementor-button-link elementor-size-sm\" href=\"#\">\n\t\t\t\t\t\t<span class=\"elementor-button-content-wrapper\">\n\t\t\t\t\t\t\t\t\t<span class=\"elementor-button-text\">Mantienes un acabado m\u00e1s natural<\/span>\n\t\t\t\t\t<\/span>\n\t\t\t\t\t<\/a>\n\t\t\t\t\t\t\t\t<\/div>\n\t\t\t\t<\/div>\n\t\t\t\t<div class=\"elementor-element elementor-element-b61ba53 elementor-widget elementor-widget-text-editor\" data-id=\"b61ba53\" data-element_type=\"widget\" data-e-type=\"widget\" data-widget_type=\"text-editor.default\">\n\t\t\t\t\t\t\t\t\t<p>Una buena restauraci\u00f3n artesanal permite disfrutar de persianas funcionales y visualmente cuidadas sin perder la esencia de la arquitectura mallorquina, algo especialmente relevante en viviendas donde el car\u00e1cter original es parte de su identidad.<\/p>\t\t\t\t\t\t\t\t<\/div>\n\t\t\t\t<\/div>\n\t\t\t\t\t<\/div>\n\t\t\t\t<\/div>\n\t\t<div class=\"elementor-element elementor-element-d7e04a5 e-flex e-con-boxed e-con e-parent\" data-id=\"d7e04a5\" data-element_type=\"container\" data-e-type=\"container\" data-settings=\"{&quot;background_background&quot;:&quot;classic&quot;}\">\n\t\t\t\t\t<div class=\"e-con-inner\">\n\t\t<div class=\"elementor-element elementor-element-3805cb8 e-con-full e-flex e-con e-child\" data-id=\"3805cb8\" data-element_type=\"container\" data-e-type=\"container\">\n\t\t\t\t<div class=\"elementor-element elementor-element-8923548 elementor-widget elementor-widget-heading\" data-id=\"8923548\" data-element_type=\"widget\" data-e-type=\"widget\" data-widget_type=\"heading.default\">\n\t\t\t\t\t<h2 class=\"elementor-heading-title elementor-size-default\">\u00bf Cu\u00e1ndo conviene restaurar tus persianas mallorquinas?<\/h2>\t\t\t\t<\/div>\n\t\t\t\t<div class=\"elementor-element elementor-element-60eb9a2 elementor-widget elementor-widget-text-editor\" data-id=\"60eb9a2\" data-element_type=\"widget\" data-e-type=\"widget\" data-widget_type=\"text-editor.default\">\n\t\t\t\t\t\t\t\t\t<p>Este servicio es ideal cuando las persianas presentan desgaste visible, p\u00e9rdida de color o peque\u00f1os da\u00f1os, pero siguen teniendo una buena base estructural. En estos casos, la restauraci\u00f3n artesanal de persianas mallorquinas es la mejor alternativa para recuperar su aspecto y funcionalidad.<\/p><p>Actuar a tiempo evita deterioros mayores y permite conservar un elemento clave de la vivienda sin recurrir a soluciones m\u00e1s invasivas.<\/p>\t\t\t\t\t\t\t\t<\/div>\n\t\t\t\t<\/div>\n\t\t\t\t\t<\/div>\n\t\t\t\t<\/div>\n\t\t<div class=\"elementor-element elementor-element-31571e8 e-flex e-con-boxed e-con e-parent\" data-id=\"31571e8\" data-element_type=\"container\" data-e-type=\"container\" data-settings=\"{&quot;background_background&quot;:&quot;classic&quot;}\">\n\t\t\t\t\t<div class=\"e-con-inner\">\n\t\t<div class=\"elementor-element elementor-element-6ee51c0 e-con-full e-flex e-con e-child\" data-id=\"6ee51c0\" data-element_type=\"container\" data-e-type=\"container\">\n\t\t\t\t<div class=\"elementor-element elementor-element-fbeb0c6 elementor-widget elementor-widget-heading\" data-id=\"fbeb0c6\" data-element_type=\"widget\" data-e-type=\"widget\" data-widget_type=\"heading.default\">\n\t\t\t\t\t<h2 class=\"elementor-heading-title elementor-size-default\">Un servicio pensado para quienes buscan tranquilidad<\/h2>\t\t\t\t<\/div>\n\t\t\t\t<div class=\"elementor-element elementor-element-e294356 elementor-widget elementor-widget-text-editor\" data-id=\"e294356\" data-element_type=\"widget\" data-e-type=\"widget\" data-widget_type=\"text-editor.default\">\n\t\t\t\t\t\t\t\t\t<p>Quien nos contacta busca seguridad, experiencia y un resultado bien ejecutado desde el primer momento. Trabajamos con orden, respeto por la vivienda y atenci\u00f3n al detalle, cuidando tanto el proceso como el acabado final.<\/p><p>Si buscas un servicio profesional de restauraci\u00f3n artesanal de persianas mallorquinas en Mallorca, especialmente en viviendas situadas en el sureste de la isla, encontrar\u00e1s la tranquilidad de haber elegido una intervenci\u00f3n cuidada y coherente con la arquitectura original. En <strong>Pintures Tsiula<\/strong>, estaremos encantados de ayudarte.<\/p>\t\t\t\t\t\t\t\t<\/div>\n\t\t\t\t<\/div>\n\t\t\t\t\t<\/div>\n\t\t\t\t<\/div>\n\t\t<div class=\"elementor-element elementor-element-0e82360 e-flex e-con-boxed e-con e-parent\" data-id=\"0e82360\" data-element_type=\"container\" data-e-type=\"container\">\n\t\t\t\t\t<div class=\"e-con-inner\">\n\t\t\t\t<div class=\"elementor-element elementor-element-e142b82 elementor-widget elementor-widget-heading\" data-id=\"e142b82\" data-element_type=\"widget\" data-e-type=\"widget\" data-widget_type=\"heading.default\">\n\t\t\t\t\t<h2 class=\"elementor-heading-title elementor-size-default\">Preguntas frecuentes sobre restauraci\u00f3n de persianas mallorquinas en Mallorca<\/h2>\t\t\t\t<\/div>\n\t\t\t\t<div class=\"elementor-element elementor-element-1841174 elementor-widget elementor-widget-n-accordion\" data-id=\"1841174\" data-element_type=\"widget\" data-e-type=\"widget\" data-settings=\"{&quot;default_state&quot;:&quot;all_collapsed&quot;,&quot;max_items_expended&quot;:&quot;one&quot;,&quot;n_accordion_animation_duration&quot;:{&quot;unit&quot;:&quot;ms&quot;,&quot;size&quot;:400,&quot;sizes&quot;:[]}}\" data-widget_type=\"nested-accordion.default\">\n\t\t\t\t\t\t\t<div class=\"e-n-accordion\" aria-label=\"Accordion. Open links with Enter or Space, close with Escape, and navigate with Arrow Keys\">\n\t\t\t\t\t\t<details id=\"e-n-accordion-item-2540\" class=\"e-n-accordion-item\" >\n\t\t\t\t<summary class=\"e-n-accordion-item-title\" data-accordion-index=\"1\" tabindex=\"0\" aria-expanded=\"false\" aria-controls=\"e-n-accordion-item-2540\" >\n\t\t\t\t\t<span class='e-n-accordion-item-title-header'><h3 class=\"e-n-accordion-item-title-text\"> \u00bfEn qu\u00e9 se diferencia una restauraci\u00f3n artesanal de una pintura convencional? <\/h3><\/span>\n\t\t\t\t\t\t\t<span class='e-n-accordion-item-title-icon'>\n\t\t\t<span class='e-opened' ><svg aria-hidden=\"true\" class=\"e-font-icon-svg e-fas-angle-down\" viewBox=\"0 0 320 512\" xmlns=\"http:\/\/www.w3.org\/2000\/svg\"><path d=\"M143 352.3L7 216.3c-9.4-9.4-9.4-24.6 0-33.9l22.6-22.6c9.4-9.4 24.6-9.4 33.9 0l96.4 96.4 96.4-96.4c9.4-9.4 24.6-9.4 33.9 0l22.6 22.6c9.4 9.4 9.4 24.6 0 33.9l-136 136c-9.2 9.4-24.4 9.4-33.8 0z\"><\/path><\/svg><\/span>\n\t\t\t<span class='e-closed'><svg aria-hidden=\"true\" class=\"e-font-icon-svg e-fas-angle-right\" viewBox=\"0 0 256 512\" xmlns=\"http:\/\/www.w3.org\/2000\/svg\"><path d=\"M224.3 273l-136 136c-9.4 9.4-24.6 9.4-33.9 0l-22.6-22.6c-9.4-9.4-9.4-24.6 0-33.9l96.4-96.4-96.4-96.4c-9.4-9.4-9.4-24.6 0-33.9L54.3 103c9.4-9.4 24.6-9.4 33.9 0l136 136c9.5 9.4 9.5 24.6.1 34z\"><\/path><\/svg><\/span>\n\t\t<\/span>\n\n\t\t\t\t\t\t<\/summary>\n\t\t\t\t<div role=\"region\" aria-labelledby=\"e-n-accordion-item-2540\" class=\"elementor-element elementor-element-51c98d6 e-con-full e-flex e-con e-child\" data-id=\"51c98d6\" data-element_type=\"container\" data-e-type=\"container\">\n\t\t\t\t<div class=\"elementor-element elementor-element-5200c41 elementor-widget elementor-widget-text-editor\" data-id=\"5200c41\" data-element_type=\"widget\" data-e-type=\"widget\" data-widget_type=\"text-editor.default\">\n\t\t\t\t\t\t\t\t\t<p>La restauraci\u00f3n artesanal de persianas mallorquinas no consiste \u00fanicamente en aplicar una nueva capa de pintura. Implica analizar el estado de la madera, tratarla frente a la humedad y el sol, reparar peque\u00f1as imperfecciones y aplicar productos adecuados para prolongar su durabilidad. Es un trabajo m\u00e1s cuidadoso, pensado para conservar el car\u00e1cter original de las persianas y garantizar un resultado duradero.<\/p>\t\t\t\t\t\t\t\t<\/div>\n\t\t\t\t<\/div>\n\t\t\t\t\t<\/details>\n\t\t\t\t\t\t<details id=\"e-n-accordion-item-2541\" class=\"e-n-accordion-item\" >\n\t\t\t\t<summary class=\"e-n-accordion-item-title\" data-accordion-index=\"2\" tabindex=\"-1\" aria-expanded=\"false\" aria-controls=\"e-n-accordion-item-2541\" >\n\t\t\t\t\t<span class='e-n-accordion-item-title-header'><h3 class=\"e-n-accordion-item-title-text\"> \u00bfEs mejor restaurar las persianas mallorquinas o sustituirlas por unas nuevas? <\/h3><\/span>\n\t\t\t\t\t\t\t<span class='e-n-accordion-item-title-icon'>\n\t\t\t<span class='e-opened' ><svg aria-hidden=\"true\" class=\"e-font-icon-svg e-fas-angle-down\" viewBox=\"0 0 320 512\" xmlns=\"http:\/\/www.w3.org\/2000\/svg\"><path d=\"M143 352.3L7 216.3c-9.4-9.4-9.4-24.6 0-33.9l22.6-22.6c9.4-9.4 24.6-9.4 33.9 0l96.4 96.4 96.4-96.4c9.4-9.4 24.6-9.4 33.9 0l22.6 22.6c9.4 9.4 9.4 24.6 0 33.9l-136 136c-9.2 9.4-24.4 9.4-33.8 0z\"><\/path><\/svg><\/span>\n\t\t\t<span class='e-closed'><svg aria-hidden=\"true\" class=\"e-font-icon-svg e-fas-angle-right\" viewBox=\"0 0 256 512\" xmlns=\"http:\/\/www.w3.org\/2000\/svg\"><path d=\"M224.3 273l-136 136c-9.4 9.4-24.6 9.4-33.9 0l-22.6-22.6c-9.4-9.4-9.4-24.6 0-33.9l96.4-96.4-96.4-96.4c-9.4-9.4-9.4-24.6 0-33.9L54.3 103c9.4-9.4 24.6-9.4 33.9 0l136 136c9.5 9.4 9.5 24.6.1 34z\"><\/path><\/svg><\/span>\n\t\t<\/span>\n\n\t\t\t\t\t\t<\/summary>\n\t\t\t\t<div role=\"region\" aria-labelledby=\"e-n-accordion-item-2541\" class=\"elementor-element elementor-element-aad83ba e-con-full e-flex e-con e-child\" data-id=\"aad83ba\" data-element_type=\"container\" data-e-type=\"container\">\n\t\t\t\t<div class=\"elementor-element elementor-element-8dbdac0 elementor-widget elementor-widget-text-editor\" data-id=\"8dbdac0\" data-element_type=\"widget\" data-e-type=\"widget\" data-widget_type=\"text-editor.default\">\n\t\t\t\t\t\t\t\t\t<p>En muchos casos, restaurar es la mejor opci\u00f3n. Cuando la estructura de la persiana est\u00e1 en buen estado, la restauraci\u00f3n artesanal permite recuperar su aspecto y funcionalidad sin perder la est\u00e9tica tradicional. Adem\u00e1s, suele ser una soluci\u00f3n m\u00e1s sostenible y evita reemplazos innecesarios que alteran el estilo de la vivienda.<\/p>\t\t\t\t\t\t\t\t<\/div>\n\t\t\t\t<\/div>\n\t\t\t\t\t<\/details>\n\t\t\t\t\t\t<details id=\"e-n-accordion-item-2542\" class=\"e-n-accordion-item\" >\n\t\t\t\t<summary class=\"e-n-accordion-item-title\" data-accordion-index=\"3\" tabindex=\"-1\" aria-expanded=\"false\" aria-controls=\"e-n-accordion-item-2542\" >\n\t\t\t\t\t<span class='e-n-accordion-item-title-header'><h3 class=\"e-n-accordion-item-title-text\"> \u00bfCu\u00e1nto dura una restauraci\u00f3n artesanal de persianas mallorquinas en Mallorca bien realizada? <\/h3><\/span>\n\t\t\t\t\t\t\t<span class='e-n-accordion-item-title-icon'>\n\t\t\t<span class='e-opened' ><svg aria-hidden=\"true\" class=\"e-font-icon-svg e-fas-angle-down\" viewBox=\"0 0 320 512\" xmlns=\"http:\/\/www.w3.org\/2000\/svg\"><path d=\"M143 352.3L7 216.3c-9.4-9.4-9.4-24.6 0-33.9l22.6-22.6c9.4-9.4 24.6-9.4 33.9 0l96.4 96.4 96.4-96.4c9.4-9.4 24.6-9.4 33.9 0l22.6 22.6c9.4 9.4 9.4 24.6 0 33.9l-136 136c-9.2 9.4-24.4 9.4-33.8 0z\"><\/path><\/svg><\/span>\n\t\t\t<span class='e-closed'><svg aria-hidden=\"true\" class=\"e-font-icon-svg e-fas-angle-right\" viewBox=\"0 0 256 512\" xmlns=\"http:\/\/www.w3.org\/2000\/svg\"><path d=\"M224.3 273l-136 136c-9.4 9.4-24.6 9.4-33.9 0l-22.6-22.6c-9.4-9.4-9.4-24.6 0-33.9l96.4-96.4-96.4-96.4c-9.4-9.4-9.4-24.6 0-33.9L54.3 103c9.4-9.4 24.6-9.4 33.9 0l136 136c9.5 9.4 9.5 24.6.1 34z\"><\/path><\/svg><\/span>\n\t\t<\/span>\n\n\t\t\t\t\t\t<\/summary>\n\t\t\t\t<div role=\"region\" aria-labelledby=\"e-n-accordion-item-2542\" class=\"elementor-element elementor-element-896f299 e-con-full e-flex e-con e-child\" data-id=\"896f299\" data-element_type=\"container\" data-e-type=\"container\">\n\t\t\t\t<div class=\"elementor-element elementor-element-c3e038b elementor-widget elementor-widget-text-editor\" data-id=\"c3e038b\" data-element_type=\"widget\" data-e-type=\"widget\" data-widget_type=\"text-editor.default\">\n\t\t\t\t\t\t\t\t\t<p>Una restauraci\u00f3n artesanal bien ejecutada, con los tratamientos adecuados, puede alargar la vida \u00fatil de las persianas durante muchos a\u00f1os. La durabilidad depende del estado inicial de la madera, la exposici\u00f3n al clima y el mantenimiento posterior, pero en general ofrece resultados mucho m\u00e1s duraderos que una pintura superficial.<\/p>\t\t\t\t\t\t\t\t<\/div>\n\t\t\t\t<\/div>\n\t\t\t\t\t<\/details>\n\t\t\t\t\t\t<details id=\"e-n-accordion-item-2543\" class=\"e-n-accordion-item\" >\n\t\t\t\t<summary class=\"e-n-accordion-item-title\" data-accordion-index=\"4\" tabindex=\"-1\" aria-expanded=\"false\" aria-controls=\"e-n-accordion-item-2543\" >\n\t\t\t\t\t<span class='e-n-accordion-item-title-header'><h3 class=\"e-n-accordion-item-title-text\"> \u00bfCada persiana recibe el mismo tratamiento? <\/h3><\/span>\n\t\t\t\t\t\t\t<span class='e-n-accordion-item-title-icon'>\n\t\t\t<span class='e-opened' ><svg aria-hidden=\"true\" class=\"e-font-icon-svg e-fas-angle-down\" viewBox=\"0 0 320 512\" xmlns=\"http:\/\/www.w3.org\/2000\/svg\"><path d=\"M143 352.3L7 216.3c-9.4-9.4-9.4-24.6 0-33.9l22.6-22.6c9.4-9.4 24.6-9.4 33.9 0l96.4 96.4 96.4-96.4c9.4-9.4 24.6-9.4 33.9 0l22.6 22.6c9.4 9.4 9.4 24.6 0 33.9l-136 136c-9.2 9.4-24.4 9.4-33.8 0z\"><\/path><\/svg><\/span>\n\t\t\t<span class='e-closed'><svg aria-hidden=\"true\" class=\"e-font-icon-svg e-fas-angle-right\" viewBox=\"0 0 256 512\" xmlns=\"http:\/\/www.w3.org\/2000\/svg\"><path d=\"M224.3 273l-136 136c-9.4 9.4-24.6 9.4-33.9 0l-22.6-22.6c-9.4-9.4-9.4-24.6 0-33.9l96.4-96.4-96.4-96.4c-9.4-9.4-9.4-24.6 0-33.9L54.3 103c9.4-9.4 24.6-9.4 33.9 0l136 136c9.5 9.4 9.5 24.6.1 34z\"><\/path><\/svg><\/span>\n\t\t<\/span>\n\n\t\t\t\t\t\t<\/summary>\n\t\t\t\t<div role=\"region\" aria-labelledby=\"e-n-accordion-item-2543\" class=\"elementor-element elementor-element-9dd9ef4 e-flex e-con-boxed e-con e-child\" data-id=\"9dd9ef4\" data-element_type=\"container\" data-e-type=\"container\">\n\t\t\t\t\t<div class=\"e-con-inner\">\n\t\t\t\t<div class=\"elementor-element elementor-element-f9a0a7a elementor-widget elementor-widget-text-editor\" data-id=\"f9a0a7a\" data-element_type=\"widget\" data-e-type=\"widget\" data-widget_type=\"text-editor.default\">\n\t\t\t\t\t\t\t\t\t<p>No. Cada persiana presenta un desgaste distinto seg\u00fan su orientaci\u00f3n, uso y antig\u00fcedad. Por eso la restauraci\u00f3n artesanal de persianas mallorquinas se realiza de forma personalizada, adaptando los tratamientos y acabados a las necesidades reales de cada caso para obtener un resultado coherente y eficaz.<\/p>\t\t\t\t\t\t\t\t<\/div>\n\t\t\t\t\t<\/div>\n\t\t\t\t<\/div>\n\t\t\t\t\t<\/details>\n\t\t\t\t\t\t<details id=\"e-n-accordion-item-2544\" class=\"e-n-accordion-item\" >\n\t\t\t\t<summary class=\"e-n-accordion-item-title\" data-accordion-index=\"5\" tabindex=\"-1\" aria-expanded=\"false\" aria-controls=\"e-n-accordion-item-2544\" >\n\t\t\t\t\t<span class='e-n-accordion-item-title-header'><h3 class=\"e-n-accordion-item-title-text\"> \u00bfLa restauraci\u00f3n protege las persianas frente al sol y la humedad? <\/h3><\/span>\n\t\t\t\t\t\t\t<span class='e-n-accordion-item-title-icon'>\n\t\t\t<span class='e-opened' ><svg aria-hidden=\"true\" class=\"e-font-icon-svg e-fas-angle-down\" viewBox=\"0 0 320 512\" xmlns=\"http:\/\/www.w3.org\/2000\/svg\"><path d=\"M143 352.3L7 216.3c-9.4-9.4-9.4-24.6 0-33.9l22.6-22.6c9.4-9.4 24.6-9.4 33.9 0l96.4 96.4 96.4-96.4c9.4-9.4 24.6-9.4 33.9 0l22.6 22.6c9.4 9.4 9.4 24.6 0 33.9l-136 136c-9.2 9.4-24.4 9.4-33.8 0z\"><\/path><\/svg><\/span>\n\t\t\t<span class='e-closed'><svg aria-hidden=\"true\" class=\"e-font-icon-svg e-fas-angle-right\" viewBox=\"0 0 256 512\" xmlns=\"http:\/\/www.w3.org\/2000\/svg\"><path d=\"M224.3 273l-136 136c-9.4 9.4-24.6 9.4-33.9 0l-22.6-22.6c-9.4-9.4-9.4-24.6 0-33.9l96.4-96.4-96.4-96.4c-9.4-9.4-9.4-24.6 0-33.9L54.3 103c9.4-9.4 24.6-9.4 33.9 0l136 136c9.5 9.4 9.5 24.6.1 34z\"><\/path><\/svg><\/span>\n\t\t<\/span>\n\n\t\t\t\t\t\t<\/summary>\n\t\t\t\t<div role=\"region\" aria-labelledby=\"e-n-accordion-item-2544\" class=\"elementor-element elementor-element-d978cf9 e-flex e-con-boxed e-con e-child\" data-id=\"d978cf9\" data-element_type=\"container\" data-e-type=\"container\">\n\t\t\t\t\t<div class=\"e-con-inner\">\n\t\t\t\t<div class=\"elementor-element elementor-element-4248e1d elementor-widget elementor-widget-text-editor\" data-id=\"4248e1d\" data-element_type=\"widget\" data-e-type=\"widget\" data-widget_type=\"text-editor.default\">\n\t\t\t\t\t\t\t\t\t<p>S\u00ed. Uno de los objetivos principales del servicio es mejorar la resistencia de la madera frente a los agentes externos m\u00e1s comunes en Mallorca. Los tratamientos protectores ayudan a reducir el deterioro causado por el sol, la humedad y los cambios de temperatura, manteniendo las persianas en mejor estado durante m\u00e1s tiempo.<\/p>\t\t\t\t\t\t\t\t<\/div>\n\t\t\t\t\t<\/div>\n\t\t\t\t<\/div>\n\t\t\t\t\t<\/details>\n\t\t\t\t\t\t<details id=\"e-n-accordion-item-2545\" class=\"e-n-accordion-item\" >\n\t\t\t\t<summary class=\"e-n-accordion-item-title\" data-accordion-index=\"6\" tabindex=\"-1\" aria-expanded=\"false\" aria-controls=\"e-n-accordion-item-2545\" >\n\t\t\t\t\t<span class='e-n-accordion-item-title-header'><h3 class=\"e-n-accordion-item-title-text\"> \u00bfEste servicio es adecuado para viviendas tradicionales y fincas r\u00fasticas? <\/h3><\/span>\n\t\t\t\t\t\t\t<span class='e-n-accordion-item-title-icon'>\n\t\t\t<span class='e-opened' ><svg aria-hidden=\"true\" class=\"e-font-icon-svg e-fas-angle-down\" viewBox=\"0 0 320 512\" xmlns=\"http:\/\/www.w3.org\/2000\/svg\"><path d=\"M143 352.3L7 216.3c-9.4-9.4-9.4-24.6 0-33.9l22.6-22.6c9.4-9.4 24.6-9.4 33.9 0l96.4 96.4 96.4-96.4c9.4-9.4 24.6-9.4 33.9 0l22.6 22.6c9.4 9.4 9.4 24.6 0 33.9l-136 136c-9.2 9.4-24.4 9.4-33.8 0z\"><\/path><\/svg><\/span>\n\t\t\t<span class='e-closed'><svg aria-hidden=\"true\" class=\"e-font-icon-svg e-fas-angle-right\" viewBox=\"0 0 256 512\" xmlns=\"http:\/\/www.w3.org\/2000\/svg\"><path d=\"M224.3 273l-136 136c-9.4 9.4-24.6 9.4-33.9 0l-22.6-22.6c-9.4-9.4-9.4-24.6 0-33.9l96.4-96.4-96.4-96.4c-9.4-9.4-9.4-24.6 0-33.9L54.3 103c9.4-9.4 24.6-9.4 33.9 0l136 136c9.5 9.4 9.5 24.6.1 34z\"><\/path><\/svg><\/span>\n\t\t<\/span>\n\n\t\t\t\t\t\t<\/summary>\n\t\t\t\t<div role=\"region\" aria-labelledby=\"e-n-accordion-item-2545\" class=\"elementor-element elementor-element-40adcbf e-flex e-con-boxed e-con e-child\" data-id=\"40adcbf\" data-element_type=\"container\" data-e-type=\"container\">\n\t\t\t\t\t<div class=\"e-con-inner\">\n\t\t\t\t<div class=\"elementor-element elementor-element-ede3fd3 elementor-widget elementor-widget-text-editor\" data-id=\"ede3fd3\" data-element_type=\"widget\" data-e-type=\"widget\" data-widget_type=\"text-editor.default\">\n\t\t\t\t\t\t\t\t\t<p>Especialmente. La restauraci\u00f3n artesanal de persianas mallorquinas es una opci\u00f3n muy valorada en viviendas tradicionales, casas de pueblo y fincas r\u00fasticas, donde conservar los elementos originales es fundamental para mantener la identidad y el valor del inmueble.<\/p>\t\t\t\t\t\t\t\t<\/div>\n\t\t\t\t\t<\/div>\n\t\t\t\t<\/div>\n\t\t\t\t\t<\/details>\n\t\t\t\t\t<\/div>\n\t\t\t\t\t\t<\/div>\n\t\t\t\t\t<\/div>\n\t\t\t\t<\/div>\n\t\t\t\t<\/div>\n\t\t","protected":false},"excerpt":{"rendered":"<p>Especialistas en restauraci\u00f3n artesanal de persianas mallorquinas En Pintures Tsiula llevamos muchos a\u00f1os trabajando en el sector de la pintura y la restauraci\u00f3n, afrontando proyectos donde la experiencia y el conocimiento del oficio marcan la diferencia. Nuestro equipo est\u00e1 formado por profesionales que entienden c\u00f3mo envejecen los materiales en la isla y c\u00f3mo tratarlos para [&hellip;]<\/p>\n","protected":false},"author":1,"featured_media":1737,"parent":0,"menu_order":0,"comment_status":"closed","ping_status":"closed","template":"","meta":{"_acf_changed":false,"footnotes":""},"class_list":["post-1524","page","type-page","status-publish","has-post-thumbnail","hentry"],"acf":[],"yoast_head":"<!-- This site is optimized with the Yoast SEO plugin v26.7 - https:\/\/yoast.com\/wordpress\/plugins\/seo\/ -->\n<title>Restauraci\u00f3n de persianas mallorquinas en Mallorca - Tsiula<\/title>\n<meta name=\"description\" content=\"Restauramos persianas mallorquinas en Mallorca con un enfoque artesanal, respetando la est\u00e9tica original y protegiendo la madera frente al sol y la humedad.\" \/>\n<meta name=\"robots\" content=\"index, follow, max-snippet:-1, max-image-preview:large, max-video-preview:-1\" \/>\n<link rel=\"canonical\" href=\"https:\/\/tsiula.com\/es\/restauracion-artesanal-de-persianas-mallorquinas-en-mallorca\/\" \/>\n<meta property=\"og:locale\" content=\"es_ES\" \/>\n<meta property=\"og:type\" content=\"article\" \/>\n<meta property=\"og:title\" content=\"Restauraci\u00f3n de persianas mallorquinas en Mallorca - Tsiula\" \/>\n<meta property=\"og:description\" content=\"Restauramos persianas mallorquinas en Mallorca con un enfoque artesanal, respetando la est\u00e9tica original y protegiendo la madera frente al sol y la humedad.\" \/>\n<meta property=\"og:url\" content=\"https:\/\/tsiula.com\/es\/restauracion-artesanal-de-persianas-mallorquinas-en-mallorca\/\" \/>\n<meta property=\"og:site_name\" content=\"Tsiula\" \/>\n<meta property=\"article:modified_time\" content=\"2026-04-16T10:47:19+00:00\" \/>\n<meta property=\"og:image\" content=\"https:\/\/tsiula.fra1.digitaloceanspaces.com\/wp-content\/uploads\/2026\/04\/Persianas-1.webp\" \/>\n\t<meta property=\"og:image:width\" content=\"1920\" \/>\n\t<meta property=\"og:image:height\" content=\"1280\" \/>\n\t<meta property=\"og:image:type\" content=\"image\/webp\" \/>\n<meta name=\"twitter:card\" content=\"summary_large_image\" \/>\n<meta name=\"twitter:label1\" content=\"Tiempo de lectura\" \/>\n\t<meta name=\"twitter:data1\" content=\"7 minutos\" \/>\n<script type=\"application\/ld+json\" class=\"yoast-schema-graph\">{\"@context\":\"https:\/\/schema.org\",\"@graph\":[{\"@type\":\"WebPage\",\"@id\":\"https:\/\/tsiula.com\/es\/restauracion-artesanal-de-persianas-mallorquinas-en-mallorca\/\",\"url\":\"https:\/\/tsiula.com\/es\/restauracion-artesanal-de-persianas-mallorquinas-en-mallorca\/\",\"name\":\"Restauraci\u00f3n de persianas mallorquinas en Mallorca - Tsiula\",\"isPartOf\":{\"@id\":\"https:\/\/tsiula.com\/es\/#website\"},\"primaryImageOfPage\":{\"@id\":\"https:\/\/tsiula.com\/es\/restauracion-artesanal-de-persianas-mallorquinas-en-mallorca\/#primaryimage\"},\"image\":{\"@id\":\"https:\/\/tsiula.com\/es\/restauracion-artesanal-de-persianas-mallorquinas-en-mallorca\/#primaryimage\"},\"thumbnailUrl\":\"https:\/\/tsiula.fra1.digitaloceanspaces.com\/wp-content\/uploads\/2026\/04\/Persianas-1.webp\",\"datePublished\":\"2026-03-23T11:52:47+00:00\",\"dateModified\":\"2026-04-16T10:47:19+00:00\",\"description\":\"Restauramos persianas mallorquinas en Mallorca con un enfoque artesanal, respetando la est\u00e9tica original y protegiendo la madera frente al sol y la humedad.\",\"breadcrumb\":{\"@id\":\"https:\/\/tsiula.com\/es\/restauracion-artesanal-de-persianas-mallorquinas-en-mallorca\/#breadcrumb\"},\"inLanguage\":\"es\",\"potentialAction\":[{\"@type\":\"ReadAction\",\"target\":[\"https:\/\/tsiula.com\/es\/restauracion-artesanal-de-persianas-mallorquinas-en-mallorca\/\"]}]},{\"@type\":\"ImageObject\",\"inLanguage\":\"es\",\"@id\":\"https:\/\/tsiula.com\/es\/restauracion-artesanal-de-persianas-mallorquinas-en-mallorca\/#primaryimage\",\"url\":\"https:\/\/tsiula.fra1.digitaloceanspaces.com\/wp-content\/uploads\/2026\/04\/Persianas-1.webp\",\"contentUrl\":\"https:\/\/tsiula.fra1.digitaloceanspaces.com\/wp-content\/uploads\/2026\/04\/Persianas-1.webp\",\"width\":1920,\"height\":1280,\"caption\":\"Persianas mallorquinas\"},{\"@type\":\"BreadcrumbList\",\"@id\":\"https:\/\/tsiula.com\/es\/restauracion-artesanal-de-persianas-mallorquinas-en-mallorca\/#breadcrumb\",\"itemListElement\":[{\"@type\":\"ListItem\",\"position\":1,\"name\":\"Portada\",\"item\":\"https:\/\/tsiula.com\/es\/\"},{\"@type\":\"ListItem\",\"position\":2,\"name\":\"Restauraci\u00f3n artesanal de persianas mallorquinas en Mallorca\"}]},{\"@type\":\"WebSite\",\"@id\":\"https:\/\/tsiula.com\/es\/#website\",\"url\":\"https:\/\/tsiula.com\/es\/\",\"name\":\"Tsiula\",\"description\":\"\",\"publisher\":{\"@id\":\"https:\/\/tsiula.com\/es\/#organization\"},\"potentialAction\":[{\"@type\":\"SearchAction\",\"target\":{\"@type\":\"EntryPoint\",\"urlTemplate\":\"https:\/\/tsiula.com\/es\/?s={search_term_string}\"},\"query-input\":{\"@type\":\"PropertyValueSpecification\",\"valueRequired\":true,\"valueName\":\"search_term_string\"}}],\"inLanguage\":\"es\"},{\"@type\":\"Organization\",\"@id\":\"https:\/\/tsiula.com\/es\/#organization\",\"name\":\"Tsiula\",\"url\":\"https:\/\/tsiula.com\/es\/\",\"logo\":{\"@type\":\"ImageObject\",\"inLanguage\":\"es\",\"@id\":\"https:\/\/tsiula.com\/es\/#\/schema\/logo\/image\/\",\"url\":\"https:\/\/tsiula.com\/wp-content\/uploads\/2025\/07\/logo-pintures-tsiula-1.svg\",\"contentUrl\":\"https:\/\/tsiula.com\/wp-content\/uploads\/2025\/07\/logo-pintures-tsiula-1.svg\",\"width\":158,\"height\":80,\"caption\":\"Tsiula\"},\"image\":{\"@id\":\"https:\/\/tsiula.com\/es\/#\/schema\/logo\/image\/\"}}]}<\/script>\n<!-- \/ Yoast SEO plugin. -->","yoast_head_json":{"title":"Restauraci\u00f3n de persianas mallorquinas en Mallorca - Tsiula","description":"Restauramos persianas mallorquinas en Mallorca con un enfoque artesanal, respetando la est\u00e9tica original y protegiendo la madera frente al sol y la humedad.","robots":{"index":"index","follow":"follow","max-snippet":"max-snippet:-1","max-image-preview":"max-image-preview:large","max-video-preview":"max-video-preview:-1"},"canonical":"https:\/\/tsiula.com\/es\/restauracion-artesanal-de-persianas-mallorquinas-en-mallorca\/","og_locale":"es_ES","og_type":"article","og_title":"Restauraci\u00f3n de persianas mallorquinas en Mallorca - Tsiula","og_description":"Restauramos persianas mallorquinas en Mallorca con un enfoque artesanal, respetando la est\u00e9tica original y protegiendo la madera frente al sol y la humedad.","og_url":"https:\/\/tsiula.com\/es\/restauracion-artesanal-de-persianas-mallorquinas-en-mallorca\/","og_site_name":"Tsiula","article_modified_time":"2026-04-16T10:47:19+00:00","og_image":[{"width":1920,"height":1280,"url":"https:\/\/tsiula.fra1.digitaloceanspaces.com\/wp-content\/uploads\/2026\/04\/Persianas-1.webp","type":"image\/webp"}],"twitter_card":"summary_large_image","twitter_misc":{"Tiempo de lectura":"7 minutos"},"schema":{"@context":"https:\/\/schema.org","@graph":[{"@type":"WebPage","@id":"https:\/\/tsiula.com\/es\/restauracion-artesanal-de-persianas-mallorquinas-en-mallorca\/","url":"https:\/\/tsiula.com\/es\/restauracion-artesanal-de-persianas-mallorquinas-en-mallorca\/","name":"Restauraci\u00f3n de persianas mallorquinas en Mallorca - Tsiula","isPartOf":{"@id":"https:\/\/tsiula.com\/es\/#website"},"primaryImageOfPage":{"@id":"https:\/\/tsiula.com\/es\/restauracion-artesanal-de-persianas-mallorquinas-en-mallorca\/#primaryimage"},"image":{"@id":"https:\/\/tsiula.com\/es\/restauracion-artesanal-de-persianas-mallorquinas-en-mallorca\/#primaryimage"},"thumbnailUrl":"https:\/\/tsiula.fra1.digitaloceanspaces.com\/wp-content\/uploads\/2026\/04\/Persianas-1.webp","datePublished":"2026-03-23T11:52:47+00:00","dateModified":"2026-04-16T10:47:19+00:00","description":"Restauramos persianas mallorquinas en Mallorca con un enfoque artesanal, respetando la est\u00e9tica original y protegiendo la madera frente al sol y la humedad.","breadcrumb":{"@id":"https:\/\/tsiula.com\/es\/restauracion-artesanal-de-persianas-mallorquinas-en-mallorca\/#breadcrumb"},"inLanguage":"es","potentialAction":[{"@type":"ReadAction","target":["https:\/\/tsiula.com\/es\/restauracion-artesanal-de-persianas-mallorquinas-en-mallorca\/"]}]},{"@type":"ImageObject","inLanguage":"es","@id":"https:\/\/tsiula.com\/es\/restauracion-artesanal-de-persianas-mallorquinas-en-mallorca\/#primaryimage","url":"https:\/\/tsiula.fra1.digitaloceanspaces.com\/wp-content\/uploads\/2026\/04\/Persianas-1.webp","contentUrl":"https:\/\/tsiula.fra1.digitaloceanspaces.com\/wp-content\/uploads\/2026\/04\/Persianas-1.webp","width":1920,"height":1280,"caption":"Persianas mallorquinas"},{"@type":"BreadcrumbList","@id":"https:\/\/tsiula.com\/es\/restauracion-artesanal-de-persianas-mallorquinas-en-mallorca\/#breadcrumb","itemListElement":[{"@type":"ListItem","position":1,"name":"Portada","item":"https:\/\/tsiula.com\/es\/"},{"@type":"ListItem","position":2,"name":"Restauraci\u00f3n artesanal de persianas mallorquinas en Mallorca"}]},{"@type":"WebSite","@id":"https:\/\/tsiula.com\/es\/#website","url":"https:\/\/tsiula.com\/es\/","name":"Tsiula","description":"","publisher":{"@id":"https:\/\/tsiula.com\/es\/#organization"},"potentialAction":[{"@type":"SearchAction","target":{"@type":"EntryPoint","urlTemplate":"https:\/\/tsiula.com\/es\/?s={search_term_string}"},"query-input":{"@type":"PropertyValueSpecification","valueRequired":true,"valueName":"search_term_string"}}],"inLanguage":"es"},{"@type":"Organization","@id":"https:\/\/tsiula.com\/es\/#organization","name":"Tsiula","url":"https:\/\/tsiula.com\/es\/","logo":{"@type":"ImageObject","inLanguage":"es","@id":"https:\/\/tsiula.com\/es\/#\/schema\/logo\/image\/","url":"https:\/\/tsiula.com\/wp-content\/uploads\/2025\/07\/logo-pintures-tsiula-1.svg","contentUrl":"https:\/\/tsiula.com\/wp-content\/uploads\/2025\/07\/logo-pintures-tsiula-1.svg","width":158,"height":80,"caption":"Tsiula"},"image":{"@id":"https:\/\/tsiula.com\/es\/#\/schema\/logo\/image\/"}}]}},"_links":{"self":[{"href":"https:\/\/tsiula.com\/es\/wp-json\/wp\/v2\/pages\/1524","targetHints":{"allow":["GET"]}}],"collection":[{"href":"https:\/\/tsiula.com\/es\/wp-json\/wp\/v2\/pages"}],"about":[{"href":"https:\/\/tsiula.com\/es\/wp-json\/wp\/v2\/types\/page"}],"author":[{"embeddable":true,"href":"https:\/\/tsiula.com\/es\/wp-json\/wp\/v2\/users\/1"}],"replies":[{"embeddable":true,"href":"https:\/\/tsiula.com\/es\/wp-json\/wp\/v2\/comments?post=1524"}],"version-history":[{"count":95,"href":"https:\/\/tsiula.com\/es\/wp-json\/wp\/v2\/pages\/1524\/revisions"}],"predecessor-version":[{"id":1736,"href":"https:\/\/tsiula.com\/es\/wp-json\/wp\/v2\/pages\/1524\/revisions\/1736"}],"wp:featuredmedia":[{"embeddable":true,"href":"https:\/\/tsiula.com\/es\/wp-json\/wp\/v2\/media\/1737"}],"wp:attachment":[{"href":"https:\/\/tsiula.com\/es\/wp-json\/wp\/v2\/media?parent=1524"}],"curies":[{"name":"wp","href":"https:\/\/api.w.org\/{rel}","templated":true}]}}