{"id":1566,"date":"2026-03-23T13:35:54","date_gmt":"2026-03-23T12:35:54","guid":{"rendered":"https:\/\/tsiula.com\/?page_id=1566"},"modified":"2026-04-16T12:53:33","modified_gmt":"2026-04-16T10:53:33","slug":"restauracion-de-fachadas-mallorca","status":"publish","type":"page","link":"https:\/\/tsiula.com\/es\/restauracion-de-fachadas-mallorca\/","title":{"rendered":"Restauraci\u00f3n de fachadas Mallorca"},"content":{"rendered":"\t\t<div data-elementor-type=\"wp-page\" data-elementor-id=\"1566\" class=\"elementor elementor-1566\" data-elementor-post-type=\"page\">\n\t\t\t\t<div class=\"elementor-element elementor-element-fcef2c0 e-flex e-con-boxed e-con e-parent\" data-id=\"fcef2c0\" data-element_type=\"container\" data-e-type=\"container\" data-settings=\"{&quot;background_background&quot;:&quot;classic&quot;}\">\n\t\t\t\t\t<div class=\"e-con-inner\">\n\t\t<div class=\"elementor-element elementor-element-f73091a e-con-full e-flex e-con e-child\" data-id=\"f73091a\" data-element_type=\"container\" data-e-type=\"container\">\n\t\t\t\t<div class=\"elementor-element elementor-element-223cb68 elementor-widget elementor-widget-heading\" data-id=\"223cb68\" data-element_type=\"widget\" data-e-type=\"widget\" data-widget_type=\"heading.default\">\n\t\t\t\t\t<h2 class=\"elementor-heading-title elementor-size-default\">Expertos en rehabilitaci\u00f3n de fachadas en Mallorca<\/h2>\t\t\t\t<\/div>\n\t\t\t\t<div class=\"elementor-element elementor-element-39c41de elementor-widget elementor-widget-text-editor\" data-id=\"39c41de\" data-element_type=\"widget\" data-e-type=\"widget\" data-widget_type=\"text-editor.default\">\n\t\t\t\t\t\t\t\t\t<p>En Pintures Tsiula llevamos a\u00f1os dedic\u00e1ndonos a trabajos de restauraci\u00f3n y rehabilitaci\u00f3n en la isla, interviniendo en fachadas donde el acabado exterior forma parte esencial de la imagen y el valor del edificio. Nuestro equipo conoce c\u00f3mo influyen el sol, la salinidad y la humedad en cada tipo de material, y c\u00f3mo tratarlos sin alterar su car\u00e1cter original.<\/p><p>Trabajamos tanto en viviendas particulares como en fincas y propiedades situadas en zonas como Santany\u00ed o el sureste de Mallorca, donde el mantenimiento exterior no es solo una cuesti\u00f3n est\u00e9tica, sino una parte importante de la conservaci\u00f3n del inmueble.<\/p>\t\t\t\t\t\t\t\t<\/div>\n\t\t\t\t<\/div>\n\t\t<div class=\"elementor-element elementor-element-8225f25 e-con-full e-flex e-con e-child\" data-id=\"8225f25\" data-element_type=\"container\" data-e-type=\"container\">\n\t\t\t\t<div class=\"elementor-element elementor-element-78d4259 elementor-invisible elementor-widget elementor-widget-image\" data-id=\"78d4259\" data-element_type=\"widget\" data-e-type=\"widget\" data-settings=\"{&quot;_animation&quot;:&quot;fadeIn&quot;}\" data-widget_type=\"image.default\">\n\t\t\t\t\t\t\t\t\t\t\t\t\t\t\t<img fetchpriority=\"high\" decoding=\"async\" width=\"1280\" height=\"1920\" src=\"https:\/\/tsiula.fra1.digitaloceanspaces.com\/wp-content\/uploads\/2026\/04\/Fachadas-2.webp\" class=\"attachment-full size-full wp-image-1743\" alt=\"Restauraci\u00f3n de fachadas Mallorca\" srcset=\"https:\/\/tsiula.fra1.digitaloceanspaces.com\/wp-content\/uploads\/2026\/04\/Fachadas-2.webp 1280w, https:\/\/tsiula.fra1.digitaloceanspaces.com\/wp-content\/uploads\/2026\/04\/Fachadas-2-200x300.webp 200w, https:\/\/tsiula.fra1.digitaloceanspaces.com\/wp-content\/uploads\/2026\/04\/Fachadas-2-683x1024.webp 683w, https:\/\/tsiula.fra1.digitaloceanspaces.com\/wp-content\/uploads\/2026\/04\/Fachadas-2-768x1152.webp 768w, https:\/\/tsiula.fra1.digitaloceanspaces.com\/wp-content\/uploads\/2026\/04\/Fachadas-2-1024x1536.webp 1024w\" sizes=\"(max-width: 1280px) 100vw, 1280px\" \/>\t\t\t\t\t\t\t\t\t\t\t\t\t\t\t<\/div>\n\t\t\t\t<\/div>\n\t\t\t\t\t<\/div>\n\t\t\t\t<\/div>\n\t\t<div class=\"elementor-element elementor-element-e4d33c7 e-flex e-con-boxed e-con e-parent\" data-id=\"e4d33c7\" data-element_type=\"container\" data-e-type=\"container\" data-settings=\"{&quot;background_background&quot;:&quot;classic&quot;}\">\n\t\t\t\t\t<div class=\"e-con-inner\">\n\t\t<div class=\"elementor-element elementor-element-357122a e-con-full e-flex e-con e-child\" data-id=\"357122a\" data-element_type=\"container\" data-e-type=\"container\">\n\t\t\t\t<div class=\"elementor-element elementor-element-8087e89 elementor-invisible elementor-widget elementor-widget-image\" data-id=\"8087e89\" data-element_type=\"widget\" data-e-type=\"widget\" data-settings=\"{&quot;_animation&quot;:&quot;fadeIn&quot;}\" data-widget_type=\"image.default\">\n\t\t\t\t\t\t\t\t\t\t\t\t\t\t\t<img decoding=\"async\" width=\"1920\" height=\"1280\" src=\"https:\/\/tsiula.fra1.digitaloceanspaces.com\/wp-content\/uploads\/2026\/04\/Fachadas-3.webp\" class=\"attachment-full size-full wp-image-1746\" alt=\"Restauraci\u00f3n de fachadas Mallorca\" srcset=\"https:\/\/tsiula.fra1.digitaloceanspaces.com\/wp-content\/uploads\/2026\/04\/Fachadas-3.webp 1920w, https:\/\/tsiula.fra1.digitaloceanspaces.com\/wp-content\/uploads\/2026\/04\/Fachadas-3-300x200.webp 300w, https:\/\/tsiula.fra1.digitaloceanspaces.com\/wp-content\/uploads\/2026\/04\/Fachadas-3-1024x683.webp 1024w, https:\/\/tsiula.fra1.digitaloceanspaces.com\/wp-content\/uploads\/2026\/04\/Fachadas-3-768x512.webp 768w, https:\/\/tsiula.fra1.digitaloceanspaces.com\/wp-content\/uploads\/2026\/04\/Fachadas-3-1536x1024.webp 1536w\" sizes=\"(max-width: 1920px) 100vw, 1920px\" \/>\t\t\t\t\t\t\t\t\t\t\t\t\t\t\t<\/div>\n\t\t\t\t<\/div>\n\t\t<div class=\"elementor-element elementor-element-42cfa1f e-con-full e-flex e-con e-child\" data-id=\"42cfa1f\" data-element_type=\"container\" data-e-type=\"container\">\n\t\t\t\t<div class=\"elementor-element elementor-element-07e6989 elementor-widget elementor-widget-heading\" data-id=\"07e6989\" data-element_type=\"widget\" data-e-type=\"widget\" data-widget_type=\"heading.default\">\n\t\t\t\t\t<h2 class=\"elementor-heading-title elementor-size-default\">As\u00ed abordamos un proyecto de restauraci\u00f3n de fachadas en Mallorca<\/h2>\t\t\t\t<\/div>\n\t\t\t\t<div class=\"elementor-element elementor-element-fe267c8 elementor-widget elementor-widget-text-editor\" data-id=\"fe267c8\" data-element_type=\"widget\" data-e-type=\"widget\" data-widget_type=\"text-editor.default\">\n\t\t\t\t\t\t\t\t\t<p>La restauraci\u00f3n de fachadas requiere algo m\u00e1s que renovar el aspecto exterior. Implica analizar el estado real del soporte, identificar patolog\u00edas y actuar con criterio t\u00e9cnico para proteger la estructura a medio y largo plazo.<\/p><p>Cada proyecto de restauraci\u00f3n de fachadas en Mallorca comienza con una evaluaci\u00f3n detallada. No todas las fachadas presentan los mismos problemas ni necesitan la misma intervenci\u00f3n. Ajustamos el m\u00e9todo seg\u00fan el tipo de revestimiento, la antig\u00fcedad del edificio y su exposici\u00f3n clim\u00e1tica.<\/p><p>Definimos la intervenci\u00f3n combinando limpieza, reparaci\u00f3n y protecci\u00f3n, priorizando soluciones duraderas frente a actuaciones superficiales. El objetivo es reforzar la resistencia del edificio y mantener la coherencia arquitect\u00f3nica del conjunto.<\/p><p><strong>\u00a0Intervenimos con m\u00e9todo, planificaci\u00f3n y sentido constructivo.<\/strong><\/p>\t\t\t\t\t\t\t\t<\/div>\n\t\t\t\t<\/div>\n\t\t\t\t\t<\/div>\n\t\t\t\t<\/div>\n\t\t<div class=\"elementor-element elementor-element-4059114 e-flex e-con-boxed e-con e-parent\" data-id=\"4059114\" data-element_type=\"container\" data-e-type=\"container\">\n\t\t\t\t\t<div class=\"e-con-inner\">\n\t\t\t\t<div class=\"elementor-element elementor-element-90a99d5 elementor-widget elementor-widget-heading\" data-id=\"90a99d5\" data-element_type=\"widget\" data-e-type=\"widget\" data-widget_type=\"heading.default\">\n\t\t\t\t\t<h2 class=\"elementor-heading-title elementor-size-default\">\u00bfQu\u00e9 incluye nuestro servicio?<\/h2>\t\t\t\t<\/div>\n\t\t\t\t<div class=\"elementor-element elementor-element-71af25b elementor-widget__width-initial elementor-widget elementor-widget-text-editor\" data-id=\"71af25b\" data-element_type=\"widget\" data-e-type=\"widget\" data-widget_type=\"text-editor.default\">\n\t\t\t\t\t\t\t\t\t<p>Antes de comenzar, explicamos cada fase con claridad para que el propietario tenga una visi\u00f3n precisa del proceso.<\/p><p><strong>Trabajos habituales incluidos:<\/strong><\/p>\t\t\t\t\t\t\t\t<\/div>\n\t\t<div class=\"elementor-element elementor-element-87d8b52 e-con-full e-flex e-con e-child\" data-id=\"87d8b52\" data-element_type=\"container\" data-e-type=\"container\">\n\t\t\t\t<div class=\"elementor-element elementor-element-d07c486 elementor-widget elementor-widget-button\" data-id=\"d07c486\" data-element_type=\"widget\" data-e-type=\"widget\" data-widget_type=\"button.default\">\n\t\t\t\t\t\t\t\t\t\t<a class=\"elementor-button elementor-button-link elementor-size-sm\" href=\"#\">\n\t\t\t\t\t\t<span class=\"elementor-button-content-wrapper\">\n\t\t\t\t\t\t\t\t\t<span class=\"elementor-button-text\">Inspecci\u00f3n y evaluaci\u00f3n del estado de la fachada<\/span>\n\t\t\t\t\t<\/span>\n\t\t\t\t\t<\/a>\n\t\t\t\t\t\t\t\t<\/div>\n\t\t\t\t<div class=\"elementor-element elementor-element-e5f1c34 elementor-widget elementor-widget-button\" data-id=\"e5f1c34\" data-element_type=\"widget\" data-e-type=\"widget\" data-widget_type=\"button.default\">\n\t\t\t\t\t\t\t\t\t\t<a class=\"elementor-button elementor-button-link elementor-size-sm\" href=\"#\">\n\t\t\t\t\t\t<span class=\"elementor-button-content-wrapper\">\n\t\t\t\t\t\t\t\t\t<span class=\"elementor-button-text\">Limpieza de superficies exteriores<\/span>\n\t\t\t\t\t<\/span>\n\t\t\t\t\t<\/a>\n\t\t\t\t\t\t\t\t<\/div>\n\t\t\t\t<div class=\"elementor-element elementor-element-329399c elementor-widget elementor-widget-button\" data-id=\"329399c\" data-element_type=\"widget\" data-e-type=\"widget\" data-widget_type=\"button.default\">\n\t\t\t\t\t\t\t\t\t\t<a class=\"elementor-button elementor-button-link elementor-size-sm\" href=\"#\">\n\t\t\t\t\t\t<span class=\"elementor-button-content-wrapper\">\n\t\t\t\t\t\t\t\t\t<span class=\"elementor-button-text\">Reparaci\u00f3n de fisuras y zonas deterioradas<\/span>\n\t\t\t\t\t<\/span>\n\t\t\t\t\t<\/a>\n\t\t\t\t\t\t\t\t<\/div>\n\t\t\t\t<div class=\"elementor-element elementor-element-06638b7 elementor-widget elementor-widget-button\" data-id=\"06638b7\" data-element_type=\"widget\" data-e-type=\"widget\" data-widget_type=\"button.default\">\n\t\t\t\t\t\t\t\t\t\t<a class=\"elementor-button elementor-button-link elementor-size-sm\" href=\"#\">\n\t\t\t\t\t\t<span class=\"elementor-button-content-wrapper\">\n\t\t\t\t\t\t\t\t\t<span class=\"elementor-button-text\">Tratamientos protectores frente a humedad y sol<\/span>\n\t\t\t\t\t<\/span>\n\t\t\t\t\t<\/a>\n\t\t\t\t\t\t\t\t<\/div>\n\t\t\t\t<div class=\"elementor-element elementor-element-80e07c6 elementor-widget elementor-widget-button\" data-id=\"80e07c6\" data-element_type=\"widget\" data-e-type=\"widget\" data-widget_type=\"button.default\">\n\t\t\t\t\t\t\t\t\t\t<a class=\"elementor-button elementor-button-link elementor-size-sm\" href=\"#\">\n\t\t\t\t\t\t<span class=\"elementor-button-content-wrapper\">\n\t\t\t\t\t\t\t\t\t<span class=\"elementor-button-text\">Acabados finales adaptados al edificio<\/span>\n\t\t\t\t\t<\/span>\n\t\t\t\t\t<\/a>\n\t\t\t\t\t\t\t\t<\/div>\n\t\t\t\t<\/div>\n\t\t\t\t<div class=\"elementor-element elementor-element-eaa84b1 elementor-widget__width-initial elementor-widget elementor-widget-text-editor\" data-id=\"eaa84b1\" data-element_type=\"widget\" data-e-type=\"widget\" data-widget_type=\"text-editor.default\">\n\t\t\t\t\t\t\t\t\t<p>Este enfoque nos permite ofrecer una restauraci\u00f3n de fachadas en Mallorca coherente, planificada y alineada con el estado real del inmueble.<\/p>\t\t\t\t\t\t\t\t<\/div>\n\t\t\t\t\t<\/div>\n\t\t\t\t<\/div>\n\t\t<div class=\"elementor-element elementor-element-ffff713 e-flex e-con-boxed e-con e-parent\" data-id=\"ffff713\" data-element_type=\"container\" data-e-type=\"container\" data-settings=\"{&quot;background_background&quot;:&quot;classic&quot;}\">\n\t\t\t\t\t<div class=\"e-con-inner\">\n\t\t<div class=\"elementor-element elementor-element-5aeb615 e-con-full e-flex e-con e-child\" data-id=\"5aeb615\" data-element_type=\"container\" data-e-type=\"container\">\n\t\t\t\t<div class=\"elementor-element elementor-element-401527c elementor-widget elementor-widget-heading\" data-id=\"401527c\" data-element_type=\"widget\" data-e-type=\"widget\" data-widget_type=\"heading.default\">\n\t\t\t\t\t<h2 class=\"elementor-heading-title elementor-size-default\">Beneficios de restaurar la fachada frente a otras soluciones<\/h2>\t\t\t\t<\/div>\n\t\t\t\t<div class=\"elementor-element elementor-element-259c2e7 elementor-widget elementor-widget-text-editor\" data-id=\"259c2e7\" data-element_type=\"widget\" data-e-type=\"widget\" data-widget_type=\"text-editor.default\">\n\t\t\t\t\t\t\t\t\t<p>La restauraci\u00f3n no es \u00fanicamente una mejora visual. Es una actuaci\u00f3n que preserva el edificio y evita intervenciones mayores en el futuro.<\/p><p><strong>Principales beneficios:<\/strong><\/p>\t\t\t\t\t\t\t\t<\/div>\n\t\t<div class=\"elementor-element elementor-element-5642746 e-con-full e-flex e-con e-child\" data-id=\"5642746\" data-element_type=\"container\" data-e-type=\"container\">\n\t\t\t\t<div class=\"elementor-element elementor-element-bf930d6 elementor-widget elementor-widget-button\" data-id=\"bf930d6\" data-element_type=\"widget\" data-e-type=\"widget\" data-widget_type=\"button.default\">\n\t\t\t\t\t\t\t\t\t\t<a class=\"elementor-button elementor-button-link elementor-size-sm\" href=\"#\">\n\t\t\t\t\t\t<span class=\"elementor-button-content-wrapper\">\n\t\t\t\t\t\t\t\t\t<span class=\"elementor-button-text\">Mejora del aspecto exterior<\/span>\n\t\t\t\t\t<\/span>\n\t\t\t\t\t<\/a>\n\t\t\t\t\t\t\t\t<\/div>\n\t\t\t\t<div class=\"elementor-element elementor-element-20748f9 elementor-widget elementor-widget-button\" data-id=\"20748f9\" data-element_type=\"widget\" data-e-type=\"widget\" data-widget_type=\"button.default\">\n\t\t\t\t\t\t\t\t\t\t<a class=\"elementor-button elementor-button-link elementor-size-sm\" href=\"#\">\n\t\t\t\t\t\t<span class=\"elementor-button-content-wrapper\">\n\t\t\t\t\t\t\t\t\t<span class=\"elementor-button-text\">Protecci\u00f3n frente al deterioro ambiental<\/span>\n\t\t\t\t\t<\/span>\n\t\t\t\t\t<\/a>\n\t\t\t\t\t\t\t\t<\/div>\n\t\t\t\t<div class=\"elementor-element elementor-element-792f105 elementor-widget elementor-widget-button\" data-id=\"792f105\" data-element_type=\"widget\" data-e-type=\"widget\" data-widget_type=\"button.default\">\n\t\t\t\t\t\t\t\t\t\t<a class=\"elementor-button elementor-button-link elementor-size-sm\" href=\"#\">\n\t\t\t\t\t\t<span class=\"elementor-button-content-wrapper\">\n\t\t\t\t\t\t\t\t\t<span class=\"elementor-button-text\">Prevenci\u00f3n de da\u00f1os estructurales mayores<\/span>\n\t\t\t\t\t<\/span>\n\t\t\t\t\t<\/a>\n\t\t\t\t\t\t\t\t<\/div>\n\t\t\t\t<div class=\"elementor-element elementor-element-c2d04d4 elementor-widget elementor-widget-button\" data-id=\"c2d04d4\" data-element_type=\"widget\" data-e-type=\"widget\" data-widget_type=\"button.default\">\n\t\t\t\t\t\t\t\t\t\t<a class=\"elementor-button elementor-button-link elementor-size-sm\" href=\"#\">\n\t\t\t\t\t\t<span class=\"elementor-button-content-wrapper\">\n\t\t\t\t\t\t\t\t\t<span class=\"elementor-button-text\">Aumento de la durabilidad de los materiales<\/span>\n\t\t\t\t\t<\/span>\n\t\t\t\t\t<\/a>\n\t\t\t\t\t\t\t\t<\/div>\n\t\t\t\t<div class=\"elementor-element elementor-element-7756249 elementor-widget elementor-widget-button\" data-id=\"7756249\" data-element_type=\"widget\" data-e-type=\"widget\" data-widget_type=\"button.default\">\n\t\t\t\t\t\t\t\t\t\t<a class=\"elementor-button elementor-button-link elementor-size-sm\" href=\"#\">\n\t\t\t\t\t\t<span class=\"elementor-button-content-wrapper\">\n\t\t\t\t\t\t\t\t\t<span class=\"elementor-button-text\">Revalorizaci\u00f3n del inmueble<\/span>\n\t\t\t\t\t<\/span>\n\t\t\t\t\t<\/a>\n\t\t\t\t\t\t\t\t<\/div>\n\t\t\t\t<\/div>\n\t\t\t\t<div class=\"elementor-element elementor-element-d5ca0a3 elementor-widget elementor-widget-text-editor\" data-id=\"d5ca0a3\" data-element_type=\"widget\" data-e-type=\"widget\" data-widget_type=\"text-editor.default\">\n\t\t\t\t\t\t\t\t\t<p>Una intervenci\u00f3n a tiempo evita problemas futuros y contribuye a mantener la fachada en buen estado durante m\u00e1s a\u00f1os.<\/p>\t\t\t\t\t\t\t\t<\/div>\n\t\t\t\t<\/div>\n\t\t\t\t\t<\/div>\n\t\t\t\t<\/div>\n\t\t<div class=\"elementor-element elementor-element-48666f2 e-flex e-con-boxed e-con e-parent\" data-id=\"48666f2\" data-element_type=\"container\" data-e-type=\"container\" data-settings=\"{&quot;background_background&quot;:&quot;classic&quot;}\">\n\t\t\t\t\t<div class=\"e-con-inner\">\n\t\t<div class=\"elementor-element elementor-element-95483e2 e-con-full e-flex e-con e-child\" data-id=\"95483e2\" data-element_type=\"container\" data-e-type=\"container\">\n\t\t\t\t<div class=\"elementor-element elementor-element-1dd2cc2 elementor-widget elementor-widget-heading\" data-id=\"1dd2cc2\" data-element_type=\"widget\" data-e-type=\"widget\" data-widget_type=\"heading.default\">\n\t\t\t\t\t<h2 class=\"elementor-heading-title elementor-size-default\">\u00bfCu\u00e1ndo recomendamos realizar una restauraci\u00f3n de fachadas en Mallorca? <\/h2>\t\t\t\t<\/div>\n\t\t\t\t<div class=\"elementor-element elementor-element-070c08b elementor-widget elementor-widget-text-editor\" data-id=\"070c08b\" data-element_type=\"widget\" data-e-type=\"widget\" data-widget_type=\"text-editor.default\">\n\t\t\t\t\t\t\t\t\t<p>La restauraci\u00f3n de fachadas en Mallorca es aconsejable cuando aparecen fisuras, desprendimientos, p\u00e9rdida de protecci\u00f3n o signos de humedad. Tambi\u00e9n cuando el revestimiento empieza a perder cohesi\u00f3n o uniformidad debido a la exposici\u00f3n prolongada al clima.<\/p><p>En viviendas que forman parte de entornos cuidados o propiedades con cierto valor arquitect\u00f3nico, mantener la fachada en buen estado no es solo mantenimiento: es conservaci\u00f3n preventiva.<\/p>\t\t\t\t\t\t\t\t<\/div>\n\t\t\t\t<\/div>\n\t\t\t\t\t<\/div>\n\t\t\t\t<\/div>\n\t\t<div class=\"elementor-element elementor-element-9290729 e-flex e-con-boxed e-con e-parent\" data-id=\"9290729\" data-element_type=\"container\" data-e-type=\"container\" data-settings=\"{&quot;background_background&quot;:&quot;classic&quot;}\">\n\t\t\t\t\t<div class=\"e-con-inner\">\n\t\t<div class=\"elementor-element elementor-element-99779c3 e-con-full e-flex e-con e-child\" data-id=\"99779c3\" data-element_type=\"container\" data-e-type=\"container\">\n\t\t\t\t<div class=\"elementor-element elementor-element-c147913 elementor-widget elementor-widget-heading\" data-id=\"c147913\" data-element_type=\"widget\" data-e-type=\"widget\" data-widget_type=\"heading.default\">\n\t\t\t\t\t<h2 class=\"elementor-heading-title elementor-size-default\">La tranquilidad de dejar tu vivienda en buenas manos<\/h2>\t\t\t\t<\/div>\n\t\t\t\t<div class=\"elementor-element elementor-element-94462d1 elementor-widget elementor-widget-text-editor\" data-id=\"94462d1\" data-element_type=\"widget\" data-e-type=\"widget\" data-widget_type=\"text-editor.default\">\n\t\t\t\t\t\t\t\t\t<p>Quienes nos conf\u00edan la restauraci\u00f3n de su fachada buscan profesionalidad, experiencia y una ejecuci\u00f3n bien planificada. Trabajamos con orden, respeto por el entorno y atenci\u00f3n al detalle, cuidando tanto el desarrollo del proyecto como el resultado final.<\/p><p>Si buscas un servicio profesional de restauraci\u00f3n de fachadas Mallorca, la tranquilidad llega cuando sabes que el trabajo est\u00e1 bien hecho desde el principio. En <strong>Pintures Tsiula<\/strong>, estaremos encantados de ayudarte.<\/p>\t\t\t\t\t\t\t\t<\/div>\n\t\t\t\t<\/div>\n\t\t\t\t\t<\/div>\n\t\t\t\t<\/div>\n\t\t<div class=\"elementor-element elementor-element-ca14671 e-flex e-con-boxed e-con e-parent\" data-id=\"ca14671\" data-element_type=\"container\" data-e-type=\"container\">\n\t\t\t\t\t<div class=\"e-con-inner\">\n\t\t\t\t<div class=\"elementor-element elementor-element-e649022 elementor-widget elementor-widget-heading\" data-id=\"e649022\" data-element_type=\"widget\" data-e-type=\"widget\" data-widget_type=\"heading.default\">\n\t\t\t\t\t<h2 class=\"elementor-heading-title elementor-size-default\">Preguntas frecuentes sobre la restauraci\u00f3n de fachadas Mallorca <\/h2>\t\t\t\t<\/div>\n\t\t\t\t<div class=\"elementor-element elementor-element-8b32afa elementor-widget elementor-widget-n-accordion\" data-id=\"8b32afa\" data-element_type=\"widget\" data-e-type=\"widget\" data-settings=\"{&quot;default_state&quot;:&quot;all_collapsed&quot;,&quot;max_items_expended&quot;:&quot;one&quot;,&quot;n_accordion_animation_duration&quot;:{&quot;unit&quot;:&quot;ms&quot;,&quot;size&quot;:400,&quot;sizes&quot;:[]}}\" data-widget_type=\"nested-accordion.default\">\n\t\t\t\t\t\t\t<div class=\"e-n-accordion\" aria-label=\"Accordion. Open links with Enter or Space, close with Escape, and navigate with Arrow Keys\">\n\t\t\t\t\t\t<details id=\"e-n-accordion-item-1450\" class=\"e-n-accordion-item\" >\n\t\t\t\t<summary class=\"e-n-accordion-item-title\" data-accordion-index=\"1\" tabindex=\"0\" aria-expanded=\"false\" aria-controls=\"e-n-accordion-item-1450\" >\n\t\t\t\t\t<span class='e-n-accordion-item-title-header'><h3 class=\"e-n-accordion-item-title-text\"> \u00bfEs necesario pedir permisos para realizar una restauraci\u00f3n de fachadas? <\/h3><\/span>\n\t\t\t\t\t\t\t<span class='e-n-accordion-item-title-icon'>\n\t\t\t<span class='e-opened' ><svg aria-hidden=\"true\" class=\"e-font-icon-svg e-fas-angle-down\" viewBox=\"0 0 320 512\" xmlns=\"http:\/\/www.w3.org\/2000\/svg\"><path d=\"M143 352.3L7 216.3c-9.4-9.4-9.4-24.6 0-33.9l22.6-22.6c9.4-9.4 24.6-9.4 33.9 0l96.4 96.4 96.4-96.4c9.4-9.4 24.6-9.4 33.9 0l22.6 22.6c9.4 9.4 9.4 24.6 0 33.9l-136 136c-9.2 9.4-24.4 9.4-33.8 0z\"><\/path><\/svg><\/span>\n\t\t\t<span class='e-closed'><svg aria-hidden=\"true\" class=\"e-font-icon-svg e-fas-angle-right\" viewBox=\"0 0 256 512\" xmlns=\"http:\/\/www.w3.org\/2000\/svg\"><path d=\"M224.3 273l-136 136c-9.4 9.4-24.6 9.4-33.9 0l-22.6-22.6c-9.4-9.4-9.4-24.6 0-33.9l96.4-96.4-96.4-96.4c-9.4-9.4-9.4-24.6 0-33.9L54.3 103c9.4-9.4 24.6-9.4 33.9 0l136 136c9.5 9.4 9.5 24.6.1 34z\"><\/path><\/svg><\/span>\n\t\t<\/span>\n\n\t\t\t\t\t\t<\/summary>\n\t\t\t\t<div role=\"region\" aria-labelledby=\"e-n-accordion-item-1450\" class=\"elementor-element elementor-element-0283971 e-con-full e-flex e-con e-child\" data-id=\"0283971\" data-element_type=\"container\" data-e-type=\"container\">\n\t\t\t\t<div class=\"elementor-element elementor-element-936b05b elementor-widget elementor-widget-text-editor\" data-id=\"936b05b\" data-element_type=\"widget\" data-e-type=\"widget\" data-widget_type=\"text-editor.default\">\n\t\t\t\t\t\t\t\t\t<p>Depende del tipo de edificio y del alcance de la intervenci\u00f3n. En comunidades de vecinos o edificios catalogados puede ser necesario solicitar autorizaci\u00f3n municipal o el acuerdo de la comunidad. Antes de empezar, conviene revisar este punto para evitar retrasos o problemas administrativos durante la restauraci\u00f3n.<\/p>\t\t\t\t\t\t\t\t<\/div>\n\t\t\t\t<\/div>\n\t\t\t\t\t<\/details>\n\t\t\t\t\t\t<details id=\"e-n-accordion-item-1451\" class=\"e-n-accordion-item\" >\n\t\t\t\t<summary class=\"e-n-accordion-item-title\" data-accordion-index=\"2\" tabindex=\"-1\" aria-expanded=\"false\" aria-controls=\"e-n-accordion-item-1451\" >\n\t\t\t\t\t<span class='e-n-accordion-item-title-header'><h3 class=\"e-n-accordion-item-title-text\"> \u00bfLa restauraci\u00f3n de fachadas puede ayudar a mejorar el aislamiento del edificio? <\/h3><\/span>\n\t\t\t\t\t\t\t<span class='e-n-accordion-item-title-icon'>\n\t\t\t<span class='e-opened' ><svg aria-hidden=\"true\" class=\"e-font-icon-svg e-fas-angle-down\" viewBox=\"0 0 320 512\" xmlns=\"http:\/\/www.w3.org\/2000\/svg\"><path d=\"M143 352.3L7 216.3c-9.4-9.4-9.4-24.6 0-33.9l22.6-22.6c9.4-9.4 24.6-9.4 33.9 0l96.4 96.4 96.4-96.4c9.4-9.4 24.6-9.4 33.9 0l22.6 22.6c9.4 9.4 9.4 24.6 0 33.9l-136 136c-9.2 9.4-24.4 9.4-33.8 0z\"><\/path><\/svg><\/span>\n\t\t\t<span class='e-closed'><svg aria-hidden=\"true\" class=\"e-font-icon-svg e-fas-angle-right\" viewBox=\"0 0 256 512\" xmlns=\"http:\/\/www.w3.org\/2000\/svg\"><path d=\"M224.3 273l-136 136c-9.4 9.4-24.6 9.4-33.9 0l-22.6-22.6c-9.4-9.4-9.4-24.6 0-33.9l96.4-96.4-96.4-96.4c-9.4-9.4-9.4-24.6 0-33.9L54.3 103c9.4-9.4 24.6-9.4 33.9 0l136 136c9.5 9.4 9.5 24.6.1 34z\"><\/path><\/svg><\/span>\n\t\t<\/span>\n\n\t\t\t\t\t\t<\/summary>\n\t\t\t\t<div role=\"region\" aria-labelledby=\"e-n-accordion-item-1451\" class=\"elementor-element elementor-element-32ef553 e-con-full e-flex e-con e-child\" data-id=\"32ef553\" data-element_type=\"container\" data-e-type=\"container\">\n\t\t\t\t<div class=\"elementor-element elementor-element-3bb8479 elementor-widget elementor-widget-text-editor\" data-id=\"3bb8479\" data-element_type=\"widget\" data-e-type=\"widget\" data-widget_type=\"text-editor.default\">\n\t\t\t\t\t\t\t\t\t<p>En algunos casos, s\u00ed. Aunque no sustituye a un sistema de aislamiento espec\u00edfico, una restauraci\u00f3n de fachadas bien planteada puede reducir filtraciones de aire y humedad, mejorando el confort interior. Todo depende del estado previo del soporte y de los tratamientos aplicados.<\/p>\t\t\t\t\t\t\t\t<\/div>\n\t\t\t\t<\/div>\n\t\t\t\t\t<\/details>\n\t\t\t\t\t\t<details id=\"e-n-accordion-item-1452\" class=\"e-n-accordion-item\" >\n\t\t\t\t<summary class=\"e-n-accordion-item-title\" data-accordion-index=\"3\" tabindex=\"-1\" aria-expanded=\"false\" aria-controls=\"e-n-accordion-item-1452\" >\n\t\t\t\t\t<span class='e-n-accordion-item-title-header'><h3 class=\"e-n-accordion-item-title-text\"> \u00bfQu\u00e9 \u00e9poca del a\u00f1o es m\u00e1s adecuada para restaurar una fachada en Mallorca? <\/h3><\/span>\n\t\t\t\t\t\t\t<span class='e-n-accordion-item-title-icon'>\n\t\t\t<span class='e-opened' ><svg aria-hidden=\"true\" class=\"e-font-icon-svg e-fas-angle-down\" viewBox=\"0 0 320 512\" xmlns=\"http:\/\/www.w3.org\/2000\/svg\"><path d=\"M143 352.3L7 216.3c-9.4-9.4-9.4-24.6 0-33.9l22.6-22.6c9.4-9.4 24.6-9.4 33.9 0l96.4 96.4 96.4-96.4c9.4-9.4 24.6-9.4 33.9 0l22.6 22.6c9.4 9.4 9.4 24.6 0 33.9l-136 136c-9.2 9.4-24.4 9.4-33.8 0z\"><\/path><\/svg><\/span>\n\t\t\t<span class='e-closed'><svg aria-hidden=\"true\" class=\"e-font-icon-svg e-fas-angle-right\" viewBox=\"0 0 256 512\" xmlns=\"http:\/\/www.w3.org\/2000\/svg\"><path d=\"M224.3 273l-136 136c-9.4 9.4-24.6 9.4-33.9 0l-22.6-22.6c-9.4-9.4-9.4-24.6 0-33.9l96.4-96.4-96.4-96.4c-9.4-9.4-9.4-24.6 0-33.9L54.3 103c9.4-9.4 24.6-9.4 33.9 0l136 136c9.5 9.4 9.5 24.6.1 34z\"><\/path><\/svg><\/span>\n\t\t<\/span>\n\n\t\t\t\t\t\t<\/summary>\n\t\t\t\t<div role=\"region\" aria-labelledby=\"e-n-accordion-item-1452\" class=\"elementor-element elementor-element-071185f e-con-full e-flex e-con e-child\" data-id=\"071185f\" data-element_type=\"container\" data-e-type=\"container\">\n\t\t\t\t<div class=\"elementor-element elementor-element-22f01f6 elementor-widget elementor-widget-text-editor\" data-id=\"22f01f6\" data-element_type=\"widget\" data-e-type=\"widget\" data-widget_type=\"text-editor.default\">\n\t\t\t\t\t\t\t\t\t<p>Las condiciones clim\u00e1ticas influyen mucho en este tipo de trabajos. En Mallorca, los periodos con menor humedad ambiental y temperaturas moderadas suelen ser los m\u00e1s adecuados, ya que favorecen un correcto secado y una mejor adherencia de los materiales.<\/p>\t\t\t\t\t\t\t\t<\/div>\n\t\t\t\t<\/div>\n\t\t\t\t\t<\/details>\n\t\t\t\t\t\t<details id=\"e-n-accordion-item-1453\" class=\"e-n-accordion-item\" >\n\t\t\t\t<summary class=\"e-n-accordion-item-title\" data-accordion-index=\"4\" tabindex=\"-1\" aria-expanded=\"false\" aria-controls=\"e-n-accordion-item-1453\" >\n\t\t\t\t\t<span class='e-n-accordion-item-title-header'><h3 class=\"e-n-accordion-item-title-text\"> \u00bfC\u00f3mo afecta la orientaci\u00f3n del edificio al estado de la fachada? <\/h3><\/span>\n\t\t\t\t\t\t\t<span class='e-n-accordion-item-title-icon'>\n\t\t\t<span class='e-opened' ><svg aria-hidden=\"true\" class=\"e-font-icon-svg e-fas-angle-down\" viewBox=\"0 0 320 512\" xmlns=\"http:\/\/www.w3.org\/2000\/svg\"><path d=\"M143 352.3L7 216.3c-9.4-9.4-9.4-24.6 0-33.9l22.6-22.6c9.4-9.4 24.6-9.4 33.9 0l96.4 96.4 96.4-96.4c9.4-9.4 24.6-9.4 33.9 0l22.6 22.6c9.4 9.4 9.4 24.6 0 33.9l-136 136c-9.2 9.4-24.4 9.4-33.8 0z\"><\/path><\/svg><\/span>\n\t\t\t<span class='e-closed'><svg aria-hidden=\"true\" class=\"e-font-icon-svg e-fas-angle-right\" viewBox=\"0 0 256 512\" xmlns=\"http:\/\/www.w3.org\/2000\/svg\"><path d=\"M224.3 273l-136 136c-9.4 9.4-24.6 9.4-33.9 0l-22.6-22.6c-9.4-9.4-9.4-24.6 0-33.9l96.4-96.4-96.4-96.4c-9.4-9.4-9.4-24.6 0-33.9L54.3 103c9.4-9.4 24.6-9.4 33.9 0l136 136c9.5 9.4 9.5 24.6.1 34z\"><\/path><\/svg><\/span>\n\t\t<\/span>\n\n\t\t\t\t\t\t<\/summary>\n\t\t\t\t<div role=\"region\" aria-labelledby=\"e-n-accordion-item-1453\" class=\"elementor-element elementor-element-5a8a4f8 e-flex e-con-boxed e-con e-child\" data-id=\"5a8a4f8\" data-element_type=\"container\" data-e-type=\"container\">\n\t\t\t\t\t<div class=\"e-con-inner\">\n\t\t\t\t<div class=\"elementor-element elementor-element-a5703e9 elementor-widget elementor-widget-text-editor\" data-id=\"a5703e9\" data-element_type=\"widget\" data-e-type=\"widget\" data-widget_type=\"text-editor.default\">\n\t\t\t\t\t\t\t\t\t<p>La orientaci\u00f3n es un factor clave. Las fachadas m\u00e1s expuestas al sol o al viento suelen sufrir un desgaste distinto a las que est\u00e1n m\u00e1s protegidas. Por eso, a la hora de realizar una restauraci\u00f3n de fachadas en Mallorca se tiene en cuenta este aspecto para elegir los tratamientos m\u00e1s adecuados en cada zona del edificio.<\/p>\t\t\t\t\t\t\t\t<\/div>\n\t\t\t\t\t<\/div>\n\t\t\t\t<\/div>\n\t\t\t\t\t<\/details>\n\t\t\t\t\t\t<details id=\"e-n-accordion-item-1454\" class=\"e-n-accordion-item\" >\n\t\t\t\t<summary class=\"e-n-accordion-item-title\" data-accordion-index=\"5\" tabindex=\"-1\" aria-expanded=\"false\" aria-controls=\"e-n-accordion-item-1454\" >\n\t\t\t\t\t<span class='e-n-accordion-item-title-header'><h3 class=\"e-n-accordion-item-title-text\"> \u00bfQu\u00e9 mantenimiento necesita una fachada tras su restauraci\u00f3n? <\/h3><\/span>\n\t\t\t\t\t\t\t<span class='e-n-accordion-item-title-icon'>\n\t\t\t<span class='e-opened' ><svg aria-hidden=\"true\" class=\"e-font-icon-svg e-fas-angle-down\" viewBox=\"0 0 320 512\" xmlns=\"http:\/\/www.w3.org\/2000\/svg\"><path d=\"M143 352.3L7 216.3c-9.4-9.4-9.4-24.6 0-33.9l22.6-22.6c9.4-9.4 24.6-9.4 33.9 0l96.4 96.4 96.4-96.4c9.4-9.4 24.6-9.4 33.9 0l22.6 22.6c9.4 9.4 9.4 24.6 0 33.9l-136 136c-9.2 9.4-24.4 9.4-33.8 0z\"><\/path><\/svg><\/span>\n\t\t\t<span class='e-closed'><svg aria-hidden=\"true\" class=\"e-font-icon-svg e-fas-angle-right\" viewBox=\"0 0 256 512\" xmlns=\"http:\/\/www.w3.org\/2000\/svg\"><path d=\"M224.3 273l-136 136c-9.4 9.4-24.6 9.4-33.9 0l-22.6-22.6c-9.4-9.4-9.4-24.6 0-33.9l96.4-96.4-96.4-96.4c-9.4-9.4-9.4-24.6 0-33.9L54.3 103c9.4-9.4 24.6-9.4 33.9 0l136 136c9.5 9.4 9.5 24.6.1 34z\"><\/path><\/svg><\/span>\n\t\t<\/span>\n\n\t\t\t\t\t\t<\/summary>\n\t\t\t\t<div role=\"region\" aria-labelledby=\"e-n-accordion-item-1454\" class=\"elementor-element elementor-element-0fa27e9 e-flex e-con-boxed e-con e-child\" data-id=\"0fa27e9\" data-element_type=\"container\" data-e-type=\"container\">\n\t\t\t\t\t<div class=\"e-con-inner\">\n\t\t\t\t<div class=\"elementor-element elementor-element-87def9c elementor-widget elementor-widget-text-editor\" data-id=\"87def9c\" data-element_type=\"widget\" data-e-type=\"widget\" data-widget_type=\"text-editor.default\">\n\t\t\t\t\t\t\t\t\t<p>Una vez restaurada, la fachada no requiere un mantenimiento complejo, pero s\u00ed revisiones peri\u00f3dicas. Comprobar el estado del revestimiento, limpiar suciedad acumulada y actuar ante peque\u00f1os signos de desgaste ayuda a prolongar los resultados de la restauraci\u00f3n durante m\u00e1s tiempo.<\/p>\t\t\t\t\t\t\t\t<\/div>\n\t\t\t\t\t<\/div>\n\t\t\t\t<\/div>\n\t\t\t\t\t<\/details>\n\t\t\t\t\t\t<details id=\"e-n-accordion-item-1455\" class=\"e-n-accordion-item\" >\n\t\t\t\t<summary class=\"e-n-accordion-item-title\" data-accordion-index=\"6\" tabindex=\"-1\" aria-expanded=\"false\" aria-controls=\"e-n-accordion-item-1455\" >\n\t\t\t\t\t<span class='e-n-accordion-item-title-header'><h3 class=\"e-n-accordion-item-title-text\"> \u00bfUn trabajo de restauraci\u00f3n de fachadas en Mallorca puede aumentar el valor del inmueble? <\/h3><\/span>\n\t\t\t\t\t\t\t<span class='e-n-accordion-item-title-icon'>\n\t\t\t<span class='e-opened' ><svg aria-hidden=\"true\" class=\"e-font-icon-svg e-fas-angle-down\" viewBox=\"0 0 320 512\" xmlns=\"http:\/\/www.w3.org\/2000\/svg\"><path d=\"M143 352.3L7 216.3c-9.4-9.4-9.4-24.6 0-33.9l22.6-22.6c9.4-9.4 24.6-9.4 33.9 0l96.4 96.4 96.4-96.4c9.4-9.4 24.6-9.4 33.9 0l22.6 22.6c9.4 9.4 9.4 24.6 0 33.9l-136 136c-9.2 9.4-24.4 9.4-33.8 0z\"><\/path><\/svg><\/span>\n\t\t\t<span class='e-closed'><svg aria-hidden=\"true\" class=\"e-font-icon-svg e-fas-angle-right\" viewBox=\"0 0 256 512\" xmlns=\"http:\/\/www.w3.org\/2000\/svg\"><path d=\"M224.3 273l-136 136c-9.4 9.4-24.6 9.4-33.9 0l-22.6-22.6c-9.4-9.4-9.4-24.6 0-33.9l96.4-96.4-96.4-96.4c-9.4-9.4-9.4-24.6 0-33.9L54.3 103c9.4-9.4 24.6-9.4 33.9 0l136 136c9.5 9.4 9.5 24.6.1 34z\"><\/path><\/svg><\/span>\n\t\t<\/span>\n\n\t\t\t\t\t\t<\/summary>\n\t\t\t\t<div role=\"region\" aria-labelledby=\"e-n-accordion-item-1455\" class=\"elementor-element elementor-element-243192a e-flex e-con-boxed e-con e-child\" data-id=\"243192a\" data-element_type=\"container\" data-e-type=\"container\">\n\t\t\t\t\t<div class=\"e-con-inner\">\n\t\t\t\t<div class=\"elementor-element elementor-element-079c4ed elementor-widget elementor-widget-text-editor\" data-id=\"079c4ed\" data-element_type=\"widget\" data-e-type=\"widget\" data-widget_type=\"text-editor.default\">\n\t\t\t\t\t\t\t\t\t<p>S\u00ed. Una fachada correctamente restaurada mejora la percepci\u00f3n del edificio y transmite mantenimiento y solidez. En viviendas particulares, fincas o propiedades situadas en zonas consolidadas de la isla, una intervenci\u00f3n t\u00e9cnica bien ejecutada puede influir directamente en la revalorizaci\u00f3n del inmueble y en su atractivo a largo plazo.<\/p>\t\t\t\t\t\t\t\t<\/div>\n\t\t\t\t\t<\/div>\n\t\t\t\t<\/div>\n\t\t\t\t\t<\/details>\n\t\t\t\t\t<\/div>\n\t\t\t\t\t\t<\/div>\n\t\t\t\t\t<\/div>\n\t\t\t\t<\/div>\n\t\t\t\t<\/div>\n\t\t","protected":false},"excerpt":{"rendered":"<p>Expertos en rehabilitaci\u00f3n de fachadas en Mallorca En Pintures Tsiula llevamos a\u00f1os dedic\u00e1ndonos a trabajos de restauraci\u00f3n y rehabilitaci\u00f3n en la isla, interviniendo en fachadas donde el acabado exterior forma parte esencial de la imagen y el valor del edificio. Nuestro equipo conoce c\u00f3mo influyen el sol, la salinidad y la humedad en cada tipo [&hellip;]<\/p>\n","protected":false},"author":1,"featured_media":1740,"parent":0,"menu_order":0,"comment_status":"closed","ping_status":"closed","template":"","meta":{"_acf_changed":false,"footnotes":""},"class_list":["post-1566","page","type-page","status-publish","has-post-thumbnail","hentry"],"acf":[],"yoast_head":"<!-- This site is optimized with the Yoast SEO plugin v26.7 - https:\/\/yoast.com\/wordpress\/plugins\/seo\/ -->\n<title>Restauraci\u00f3n de fachadas en Mallorca - Tsiula<\/title>\n<meta name=\"description\" content=\"Especialistas en restauraci\u00f3n de fachadas en Mallorca. Evaluamos, reparamos y protegemos el exterior del inmueble con acabados duraderos y coherentes.\" \/>\n<meta name=\"robots\" content=\"index, follow, max-snippet:-1, max-image-preview:large, max-video-preview:-1\" \/>\n<link rel=\"canonical\" href=\"https:\/\/tsiula.com\/es\/restauracion-de-fachadas-mallorca\/\" \/>\n<meta property=\"og:locale\" content=\"es_ES\" \/>\n<meta property=\"og:type\" content=\"article\" \/>\n<meta property=\"og:title\" content=\"Restauraci\u00f3n de fachadas en Mallorca - Tsiula\" \/>\n<meta property=\"og:description\" content=\"Especialistas en restauraci\u00f3n de fachadas en Mallorca. Evaluamos, reparamos y protegemos el exterior del inmueble con acabados duraderos y coherentes.\" \/>\n<meta property=\"og:url\" content=\"https:\/\/tsiula.com\/es\/restauracion-de-fachadas-mallorca\/\" \/>\n<meta property=\"og:site_name\" content=\"Tsiula\" \/>\n<meta property=\"article:modified_time\" content=\"2026-04-16T10:53:33+00:00\" \/>\n<meta property=\"og:image\" content=\"https:\/\/tsiula.fra1.digitaloceanspaces.com\/wp-content\/uploads\/2026\/04\/Fachadas.webp\" \/>\n\t<meta property=\"og:image:width\" content=\"1920\" \/>\n\t<meta property=\"og:image:height\" content=\"1280\" \/>\n\t<meta property=\"og:image:type\" content=\"image\/webp\" \/>\n<meta name=\"twitter:card\" content=\"summary_large_image\" \/>\n<meta name=\"twitter:label1\" content=\"Tiempo de lectura\" \/>\n\t<meta name=\"twitter:data1\" content=\"6 minutos\" \/>\n<script type=\"application\/ld+json\" class=\"yoast-schema-graph\">{\"@context\":\"https:\/\/schema.org\",\"@graph\":[{\"@type\":\"WebPage\",\"@id\":\"https:\/\/tsiula.com\/es\/restauracion-de-fachadas-mallorca\/\",\"url\":\"https:\/\/tsiula.com\/es\/restauracion-de-fachadas-mallorca\/\",\"name\":\"Restauraci\u00f3n de fachadas en Mallorca - Tsiula\",\"isPartOf\":{\"@id\":\"https:\/\/tsiula.com\/es\/#website\"},\"primaryImageOfPage\":{\"@id\":\"https:\/\/tsiula.com\/es\/restauracion-de-fachadas-mallorca\/#primaryimage\"},\"image\":{\"@id\":\"https:\/\/tsiula.com\/es\/restauracion-de-fachadas-mallorca\/#primaryimage\"},\"thumbnailUrl\":\"https:\/\/tsiula.fra1.digitaloceanspaces.com\/wp-content\/uploads\/2026\/04\/Fachadas.webp\",\"datePublished\":\"2026-03-23T12:35:54+00:00\",\"dateModified\":\"2026-04-16T10:53:33+00:00\",\"description\":\"Especialistas en restauraci\u00f3n de fachadas en Mallorca. Evaluamos, reparamos y protegemos el exterior del inmueble con acabados duraderos y coherentes.\",\"breadcrumb\":{\"@id\":\"https:\/\/tsiula.com\/es\/restauracion-de-fachadas-mallorca\/#breadcrumb\"},\"inLanguage\":\"es\",\"potentialAction\":[{\"@type\":\"ReadAction\",\"target\":[\"https:\/\/tsiula.com\/es\/restauracion-de-fachadas-mallorca\/\"]}]},{\"@type\":\"ImageObject\",\"inLanguage\":\"es\",\"@id\":\"https:\/\/tsiula.com\/es\/restauracion-de-fachadas-mallorca\/#primaryimage\",\"url\":\"https:\/\/tsiula.fra1.digitaloceanspaces.com\/wp-content\/uploads\/2026\/04\/Fachadas.webp\",\"contentUrl\":\"https:\/\/tsiula.fra1.digitaloceanspaces.com\/wp-content\/uploads\/2026\/04\/Fachadas.webp\",\"width\":1920,\"height\":1280,\"caption\":\"Restauraci\u00f3n de fachadas Mallorca\"},{\"@type\":\"BreadcrumbList\",\"@id\":\"https:\/\/tsiula.com\/es\/restauracion-de-fachadas-mallorca\/#breadcrumb\",\"itemListElement\":[{\"@type\":\"ListItem\",\"position\":1,\"name\":\"Portada\",\"item\":\"https:\/\/tsiula.com\/es\/\"},{\"@type\":\"ListItem\",\"position\":2,\"name\":\"Restauraci\u00f3n de fachadas Mallorca\"}]},{\"@type\":\"WebSite\",\"@id\":\"https:\/\/tsiula.com\/es\/#website\",\"url\":\"https:\/\/tsiula.com\/es\/\",\"name\":\"Tsiula\",\"description\":\"\",\"publisher\":{\"@id\":\"https:\/\/tsiula.com\/es\/#organization\"},\"potentialAction\":[{\"@type\":\"SearchAction\",\"target\":{\"@type\":\"EntryPoint\",\"urlTemplate\":\"https:\/\/tsiula.com\/es\/?s={search_term_string}\"},\"query-input\":{\"@type\":\"PropertyValueSpecification\",\"valueRequired\":true,\"valueName\":\"search_term_string\"}}],\"inLanguage\":\"es\"},{\"@type\":\"Organization\",\"@id\":\"https:\/\/tsiula.com\/es\/#organization\",\"name\":\"Tsiula\",\"url\":\"https:\/\/tsiula.com\/es\/\",\"logo\":{\"@type\":\"ImageObject\",\"inLanguage\":\"es\",\"@id\":\"https:\/\/tsiula.com\/es\/#\/schema\/logo\/image\/\",\"url\":\"https:\/\/tsiula.com\/wp-content\/uploads\/2025\/07\/logo-pintures-tsiula-1.svg\",\"contentUrl\":\"https:\/\/tsiula.com\/wp-content\/uploads\/2025\/07\/logo-pintures-tsiula-1.svg\",\"width\":158,\"height\":80,\"caption\":\"Tsiula\"},\"image\":{\"@id\":\"https:\/\/tsiula.com\/es\/#\/schema\/logo\/image\/\"}}]}<\/script>\n<!-- \/ Yoast SEO plugin. -->","yoast_head_json":{"title":"Restauraci\u00f3n de fachadas en Mallorca - Tsiula","description":"Especialistas en restauraci\u00f3n de fachadas en Mallorca. Evaluamos, reparamos y protegemos el exterior del inmueble con acabados duraderos y coherentes.","robots":{"index":"index","follow":"follow","max-snippet":"max-snippet:-1","max-image-preview":"max-image-preview:large","max-video-preview":"max-video-preview:-1"},"canonical":"https:\/\/tsiula.com\/es\/restauracion-de-fachadas-mallorca\/","og_locale":"es_ES","og_type":"article","og_title":"Restauraci\u00f3n de fachadas en Mallorca - Tsiula","og_description":"Especialistas en restauraci\u00f3n de fachadas en Mallorca. Evaluamos, reparamos y protegemos el exterior del inmueble con acabados duraderos y coherentes.","og_url":"https:\/\/tsiula.com\/es\/restauracion-de-fachadas-mallorca\/","og_site_name":"Tsiula","article_modified_time":"2026-04-16T10:53:33+00:00","og_image":[{"width":1920,"height":1280,"url":"https:\/\/tsiula.fra1.digitaloceanspaces.com\/wp-content\/uploads\/2026\/04\/Fachadas.webp","type":"image\/webp"}],"twitter_card":"summary_large_image","twitter_misc":{"Tiempo de lectura":"6 minutos"},"schema":{"@context":"https:\/\/schema.org","@graph":[{"@type":"WebPage","@id":"https:\/\/tsiula.com\/es\/restauracion-de-fachadas-mallorca\/","url":"https:\/\/tsiula.com\/es\/restauracion-de-fachadas-mallorca\/","name":"Restauraci\u00f3n de fachadas en Mallorca - Tsiula","isPartOf":{"@id":"https:\/\/tsiula.com\/es\/#website"},"primaryImageOfPage":{"@id":"https:\/\/tsiula.com\/es\/restauracion-de-fachadas-mallorca\/#primaryimage"},"image":{"@id":"https:\/\/tsiula.com\/es\/restauracion-de-fachadas-mallorca\/#primaryimage"},"thumbnailUrl":"https:\/\/tsiula.fra1.digitaloceanspaces.com\/wp-content\/uploads\/2026\/04\/Fachadas.webp","datePublished":"2026-03-23T12:35:54+00:00","dateModified":"2026-04-16T10:53:33+00:00","description":"Especialistas en restauraci\u00f3n de fachadas en Mallorca. Evaluamos, reparamos y protegemos el exterior del inmueble con acabados duraderos y coherentes.","breadcrumb":{"@id":"https:\/\/tsiula.com\/es\/restauracion-de-fachadas-mallorca\/#breadcrumb"},"inLanguage":"es","potentialAction":[{"@type":"ReadAction","target":["https:\/\/tsiula.com\/es\/restauracion-de-fachadas-mallorca\/"]}]},{"@type":"ImageObject","inLanguage":"es","@id":"https:\/\/tsiula.com\/es\/restauracion-de-fachadas-mallorca\/#primaryimage","url":"https:\/\/tsiula.fra1.digitaloceanspaces.com\/wp-content\/uploads\/2026\/04\/Fachadas.webp","contentUrl":"https:\/\/tsiula.fra1.digitaloceanspaces.com\/wp-content\/uploads\/2026\/04\/Fachadas.webp","width":1920,"height":1280,"caption":"Restauraci\u00f3n de fachadas Mallorca"},{"@type":"BreadcrumbList","@id":"https:\/\/tsiula.com\/es\/restauracion-de-fachadas-mallorca\/#breadcrumb","itemListElement":[{"@type":"ListItem","position":1,"name":"Portada","item":"https:\/\/tsiula.com\/es\/"},{"@type":"ListItem","position":2,"name":"Restauraci\u00f3n de fachadas Mallorca"}]},{"@type":"WebSite","@id":"https:\/\/tsiula.com\/es\/#website","url":"https:\/\/tsiula.com\/es\/","name":"Tsiula","description":"","publisher":{"@id":"https:\/\/tsiula.com\/es\/#organization"},"potentialAction":[{"@type":"SearchAction","target":{"@type":"EntryPoint","urlTemplate":"https:\/\/tsiula.com\/es\/?s={search_term_string}"},"query-input":{"@type":"PropertyValueSpecification","valueRequired":true,"valueName":"search_term_string"}}],"inLanguage":"es"},{"@type":"Organization","@id":"https:\/\/tsiula.com\/es\/#organization","name":"Tsiula","url":"https:\/\/tsiula.com\/es\/","logo":{"@type":"ImageObject","inLanguage":"es","@id":"https:\/\/tsiula.com\/es\/#\/schema\/logo\/image\/","url":"https:\/\/tsiula.com\/wp-content\/uploads\/2025\/07\/logo-pintures-tsiula-1.svg","contentUrl":"https:\/\/tsiula.com\/wp-content\/uploads\/2025\/07\/logo-pintures-tsiula-1.svg","width":158,"height":80,"caption":"Tsiula"},"image":{"@id":"https:\/\/tsiula.com\/es\/#\/schema\/logo\/image\/"}}]}},"_links":{"self":[{"href":"https:\/\/tsiula.com\/es\/wp-json\/wp\/v2\/pages\/1566","targetHints":{"allow":["GET"]}}],"collection":[{"href":"https:\/\/tsiula.com\/es\/wp-json\/wp\/v2\/pages"}],"about":[{"href":"https:\/\/tsiula.com\/es\/wp-json\/wp\/v2\/types\/page"}],"author":[{"embeddable":true,"href":"https:\/\/tsiula.com\/es\/wp-json\/wp\/v2\/users\/1"}],"replies":[{"embeddable":true,"href":"https:\/\/tsiula.com\/es\/wp-json\/wp\/v2\/comments?post=1566"}],"version-history":[{"count":28,"href":"https:\/\/tsiula.com\/es\/wp-json\/wp\/v2\/pages\/1566\/revisions"}],"predecessor-version":[{"id":1751,"href":"https:\/\/tsiula.com\/es\/wp-json\/wp\/v2\/pages\/1566\/revisions\/1751"}],"wp:featuredmedia":[{"embeddable":true,"href":"https:\/\/tsiula.com\/es\/wp-json\/wp\/v2\/media\/1740"}],"wp:attachment":[{"href":"https:\/\/tsiula.com\/es\/wp-json\/wp\/v2\/media?parent=1566"}],"curies":[{"name":"wp","href":"https:\/\/api.w.org\/{rel}","templated":true}]}}